{"id":3525,"date":"2020-11-03T16:56:39","date_gmt":"2020-11-03T14:56:39","guid":{"rendered":"https:\/\/lean.org.hu\/?page_id=3525"},"modified":"2026-03-13T14:03:31","modified_gmt":"2026-03-13T13:03:31","slug":"lean-practitioner-program-lpp","status":"publish","type":"page","link":"https:\/\/lean.org.hu\/en\/lpp","title":{"rendered":"Lean Practitioner Program (LPP)"},"content":{"rendered":"<h2 class=\"wp-block-heading\" id=\"projektalapu-gyakorlati-lean-program-nemzetkozi-tanusitassal\"><strong>Project-based practical lean program with international certificate<\/strong><\/h2>\n\n\n\n<figure class=\"wp-block-image size-full\"><img fetchpriority=\"high\" decoding=\"async\" width=\"1000\" height=\"387\" src=\"https:\/\/lean.org.hu\/wp-content\/uploads\/2020\/11\/Cover.jpg\" alt=\"Projektalap\u00fa gyakorlati lean k\u00e9pz\u00e9s\" class=\"wp-image-3535\" srcset=\"https:\/\/lean.org.hu\/wp-content\/uploads\/2020\/11\/Cover.jpg 1000w, https:\/\/lean.org.hu\/wp-content\/uploads\/2020\/11\/Cover-200x77.jpg 200w, https:\/\/lean.org.hu\/wp-content\/uploads\/2020\/11\/Cover-300x116.jpg 300w, https:\/\/lean.org.hu\/wp-content\/uploads\/2020\/11\/Cover-768x297.jpg 768w, https:\/\/lean.org.hu\/wp-content\/uploads\/2020\/11\/Cover-16x6.jpg 16w\" sizes=\"(max-width: 1000px) 100vw, 1000px\" \/><\/figure>\n\n\n\n<div style=\"height:20px\" aria-hidden=\"true\" class=\"wp-block-spacer\"><\/div>\n\n\n\n<h2 class=\"wp-block-heading has-text-align-center\" id=\"elakadtal-a-lean-szemlelet-gyakorlati-alkalmazasaban\"><strong>Do you feel stuck you when you try to apply lean thinking in practice?<\/strong><\/h2>\n\n\n\n<div class=\"wp-block-columns is-layout-flex wp-container-core-columns-is-layout-9d6595d7 wp-block-columns-is-layout-flex\">\n<div class=\"wp-block-column is-layout-flow wp-block-column-is-layout-flow\" style=\"flex-basis:25%\"><div class=\"wp-block-image is-resized\">\n<figure class=\"aligncenter size-full\"><img decoding=\"async\" width=\"300\" height=\"300\" src=\"https:\/\/lean.org.hu\/wp-content\/uploads\/2020\/10\/stop.jpg\" alt=\"Stop\" class=\"wp-image-3423\" srcset=\"https:\/\/lean.org.hu\/wp-content\/uploads\/2020\/10\/stop.jpg 300w, https:\/\/lean.org.hu\/wp-content\/uploads\/2020\/10\/stop-200x200.jpg 200w, https:\/\/lean.org.hu\/wp-content\/uploads\/2020\/10\/stop-100x100.jpg 100w, https:\/\/lean.org.hu\/wp-content\/uploads\/2020\/10\/stop-150x150.jpg 150w\" sizes=\"(max-width: 300px) 100vw, 300px\" \/><\/figure><\/div><\/div>\n\n\n\n<div class=\"wp-block-column is-layout-flow wp-block-column-is-layout-flow\" style=\"flex-basis:75%\">\n<ul class=\"wp-block-list\">\n<li>You know a lot in theory, you have been to a lean training, you have read lean books, but you have never put into practice what you learned? <strong>You don\u2019t know how to start?<\/strong><\/li>\n\n\n\n<li>You have been to several lean trainings, but they only <strong>confused<\/strong>you, maybe even contained contradicting information? Do you want<strong> clarity?<\/strong><\/li>\n\n\n\n<li class=\"translation-block\">You have already heard about lean thinking, but you don\u2019t exactly know what it is? You would like to start from scratch and <strong> build comprehensive practical knowledge<\/strong> that you can then <strong>apply to any technology? <\/strong><\/li>\n\n\n\n<li>d\u00f6c\u00f6gnek a probl\u00e9mamegold\u00f3 folyamataitok? <strong>Visszat\u00e9rnek<\/strong> a &#8222;megoldott&#8221; probl\u00e9m\u00e1k?<\/li>\n\n\n\n<li class=\"translation-block\">You have been using lean principles for a while but you got stuck in the process and you <strong>need help from an experienced mentor?<\/strong><\/li>\n<\/ul>\n<\/div>\n<\/div>\n\n\n\n<h2 class=\"wp-block-heading has-text-align-center translation-block\" id=\"2-in-1-lean-kepzes-es-vallalati-problemamegoldas-egyben\"><strong>2 in 1<\/strong> \u2013 Lean training and corporate problem solving in one<\/h2>\n\n\n\n<div class=\"wp-block-columns is-layout-flex wp-container-core-columns-is-layout-9d6595d7 wp-block-columns-is-layout-flex\">\n<div class=\"wp-block-column is-layout-flow wp-block-column-is-layout-flow\" style=\"flex-basis:25%\"><div class=\"wp-block-image\">\n<figure class=\"aligncenter size-full\"><img decoding=\"async\" width=\"300\" height=\"300\" src=\"https:\/\/lean.org.hu\/wp-content\/uploads\/2020\/10\/korforgalom.jpg\" alt=\"K\u00f6rforgalom\" class=\"wp-image-3432\" srcset=\"https:\/\/lean.org.hu\/wp-content\/uploads\/2020\/10\/korforgalom.jpg 300w, https:\/\/lean.org.hu\/wp-content\/uploads\/2020\/10\/korforgalom-200x200.jpg 200w, https:\/\/lean.org.hu\/wp-content\/uploads\/2020\/10\/korforgalom-100x100.jpg 100w, https:\/\/lean.org.hu\/wp-content\/uploads\/2020\/10\/korforgalom-150x150.jpg 150w\" sizes=\"(max-width: 300px) 100vw, 300px\" \/><\/figure><\/div><\/div>\n\n\n\n<div class=\"wp-block-column is-layout-flow wp-block-column-is-layout-flow\" style=\"flex-basis:75%\">\n<ul class=\"wp-block-list\">\n<li class=\"translation-block\">The program content and methodology have been compiled by experts from LEI organizations worldwide, including former Toyota employees, <strong>ensuring the authenticity of information provided in the program, and helping you get back on track along lean principles.<\/strong><\/li>\n\n\n\n<li class=\"translation-block\">The 10 day program is accomplished in the course of nearly 5 months (4x2 + 1 + 1 days) \u2013 <strong>assignments between the meetings will help deepening what you have learnt.<\/strong><\/li>\n\n\n\n<li class=\"translation-block\">During the program everyone is going to process their own corporate problems through the A3 process, with the support of LEI mentors \u2013 <strong>this way you can put your newly acquired knowledge and skills into practice serving as the basis of real competency development.<\/strong><\/li>\n\n\n\n<li class=\"translation-block\">The location of the 10 day program is provided by member companies \u2013 <strong>this creates further opportunities to practice your new skills outside your usual corporate environment.<\/strong><\/li>\n<\/ul>\n\n\n\n<p><\/p>\n<\/div>\n<\/div>\n\n\n\n<div class=\"wp-block-columns is-layout-flex wp-container-core-columns-is-layout-9d6595d7 wp-block-columns-is-layout-flex\">\n<div class=\"wp-block-column is-layout-flow wp-block-column-is-layout-flow\">\n<div class=\"wp-block-buttons is-horizontal is-content-justification-center is-layout-flex wp-container-core-buttons-is-layout-499968f5 wp-block-buttons-is-layout-flex\">\n<div class=\"wp-block-button\"><a class=\"wp-block-button__link wp-element-button\" href=\"https:\/\/lean.org.hu\/en\/lpp-jelentkezesi-lap\/\" style=\"border-radius:5px\" target=\"_blank\" rel=\"noreferrer noopener\">JELENTKEZEM!<\/a><\/div>\n<\/div>\n<\/div>\n<\/div>\n\n\n\n<div style=\"height:30px\" aria-hidden=\"true\" class=\"wp-block-spacer\"><\/div>\n\n\n\n<div class=\"wp-block-group has-background\" style=\"background:linear-gradient(135deg,rgb(238,238,238) 10%,rgb(169,184,195) 69%)\"><div class=\"wp-block-group__inner-container is-layout-flow wp-block-group-is-layout-flow\">\n<div style=\"height:30px\" aria-hidden=\"true\" class=\"wp-block-spacer\"><\/div>\n\n\n\n<h2 class=\"wp-block-heading has-text-align-center translation-block\" id=\"block-d86ea1d8-7d45-47fb-991c-8fd9f501a058\"><strong>The 10 day project based program <br> relies on the methodology developed together with <br> Lean Global Network\u2019s (LGN) LEI member organizations <\/strong><\/h2>\n\n\n\n<p class=\"has-text-align-center\">Hat\u00e9konyan kombin\u00e1lja az elm\u00e9letet a&nbsp;<strong>szimul\u00e1ci\u00f3kkal <\/strong>\u00e9s az <strong>esettanulm\u00e1nyokkal,&nbsp;<\/strong>valamint a v\u00e1llalati helysz\u00edneknek k\u00f6sz\u00f6nhet\u0151en a <strong>gemba-gyakorlatok <\/strong>sor\u00e1n azonnal alkalmazhatod is a tanultakat.&nbsp;<br>Az egy\u00e9ni<strong> projektekben<\/strong> &#8211; mentori t\u00e1mogat\u00e1ssal &#8211; feldolgozott saj\u00e1t&nbsp;<strong>v\u00e1llalati probl\u00e9m\u00e1d&nbsp;<\/strong>tov\u00e1bbi elm\u00e9ly\u00fcl\u00e9st tesznek sz\u00e1modra lehet\u0151v\u00e9 a lean elvek \u00e9s m\u00f3dszerek gyakorlat\u00e1ban.<\/p>\n\n\n\n<h2 class=\"wp-block-heading has-text-align-center\" id=\"a-program-sikeres-teljesiteset-lgn-tanusitvannyal-igazoljuk\">Participants will receive an LGN certificate <\/br>upon completion of the program.<\/h2>\n\n\n\n<div style=\"height:20px\" aria-hidden=\"true\" class=\"wp-block-spacer\"><\/div>\n<\/div><\/div>\n\n\n\n<div style=\"height:40px\" aria-hidden=\"true\" class=\"wp-block-spacer\"><\/div>\n\n\n\n<h2 class=\"wp-block-heading has-text-align-center\" id=\"mi-fog-tortenni-a-10-nap-soran\"><strong>What to expect in these 10 days?<\/strong><\/h2>\n\n\n\n<p class=\"has-text-align-center translation-block\">We will <strong><strong>DISCUSS <\/strong><\/strong> the historic background and basic terminology of lean thinking, we will build on in the next 10 days, including <em>value adding activities, sources of waste, 5 principles, kaizen.<\/em><\/p>\n\n\n\n<p class=\"has-text-align-center translation-block\">You will be  <strong>INTRODUCED <\/strong> to the <em>Toyota problem solving process <\/em> and the method of scientific thinking, <em> PDCA<\/em>. <\/br>These are the <strong>FOUNDATION<\/strong> of the  <em>A3 management process<\/em> providing the frame of your own <em>project work<\/em>.<\/p>\n\n\n\n<p class=\"has-text-align-center translation-block\">You will <strong>LEARN <\/strong>the definitions of time related expressions used in lean environments, including<\/br><em>tact time, cycle time, lead time <\/em>; in a simulation and on the gemba you can  <strong>PRACTICE <\/strong> how to calculate and measure these.<\/p>\n\n\n\n<p class=\"has-text-align-center translation-block\">You will <strong>LEARN <\/strong>how to break up a work process into work elements and define their time, then\nyou can <br><strong>PRACTICE <\/strong> <em>balancing work <\/em>and creating <em>standard work.<\/em><\/p>\n\n\n\n<p class=\"has-text-align-center translation-block\">You will <strong>DRAW <\/strong> \u2018as is\u2019 and \u2018to be\u2019 value stream maps <em>(VSM's) <\/em> then you will <strong>REVISE <\/strong> the principles of creating a strategy necessary for their improvement.<\/p>\n\n\n\n<p class=\"has-text-align-center translation-block\">You will <strong>LEARN <\/strong> the importance of\u00a0<em>continuous flow <\/em>and the <em>pull principle <strong>\u00a0<\/strong><\/em>as well as the benefits of their application.<\/p>\n\n\n\n<p class=\"has-text-align-center translation-block\">You will <strong>LEARN <\/strong>the basics of flow stabilization and the <strong>CALCULATION <\/strong>of Overall Equipment Effectiveness <em>(OEE)<\/em>, and <strong>DISCUSS <\/strong>how their components can be improved.<\/p>\n\n\n\n<p class=\"has-text-align-center translation-block\">You will <strong>LEARN <\/strong>about the Single Minute Exchange of Die <em>(SMED) <\/em>\u00a0method, its steps and the impacts of its application.<\/p>\n\n\n\n<p class=\"has-text-align-center translation-block\">We will <strong>REVISE <\/strong> the principles of creating and applying visual management systems<\/br> \u2013 <em> e.g. daily performance analysis board, 5S <\/em> \u2013, their related misconceptions, as well as their role in the lean system and their impact on performance indicators.<\/p>\n\n\n\n<p class=\"has-text-align-center\"><strong>TISZT\u00c1ZZUK<\/strong> a min\u0151s\u00e9g fogalm\u00e1t \u00e9s alapjait egy lean k\u00f6rnyezetben, valamint az <em>&#8222;els\u0151re j\u00f3&#8221;<\/em> min\u0151s\u00e9g fontoss\u00e1g\u00e1t, <br>az azt t\u00e1mogat\u00f3 eszk\u00f6z\u00f6ket \u2013<em> pl.<\/em>&nbsp;<em>jidoka, poka-yoke<\/em><\/p>\n\n\n\n<p class=\"has-text-align-center translation-block\">You will <strong>LEARN <\/strong>the terms and principles necessary to implement the processes including <em>Just-in-Time, FIFO, heijunka, <\/br>Plan For Every Part (PFEP)<\/em>, and <strong>CALCULATE <\/strong> kanban and supermarket sizes.<\/p>\n\n\n\n<div style=\"height:40px\" aria-hidden=\"true\" class=\"wp-block-spacer\"><\/div>\n\n\n\n<h2 class=\"wp-block-heading has-text-align-center\" id=\"kinek-szol-valojaban-ez-a-program\"><strong>Who is this program for?<\/strong><\/h2>\n\n\n\n<div class=\"wp-block-columns is-layout-flex wp-container-core-columns-is-layout-9d6595d7 wp-block-columns-is-layout-flex\">\n<div class=\"wp-block-column is-layout-flow wp-block-column-is-layout-flow\">\n<div class=\"wp-block-group has-background\" style=\"background:linear-gradient(135deg,rgb(202,248,128) 47%,rgb(113,206,126) 100%)\"><div class=\"wp-block-group__inner-container is-layout-flow wp-block-group-is-layout-flow\">\n<h2 class=\"wp-block-heading has-text-align-center\" id=\"neked-szol\">It is for you\u2026<\/h2>\n\n\n\n<ul class=\"wp-block-list\">\n<li>If you want to know more about lean principles and the Toyota Production System (TPS), and learn how you can apply them in practice.<\/li>\n\n\n\n<li>If you are not a lean practitioner but you want to lead and improve your production or servicing department along lean principles, practice lean thinking and use its basic tools on a daily basis.<\/li>\n\n\n\n<li>If, as a manager and professional, you play an active role in creating and improving production and supporting processes but you lack the routine of applying lean.<\/li>\n\n\n\n<li>If you work in production or at a production unit and you want to expand your knowledge of lean thinking, going back to the basics of lean.<\/li>\n\n\n\n<li>If you already know lean thinking and its tools but you got stuck trying to apply them in practice.<\/li>\n\n\n\n<li>If you want to learn the lingo of the international lean community and feel your lean knowledge needs a paradigm shift.<\/li>\n<\/ul>\n\n\n\n<div style=\"height:5px\" aria-hidden=\"true\" class=\"wp-block-spacer\"><\/div>\n<\/div><\/div>\n<\/div>\n\n\n\n<div class=\"wp-block-column is-layout-flow wp-block-column-is-layout-flow\">\n<div class=\"wp-block-group has-background\" style=\"background:linear-gradient(135deg,rgba(252,185,0,1) 41%,rgba(255,105,0,1) 100%)\"><div class=\"wp-block-group__inner-container is-layout-flow wp-block-group-is-layout-flow\">\n<h2 class=\"wp-block-heading has-text-align-center\" id=\"nem-neked-szol\">It is not for you\u2026<\/h2>\n\n\n\n<ul class=\"wp-block-list\">\n<li>If you don\u2019t like rolling up your sleeves and learning in practice, or trying new things.<\/li>\n\n\n\n<li>If you don\u2019t want to learn about other companies\u2019 processes, and you don\u2019t feel comfortable sharing the challenges of your project assignments with other participants.<\/li>\n\n\n\n<li>If you always have good solutions without applying conscious problem solving methods.<\/li>\n\n\n\n<li>If you believe in the importance of individual performance rather than the power of team work.<\/li>\n\n\n\n<li>If you think speed is more important than direction.<\/li>\n\n\n\n<li>If you rely on feelings, assumptions and habits when making decisions instead of facts, data and observations.<\/li>\n\n\n\n<li>If you like solving problems alone at your desk instead of checking what is actually happening and brain picking your experienced colleagues who work in the process involved.<\/li>\n\n\n\n<li>If you always know the answer to everything.<\/li>\n<\/ul>\n\n\n\n<div style=\"height:5px\" aria-hidden=\"true\" class=\"wp-block-spacer\"><\/div>\n<\/div><\/div>\n\n\n\n<p><\/p>\n<\/div>\n<\/div>\n\n\n\n<div class=\"wp-block-columns is-layout-flex wp-container-core-columns-is-layout-9d6595d7 wp-block-columns-is-layout-flex\">\n<div class=\"wp-block-column is-layout-flow wp-block-column-is-layout-flow\">\n<div class=\"wp-block-buttons is-horizontal is-content-justification-center is-layout-flex wp-container-core-buttons-is-layout-499968f5 wp-block-buttons-is-layout-flex\">\n<div class=\"wp-block-button\"><a class=\"wp-block-button__link wp-element-button\" href=\"https:\/\/lean.org.hu\/en\/lpp-jelentkezesi-lap\/\" style=\"border-radius:5px\" target=\"_blank\" rel=\"noreferrer noopener\">JELENTKEZEM!<\/a><\/div>\n<\/div>\n<\/div>\n<\/div>\n\n\n\n<div style=\"height:20px\" aria-hidden=\"true\" class=\"wp-block-spacer\"><\/div>\n\n\n\n<h2 class=\"wp-block-heading has-text-align-center\" id=\"korabbi-resztvevoink-eredmenyei\"><strong>Kor\u00e1bbi r\u00e9sztvev\u0151ink eredm\u00e9nyei<\/strong><\/h2>\n\n\n\n<div class=\"wp-block-columns is-layout-flex wp-container-core-columns-is-layout-9d6595d7 wp-block-columns-is-layout-flex\">\n<div class=\"wp-block-column has-very-light-gray-to-cyan-bluish-gray-gradient-background has-background is-layout-flow wp-block-column-is-layout-flow\">\n<div style=\"height:5px\" aria-hidden=\"true\" class=\"wp-block-spacer\"><\/div>\n\n\n\n<p class=\"has-text-align-center\"><strong><em>12%-os rendelkez\u00e9sre \u00e1ll\u00e1s n\u00f6vel\u00e9s a m\u0171szak utols\u00f3 \u00f3r\u00e1j\u00e1ban<\/em><\/strong><\/p>\n\n\n<div class=\"wp-block-image is-resized is-style-rounded\">\n<figure class=\"aligncenter size-full\"><img loading=\"lazy\" decoding=\"async\" width=\"300\" height=\"300\" src=\"https:\/\/lean.org.hu\/wp-content\/uploads\/2022\/08\/Portrek-1.jpg\" alt=\"Komisz\u00e1r Nanetta - Coloplast\" class=\"wp-image-138630\" style=\"width:150px\" srcset=\"https:\/\/lean.org.hu\/wp-content\/uploads\/2022\/08\/Portrek-1.jpg 300w, https:\/\/lean.org.hu\/wp-content\/uploads\/2022\/08\/Portrek-1-150x150.jpg 150w, https:\/\/lean.org.hu\/wp-content\/uploads\/2022\/08\/Portrek-1-12x12.jpg 12w, https:\/\/lean.org.hu\/wp-content\/uploads\/2022\/08\/Portrek-1-200x200.jpg 200w, https:\/\/lean.org.hu\/wp-content\/uploads\/2022\/08\/Portrek-1-100x100.jpg 100w, https:\/\/lean.org.hu\/wp-content\/uploads\/2022\/08\/Portrek-1-50x50.jpg 50w\" sizes=\"(max-width: 300px) 100vw, 300px\" \/><figcaption class=\"wp-element-caption\"><strong>Komisz\u00e1r Nanetta<\/strong><br><em>Head of Process Development<\/em><br>Coloplast Hungary Kft.<\/figcaption><\/figure><\/div><\/div>\n\n\n\n<div class=\"wp-block-column has-very-light-gray-to-cyan-bluish-gray-gradient-background has-background is-layout-flow wp-block-column-is-layout-flow\">\n<div style=\"height:5px\" aria-hidden=\"true\" class=\"wp-block-spacer\"><\/div>\n\n\n\n<p class=\"has-text-align-center\"><strong><strong><em>D\u00e9lel\u0151tti mintabe\u00e9rkez\u00e9sek<\/em><\/strong><\/strong><br><strong><strong><em>ar\u00e1ny\u00e1nak n\u00f6vel\u00e9se 10%-kal<\/em><\/strong><\/strong><\/p>\n\n\n<div class=\"wp-block-image is-resized is-style-rounded\">\n<figure class=\"aligncenter size-full\"><img loading=\"lazy\" decoding=\"async\" width=\"300\" height=\"300\" src=\"https:\/\/lean.org.hu\/wp-content\/uploads\/2022\/08\/Irimias-Fruzsina-1.jpg\" alt=\"Irimi\u00e1s Fruzsina\" class=\"wp-image-138700\" style=\"width:150px\" srcset=\"https:\/\/lean.org.hu\/wp-content\/uploads\/2022\/08\/Irimias-Fruzsina-1.jpg 300w, https:\/\/lean.org.hu\/wp-content\/uploads\/2022\/08\/Irimias-Fruzsina-1-150x150.jpg 150w, https:\/\/lean.org.hu\/wp-content\/uploads\/2022\/08\/Irimias-Fruzsina-1-12x12.jpg 12w, https:\/\/lean.org.hu\/wp-content\/uploads\/2022\/08\/Irimias-Fruzsina-1-200x200.jpg 200w, https:\/\/lean.org.hu\/wp-content\/uploads\/2022\/08\/Irimias-Fruzsina-1-100x100.jpg 100w, https:\/\/lean.org.hu\/wp-content\/uploads\/2022\/08\/Irimias-Fruzsina-1-50x50.jpg 50w\" sizes=\"(max-width: 300px) 100vw, 300px\" \/><figcaption class=\"wp-element-caption\"><strong>Irimi\u00e1s Fruzsina<br><\/strong><em>lean menedzser<br><\/em>SYNLAB Hungary Kft.<\/figcaption><\/figure><\/div><\/div>\n\n\n\n<div class=\"wp-block-column has-very-light-gray-to-cyan-bluish-gray-gradient-background has-background is-layout-flow wp-block-column-is-layout-flow\">\n<div style=\"height:5px\" aria-hidden=\"true\" class=\"wp-block-spacer\"><\/div>\n\n\n\n<p class=\"has-text-align-center\"><em><strong>\u00c1tfut\u00e1si id\u0151 cs\u00f6kkent\u00e9se <\/strong><\/em><br><em><strong>22%-kal <\/strong><\/em><\/p>\n\n\n<div class=\"wp-block-image is-resized is-style-rounded\">\n<figure class=\"aligncenter size-full\"><img loading=\"lazy\" decoding=\"async\" width=\"300\" height=\"300\" src=\"https:\/\/lean.org.hu\/wp-content\/uploads\/2022\/08\/Pokker-Ivett-1.jpg\" alt=\"Pokker Ivett\" class=\"wp-image-138701\" style=\"width:150px\" srcset=\"https:\/\/lean.org.hu\/wp-content\/uploads\/2022\/08\/Pokker-Ivett-1.jpg 300w, https:\/\/lean.org.hu\/wp-content\/uploads\/2022\/08\/Pokker-Ivett-1-150x150.jpg 150w, https:\/\/lean.org.hu\/wp-content\/uploads\/2022\/08\/Pokker-Ivett-1-12x12.jpg 12w, https:\/\/lean.org.hu\/wp-content\/uploads\/2022\/08\/Pokker-Ivett-1-200x200.jpg 200w, https:\/\/lean.org.hu\/wp-content\/uploads\/2022\/08\/Pokker-Ivett-1-100x100.jpg 100w, https:\/\/lean.org.hu\/wp-content\/uploads\/2022\/08\/Pokker-Ivett-1-50x50.jpg 50w\" sizes=\"(max-width: 300px) 100vw, 300px\" \/><figcaption class=\"wp-element-caption\"><strong>Pokker Ivett<br><\/strong><em>folyamatfejleszt\u0151 m\u00e9rn\u00f6k<br><\/em>Coloplast Hungary Kft. \u2013 PDC<\/figcaption><\/figure><\/div><\/div>\n<\/div>\n\n\n\n<div style=\"height:30px\" aria-hidden=\"true\" class=\"wp-block-spacer\"><\/div>\n\n\n\n<h2 class=\"wp-block-heading has-text-align-center\" id=\"a-program-szakmai-hattere\"><strong>The professional background of the program<\/strong><\/h2>\n\n\n\n<div class=\"wp-block-group has-background\" style=\"background:linear-gradient(135deg,rgb(238,238,238) 10%,rgb(169,184,195) 69%)\"><div class=\"wp-block-group__inner-container is-layout-flow wp-block-group-is-layout-flow\">\n<div style=\"height:30px\" aria-hidden=\"true\" class=\"wp-block-spacer\"><\/div>\n\n\n\n<div class=\"wp-block-columns is-layout-flex wp-container-core-columns-is-layout-9d6595d7 wp-block-columns-is-layout-flex\">\n<div class=\"wp-block-column is-layout-flow wp-block-column-is-layout-flow\" style=\"flex-basis:33.33%\"><div class=\"wp-block-image is-resized is-style-rounded\">\n<figure class=\"aligncenter size-full\"><img loading=\"lazy\" decoding=\"async\" width=\"300\" height=\"300\" src=\"https:\/\/lean.org.hu\/wp-content\/uploads\/2020\/11\/lean-global-network.jpg\" alt=\"Lean Global Network\" class=\"wp-image-3658\" srcset=\"https:\/\/lean.org.hu\/wp-content\/uploads\/2020\/11\/lean-global-network.jpg 300w, https:\/\/lean.org.hu\/wp-content\/uploads\/2020\/11\/lean-global-network-200x200.jpg 200w, https:\/\/lean.org.hu\/wp-content\/uploads\/2020\/11\/lean-global-network-100x100.jpg 100w, https:\/\/lean.org.hu\/wp-content\/uploads\/2020\/11\/lean-global-network-150x150.jpg 150w\" sizes=\"(max-width: 300px) 100vw, 300px\" \/><\/figure><\/div><\/div>\n\n\n\n<div class=\"wp-block-column is-layout-flow wp-block-column-is-layout-flow\" style=\"flex-basis:66.66%\">\n<p><strong>Lean Global Network (LGN)<\/strong><br>A vil\u00e1g 32 orsz\u00e1g\u00e1ban m\u0171k\u00f6d\u0151 Lean Enterprise Institute (LEI) szervezetek alkotj\u00e1k a <strong>Lean Global Network<\/strong> comprises the organizations of Lean Enterprise Institute (LEI) present in over 30 countries worldwide.<\/p>\n\n\n\n<p class=\"translation-block\">In response to the challenges that companies face during their lean transformation, LGN \u2013 with the participation of former Toyota employees \u2013 have created the <strong>10 day Lean Practitioner Program (LPP)<\/strong> aiming to improve the participants\u2019 lean knowledge and skills. Relying on  <strong> LGN\u2019s international standards <\/strong>the program provides a frame to acquire basic lean thinking and <strong>apply it in practice <\/strong>. It directly impacts on corporate performance through the participants\u2019 individual development.<\/p>\n<\/div>\n<\/div>\n\n\n\n<p class=\"has-text-align-center translation-block\">The program also serves as the basis of other programs including the <\/br>(Industrial Plant Production and Management) MSc program of the University of Barcelona.<\/p>\n\n\n\n<div style=\"height:20px\" aria-hidden=\"true\" class=\"wp-block-spacer\"><\/div>\n<\/div><\/div>\n\n\n\n<div style=\"height:40px\" aria-hidden=\"true\" class=\"wp-block-spacer\"><\/div>\n\n\n\n<h2 class=\"wp-block-heading has-text-align-center\" id=\"kik-fogjak-vezetni-a-programot\"><strong>Who are the teachers?<\/strong><\/h2>\n\n\n\n<div class=\"wp-block-columns are-vertically-aligned-center is-layout-flex wp-container-core-columns-is-layout-9d6595d7 wp-block-columns-is-layout-flex\">\n<div class=\"wp-block-column is-vertically-aligned-center is-layout-flow wp-block-column-is-layout-flow\" style=\"flex-basis:25%\"><div class=\"wp-block-image is-resized is-style-rounded\">\n<figure class=\"aligncenter size-full\"><img loading=\"lazy\" decoding=\"async\" width=\"300\" height=\"300\" src=\"https:\/\/lean.org.hu\/wp-content\/uploads\/2020\/09\/4.jpg\" alt=\"Bereczki Csaba\" class=\"wp-image-1088\" style=\"width:150px\" srcset=\"https:\/\/lean.org.hu\/wp-content\/uploads\/2020\/09\/4.jpg 300w, https:\/\/lean.org.hu\/wp-content\/uploads\/2020\/09\/4-200x200.jpg 200w, https:\/\/lean.org.hu\/wp-content\/uploads\/2020\/09\/4-100x100.jpg 100w, https:\/\/lean.org.hu\/wp-content\/uploads\/2020\/09\/4-150x150.jpg 150w\" sizes=\"(max-width: 300px) 100vw, 300px\" \/><\/figure><\/div><\/div>\n\n\n\n<div class=\"wp-block-column is-vertically-aligned-center is-layout-flow wp-block-column-is-layout-flow\" style=\"flex-basis:50%\">\n<p class=\"has-text-align-center\">A programot <strong>Bereczki Csaba <\/strong>\u00e9s <strong>Szalay Csaba<\/strong> <br>senior lean coach munkat\u00e1rsaink tartj\u00e1k, akik r\u00e9szt vettek abban a nemzetk\u00f6zi munkacsoportban, amely kidolgozta azt.<br>Az elm\u00falt \u00e9vek programjai sor\u00e1n <strong>200+ LPP r\u00e9sztvev\u0151nek tan\u00edtott\u00e1k meg<\/strong> a lean elvek gyakorlati alkalmaz\u00e1s\u00e1t, mik\u00f6zben mentork\u00e9nt t\u00e1mogatt\u00e1k \u0151ket projektj\u00fck sikeres teljes\u00edt\u00e9s\u00e9ben.<\/p>\n<\/div>\n\n\n\n<div class=\"wp-block-column is-vertically-aligned-center is-layout-flow wp-block-column-is-layout-flow\" style=\"flex-basis:25%\"><div class=\"wp-block-image is-resized is-style-rounded\">\n<figure class=\"aligncenter size-full\"><img loading=\"lazy\" decoding=\"async\" width=\"300\" height=\"300\" src=\"https:\/\/lean.org.hu\/wp-content\/uploads\/2020\/09\/5.jpg\" alt=\"Szalay Csaba\" class=\"wp-image-2185\" style=\"width:150px\" srcset=\"https:\/\/lean.org.hu\/wp-content\/uploads\/2020\/09\/5.jpg 300w, https:\/\/lean.org.hu\/wp-content\/uploads\/2020\/09\/5-200x200.jpg 200w, https:\/\/lean.org.hu\/wp-content\/uploads\/2020\/09\/5-100x100.jpg 100w, https:\/\/lean.org.hu\/wp-content\/uploads\/2020\/09\/5-150x150.jpg 150w\" sizes=\"(max-width: 300px) 100vw, 300px\" \/><\/figure><\/div><\/div>\n<\/div>\n\n\n\n<div style=\"height:30px\" aria-hidden=\"true\" class=\"wp-block-spacer\"><\/div>\n\n\n\n<div class=\"wp-block-group has-background\" style=\"background-color:#e6f2fb\"><div class=\"wp-block-group__inner-container is-layout-flow wp-block-group-is-layout-flow\">\n<h2 class=\"wp-block-heading has-text-align-center\" id=\"nemzetkozi-lgn-tanusitas\"><strong>International LGN certificate<\/strong><\/h2>\n\n\n\n<p class=\"has-text-align-center\"><strong>What is this certificate, what does it give you?<\/strong><br>A nemzetk\u00f6zi LGN tan\u00fas\u00edt\u00e1s azt igazolja, hogy <strong>sikeresen<\/strong> <strong>elv\u00e9gezted<\/strong> a programot, <strong>\u00e9rted<\/strong> a lean menedzsmentrendszer fel\u00e9p\u00edt\u00e9s\u00e9t \u00e9s m\u0171k\u00f6d\u00e9s\u00e9t, valamint <strong>k\u00e9pes vagy<\/strong> a m\u00f3dszereket \u00e9s eszk\u00f6z\u00f6ket a napi feladataid \u00e9s a projektmunk\u00e1d sor\u00e1n <strong>alkalmazni<\/strong>, ezzel <strong>jav\u00edtani<\/strong> a v\u00e1llalati folyamataitok m\u0171k\u00f6d\u00e9s\u00e9n.<\/p>\n\n\n\n<p class=\"has-text-align-center\"><strong>What do we certify?<\/strong><br>Az <strong>elm\u00e9leti lean tud\u00e1st<\/strong>, amelyet a szakirodalom alapj\u00e1n \u00e9s a program sor\u00e1n saj\u00e1t\u00edtasz el, valamint a lean szeml\u00e9let <strong>alkalmaz\u00e1s\u00e1nak k\u00e9pess\u00e9g\u00e9t<\/strong>: a saj\u00e1t projekted v\u00e9grehajt\u00e1s\u00e1t, val\u00f3s folyamat fejleszt\u00e9s\u00e9t, v\u00e1ltoztat\u00e1sok bevezet\u00e9s\u00e9t \u00e9s azok visszam\u00e9r\u00e9s\u00e9t.<\/p>\n\n\n\n<p class=\"has-text-align-center\"><strong>What are the basis and the process of certification?<\/strong><br>Az \u00e9rt\u00e9kel\u00e9sed alapj\u00e1t a v\u00e1lasztott <strong>projektfeladatod teljes\u00edt\u00e9se<\/strong>, valamint az egyes tal\u00e1lkoz\u00f3k k\u00f6z\u00f6tt megoldand\u00f3 <strong>h\u00e1zi feladataid min\u0151s\u00e9ge<\/strong> adja. Ezen fel\u00fcl a program utols\u00f3 napj\u00e1n <strong>\u00edr\u00e1sbeli vizsg\u00e1t <\/strong>kell tenned, tov\u00e1bb\u00e1 a csoport \u00e9s a LEI mentorok el\u0151tt &#8211; A3 form\u00e1tumban &#8211; <strong>be kell mutatnod a visszam\u00e9rt eredm\u00e9nnyel z\u00e1rult projektfeladatod<\/strong>.<\/p>\n\n\n\n<div style=\"height:20px\" aria-hidden=\"true\" class=\"wp-block-spacer\"><\/div>\n<\/div><\/div>\n\n\n\n<div class=\"wp-block-columns is-layout-flex wp-container-core-columns-is-layout-9d6595d7 wp-block-columns-is-layout-flex\">\n<div class=\"wp-block-column is-layout-flow wp-block-column-is-layout-flow\">\n<div class=\"wp-block-buttons is-horizontal is-content-justification-center is-layout-flex wp-container-core-buttons-is-layout-499968f5 wp-block-buttons-is-layout-flex\">\n<div class=\"wp-block-button\"><a class=\"wp-block-button__link wp-element-button\" href=\"https:\/\/lean.org.hu\/en\/lpp-jelentkezesi-lap\/\" style=\"border-radius:5px\" target=\"_blank\" rel=\"noreferrer noopener\">JELENTKEZEM!<\/a><\/div>\n<\/div>\n<\/div>\n<\/div>\n\n\n\n<div style=\"height:30px\" aria-hidden=\"true\" class=\"wp-block-spacer\"><\/div>\n\n\n\n<h2 class=\"wp-block-heading has-text-align-center\" id=\"a-projektfeladattal-szemben-tamasztott-kovetelmenyek\"><strong>A projektfeladatoddal szemben t\u00e1masztott k\u00f6vetelm\u00e9nyek<\/strong><\/h2>\n\n\n\n<div class=\"wp-block-columns is-layout-flex wp-container-core-columns-is-layout-9d6595d7 wp-block-columns-is-layout-flex\">\n<div class=\"wp-block-column is-layout-flow wp-block-column-is-layout-flow\" style=\"flex-basis:25%\">\n<figure class=\"wp-block-image size-full\"><img loading=\"lazy\" decoding=\"async\" width=\"300\" height=\"300\" src=\"https:\/\/lean.org.hu\/wp-content\/uploads\/2020\/11\/lean-practitioner-program-projektmunka.jpg\" alt=\"Lean Practitioner Program Projektmunka\" class=\"wp-image-3618\" srcset=\"https:\/\/lean.org.hu\/wp-content\/uploads\/2020\/11\/lean-practitioner-program-projektmunka.jpg 300w, https:\/\/lean.org.hu\/wp-content\/uploads\/2020\/11\/lean-practitioner-program-projektmunka-200x200.jpg 200w, https:\/\/lean.org.hu\/wp-content\/uploads\/2020\/11\/lean-practitioner-program-projektmunka-100x100.jpg 100w, https:\/\/lean.org.hu\/wp-content\/uploads\/2020\/11\/lean-practitioner-program-projektmunka-150x150.jpg 150w\" sizes=\"(max-width: 300px) 100vw, 300px\" \/><\/figure>\n<\/div>\n\n\n\n<div class=\"wp-block-column is-layout-flow wp-block-column-is-layout-flow\" style=\"flex-basis:75%\">\n<ul class=\"wp-block-list\">\n<li>az \u00e1ltalad v\u00e1lasztott projektnek egy&nbsp;<strong>val\u00f3s, saj\u00e1t v\u00e1llalatodn\u00e1l m\u0171k\u00f6d\u0151 \u00fczleti folyamatot<\/strong>&nbsp;kell fejlesztenie, m\u00e9rhet\u0151 m\u00f3don,&nbsp;<strong>sz\u00e1mszer\u0171s\u00edthet\u0151 eredm\u00e9nnyel<\/strong>,<\/li>\n\n\n\n<li>a probl\u00e9ma feldolgoz\u00e1sa sor\u00e1n k\u00f6vetned kell majd a megtanult probl\u00e9mamegold\u00f3 \u00e9s&nbsp;<strong>A3 menedzsmentfolyamatot<\/strong>,<\/li>\n\n\n\n<li>a projekt sor\u00e1n <strong>haszn\u00e1lnod kell<\/strong> a&nbsp;lean szeml\u00e9let<strong>&nbsp;<\/strong>vonatkoz\u00f3 elveit, eszk\u00f6zeit,<\/li>\n\n\n\n<li>a projektedbe a kiv\u00e1lasztott folyamatban \u00e9rintett <strong>kulcs munkat\u00e1rsaidat<\/strong> <strong>is<\/strong> <strong>be kell vonnod<\/strong>, vel\u00fck egy\u00fctt kell kidolgoznod \u00e9s bevezetned a v\u00e1ltoz\u00e1sokat,<\/li>\n\n\n\n<li>a projektmunk\u00e1ddal&nbsp;olyan m\u00e9rt\u00e9k\u0171<strong> visszam\u00e9rhet\u0151<\/strong> <strong>megtakar\u00edt\u00e1st kell el\u00e9rned<\/strong>, amely k\u00f6vetkezt\u00e9ben <strong>egy \u00e9ven bel\u00fcl megt\u00e9r\u00fcl<\/strong> a programon val\u00f3 r\u00e9szv\u00e9teled d\u00edja<\/li>\n<\/ul>\n\n\n\n<p><\/p>\n<\/div>\n<\/div>\n\n\n\n<div style=\"height:10px\" aria-hidden=\"true\" class=\"wp-block-spacer\"><\/div>\n\n\n\n<h2 class=\"wp-block-heading has-text-align-center\" id=\"operativ-reszletek\"><strong>Kor\u00e1bbi r\u00e9sztvev\u0151ink eredm\u00e9nyei<\/strong><\/h2>\n\n\n\n<div class=\"wp-block-columns is-layout-flex wp-container-core-columns-is-layout-9d6595d7 wp-block-columns-is-layout-flex\">\n<div class=\"wp-block-column has-very-light-gray-to-cyan-bluish-gray-gradient-background has-background is-layout-flow wp-block-column-is-layout-flow\">\n<div style=\"height:20px\" aria-hidden=\"true\" class=\"wp-block-spacer\"><\/div>\n\n\n\n<p class=\"has-text-align-center\"><strong><em>Munkav\u00e9delmi bakancs \u00e1tlagos <\/em><\/strong><br><strong><em>rendel\u00e9si \u00e1tfut\u00e1si idej\u00e9nek <\/em><\/strong><br><strong><em>cs\u00f6kkent\u00e9se 80%-kal<\/em><\/strong><\/p>\n\n\n\n<p class=\"has-text-align-center\"><strong>D\u00e9si Vikt\u00f3ria<br><\/strong><em>\u00fczleti kiv\u00e1l\u00f3s\u00e1g vezet\u0151<br><\/em>MOL Petrolk\u00e9mia Zrt.<\/p>\n<\/div>\n\n\n\n<div class=\"wp-block-column has-very-light-gray-to-cyan-bluish-gray-gradient-background has-background is-layout-flow wp-block-column-is-layout-flow\">\n<div style=\"height:20px\" aria-hidden=\"true\" class=\"wp-block-spacer\"><\/div>\n\n\n\n<p class=\"has-text-align-center\"><strong><em>Ciklusid\u0151 cs\u00f6kkent\u00e9se <\/em><\/strong><br><strong><em>11%-kal&nbsp;<\/em><\/strong><\/p>\n\n\n\n<div style=\"height:22px\" aria-hidden=\"true\" class=\"wp-block-spacer\"><\/div>\n\n\n\n<p class=\"has-text-align-center\"><strong>Szamosv\u00e1rin\u00e9 Varga Annam\u00e1ria<\/strong><br><em>Value Stream Manager<\/em><br>Coloplast Hungary Kft.<\/p>\n<\/div>\n\n\n\n<div class=\"wp-block-column has-very-light-gray-to-cyan-bluish-gray-gradient-background has-background is-layout-flow wp-block-column-is-layout-flow\">\n<div style=\"height:20px\" aria-hidden=\"true\" class=\"wp-block-spacer\"><\/div>\n\n\n\n<p class=\"has-text-align-center\"><strong><em>V\u00e1rakoz\u00e1si id\u0151 <\/em><\/strong><br><strong><em>cs\u00f6kkent\u00e9se 60%-kal<\/em><\/strong><\/p>\n\n\n\n<div style=\"height:22px\" aria-hidden=\"true\" class=\"wp-block-spacer\"><\/div>\n\n\n\n<p class=\"has-text-align-center\"><strong>Babos G\u00e1bor<\/strong><br><em>Asset Team vezet\u0151<\/em><br>MOL Nyrt.<\/p>\n<\/div>\n<\/div>\n\n\n\n<div style=\"height:20px\" aria-hidden=\"true\" class=\"wp-block-spacer\"><\/div>\n\n\n\n<h2 class=\"wp-block-heading has-text-align-center\" id=\"operativ-reszletek\"><strong>Operative details<\/strong><\/h2>\n\n\n\n<figure id=\"SEB\" class=\"wp-block-table is-style-regular\"><table class=\"has-background has-fixed-layout\" style=\"background-color:#e9fbe5\"><thead><tr><th class=\"has-text-align-center\" data-align=\"center\"><\/th><th class=\"has-text-align-center\" data-align=\"center\">OPEN FORMAT<\/th><th class=\"has-text-align-center\" data-align=\"center\">KIHELYEZETT FORM\u00c1TUM*<\/th><\/tr><\/thead><tbody><tr><td class=\"has-text-align-center\" data-align=\"center\"><strong>DATE<\/strong><\/td><td class=\"has-text-align-center\" data-align=\"center\"><strong>1-2. nap<\/strong> &#8211; 2026.04.01-02. &#8211; JYSK<br><strong>3-4. nap<\/strong> &#8211; 2026.04.15-16. &#8211; Tecnica <br><strong>5-6. nap<\/strong> &#8211; 2026.04.29-30. &#8211; Tecnica <br><strong>7-8. nap <\/strong>&#8211; 2026.05.20-21. &#8211; JYSK<br><strong>9. nap<\/strong> &#8211; 2026.06.25. &#8211; online<br><strong>10. nap<\/strong> &#8211; 2026.08.27. &#8211; JYSK<\/td><td class=\"has-text-align-center\" data-align=\"center\">upon booking<\/td><\/tr><tr><td class=\"has-text-align-center\" data-align=\"center\"><strong>DURATION<\/strong><\/td><td class=\"has-text-align-center\" data-align=\"center\">10 (4\u00d72+1+1) days, from 9:00 to 17:00<\/td><td class=\"has-text-align-center\" data-align=\"center\">10 (4\u00d72+1+1) days, from 9:00 to 17:00<\/td><\/tr><tr><td class=\"has-text-align-center\" data-align=\"center\"><strong>HELYSZ\u00cdNEK<\/strong><\/td><td class=\"has-text-align-center\" data-align=\"center\">JYSK, Tecnica Ungheria Kft.<\/td><td class=\"has-text-align-center\" data-align=\"center\">on location \u2013 specified by customer<\/td><\/tr><tr><td class=\"has-text-align-center\" data-align=\"center\"><strong>GROUP NUMBER<\/strong><\/td><td class=\"has-text-align-center\" data-align=\"center\">14 person<\/td><td class=\"has-text-align-center\" data-align=\"center\">8 \u2013 16 people<\/td><\/tr><tr><td class=\"has-text-align-center\" data-align=\"center\"><strong>LANGUAGE<\/strong><\/td><td class=\"has-text-align-center\" data-align=\"center\">English<\/td><td class=\"has-text-align-center\" data-align=\"center\">On demand: Hungarian or English<\/td><\/tr><tr><td class=\"has-text-align-center\" data-align=\"center\"><strong>NORM\u00c1L TELJES \u00c1R<\/strong><\/td><td class=\"has-text-align-center\" data-align=\"center\">7.400 EUR + \u00c1FA \/ f\u0151<\/td><td class=\"has-text-align-center\" data-align=\"center\">Ask for individual offer<\/td><\/tr><tr><td class=\"has-text-align-center\" data-align=\"center\"><strong>NORM\u00c1L TAGI \u00c1R (-40%)<\/strong><\/td><td class=\"has-text-align-center\" data-align=\"center\">4.400 EUR + \u00c1FA \/ f\u0151<\/td><td class=\"has-text-align-center\" data-align=\"center\">-40%<\/td><\/tr><\/tbody><\/table><\/figure>\n\n\n\n<div class=\"wp-block-buttons is-horizontal is-content-justification-center is-layout-flex wp-container-core-buttons-is-layout-499968f5 wp-block-buttons-is-layout-flex\">\n<div class=\"wp-block-button\"><a class=\"wp-block-button__link wp-element-button\" href=\"https:\/\/lean.org.hu\/en\/lpp-jelentkezesi-lap\/\" style=\"border-radius:5px\" target=\"_blank\" rel=\"noreferrer noopener\">JELENTKEZEM!<\/a><\/div>\n<\/div>\n\n\n\n<div class=\"wp-block-buttons is-content-justification-center is-layout-flex wp-container-core-buttons-is-layout-16018d1d wp-block-buttons-is-layout-flex\">\n<div class=\"wp-block-button\"><a class=\"wp-block-button__link has-text-align-center wp-element-button\" href=\"https:\/\/lean.org.hu\/en\/kihelyezett-kepzesek\/\" target=\"_blank\" rel=\"noreferrer noopener\">*<strong>Kihelyezett form\u00e1tumr\u00f3l k\u00e9rd egyedi aj\u00e1nlatunkat!<\/strong><\/a><\/div>\n<\/div>\n\n\n\n<div style=\"height:10px\" aria-hidden=\"true\" class=\"wp-block-spacer\"><\/div>\n\n\n\n<div style=\"height:20px\" aria-hidden=\"true\" class=\"wp-block-spacer\"><\/div>\n\n\n\n<h2 class=\"wp-block-heading has-text-align-center\" id=\"mit-tartalmaz-meg-a-nyitott-program-reszveteli-dija\"><strong>The participation fee of the open format program includes the following<\/strong><\/h2>\n\n\n\n<div style=\"height:20px\" aria-hidden=\"true\" class=\"wp-block-spacer\"><\/div>\n\n\n\n<div class=\"wp-block-columns is-layout-flex wp-container-core-columns-is-layout-9d6595d7 wp-block-columns-is-layout-flex\">\n<div class=\"wp-block-column is-layout-flow wp-block-column-is-layout-flow\"><div class=\"wp-block-image is-resized is-style-rounded\">\n<figure class=\"aligncenter size-full\"><img loading=\"lazy\" decoding=\"async\" width=\"300\" height=\"300\" src=\"https:\/\/lean.org.hu\/wp-content\/uploads\/2020\/11\/Elemi-lean.jpg\" alt=\"Elemi lean\" class=\"wp-image-3694\" style=\"width:150px\" srcset=\"https:\/\/lean.org.hu\/wp-content\/uploads\/2020\/11\/Elemi-lean.jpg 300w, https:\/\/lean.org.hu\/wp-content\/uploads\/2020\/11\/Elemi-lean-200x200.jpg 200w, https:\/\/lean.org.hu\/wp-content\/uploads\/2020\/11\/Elemi-lean-100x100.jpg 100w, https:\/\/lean.org.hu\/wp-content\/uploads\/2020\/11\/Elemi-lean-150x150.jpg 150w\" sizes=\"(max-width: 300px) 100vw, 300px\" \/><\/figure><\/div>\n\n\n<p class=\"has-text-align-center\"><strong>Everything I Know About Lean I Learned in First Grade<\/strong><br>book<\/p>\n<\/div>\n\n\n\n<div class=\"wp-block-column is-layout-flow wp-block-column-is-layout-flow\"><div class=\"wp-block-image is-resized is-style-rounded\">\n<figure class=\"aligncenter size-full\"><img loading=\"lazy\" decoding=\"async\" width=\"300\" height=\"300\" src=\"https:\/\/lean.org.hu\/wp-content\/uploads\/2020\/11\/Kaizen-expressz.jpg\" alt=\"Kaizen expressz\" class=\"wp-image-3695\" style=\"width:150px\" srcset=\"https:\/\/lean.org.hu\/wp-content\/uploads\/2020\/11\/Kaizen-expressz.jpg 300w, https:\/\/lean.org.hu\/wp-content\/uploads\/2020\/11\/Kaizen-expressz-200x200.jpg 200w, https:\/\/lean.org.hu\/wp-content\/uploads\/2020\/11\/Kaizen-expressz-100x100.jpg 100w, https:\/\/lean.org.hu\/wp-content\/uploads\/2020\/11\/Kaizen-expressz-150x150.jpg 150w\" sizes=\"(max-width: 300px) 100vw, 300px\" \/><\/figure><\/div>\n\n\n<p class=\"has-text-align-center\"><strong>Kaizen Express<\/strong><br>book<\/p>\n<\/div>\n\n\n\n<div class=\"wp-block-column is-layout-flow wp-block-column-is-layout-flow\"><div class=\"wp-block-image is-resized is-style-rounded\">\n<figure class=\"aligncenter size-full\"><img loading=\"lazy\" decoding=\"async\" width=\"300\" height=\"300\" src=\"https:\/\/lean.org.hu\/wp-content\/uploads\/2020\/11\/Tanulj-meg-la\u0301tni.jpg\" alt=\"Tanulj meg l\u00e1tni\" class=\"wp-image-3696\" style=\"width:150px\" srcset=\"https:\/\/lean.org.hu\/wp-content\/uploads\/2020\/11\/Tanulj-meg-la\u0301tni.jpg 300w, https:\/\/lean.org.hu\/wp-content\/uploads\/2020\/11\/Tanulj-meg-la\u0301tni-200x200.jpg 200w, https:\/\/lean.org.hu\/wp-content\/uploads\/2020\/11\/Tanulj-meg-la\u0301tni-100x100.jpg 100w, https:\/\/lean.org.hu\/wp-content\/uploads\/2020\/11\/Tanulj-meg-la\u0301tni-150x150.jpg 150w\" sizes=\"(max-width: 300px) 100vw, 300px\" \/><\/figure><\/div>\n\n\n<p class=\"has-text-align-center\"><strong>Learning to See<\/strong><br>book<\/p>\n<\/div>\n<\/div>\n\n\n\n<div style=\"height:20px\" aria-hidden=\"true\" class=\"wp-block-spacer\"><\/div>\n\n\n\n<div class=\"wp-block-columns is-layout-flex wp-container-core-columns-is-layout-9d6595d7 wp-block-columns-is-layout-flex\">\n<div class=\"wp-block-column is-layout-flow wp-block-column-is-layout-flow\">\n<div class=\"wp-block-columns is-layout-flex wp-container-core-columns-is-layout-9d6595d7 wp-block-columns-is-layout-flex\">\n<div class=\"wp-block-column is-layout-flow wp-block-column-is-layout-flow\"><div class=\"wp-block-image is-resized is-style-rounded\">\n<figure class=\"aligncenter size-full\"><img loading=\"lazy\" decoding=\"async\" width=\"300\" height=\"300\" src=\"https:\/\/lean.org.hu\/wp-content\/uploads\/2020\/11\/LPP-mappa.jpg\" alt=\"LPP mappa\" class=\"wp-image-3701\" style=\"width:150px\" srcset=\"https:\/\/lean.org.hu\/wp-content\/uploads\/2020\/11\/LPP-mappa.jpg 300w, https:\/\/lean.org.hu\/wp-content\/uploads\/2020\/11\/LPP-mappa-200x200.jpg 200w, https:\/\/lean.org.hu\/wp-content\/uploads\/2020\/11\/LPP-mappa-100x100.jpg 100w, https:\/\/lean.org.hu\/wp-content\/uploads\/2020\/11\/LPP-mappa-150x150.jpg 150w\" sizes=\"(max-width: 300px) 100vw, 300px\" \/><\/figure><\/div>\n\n\n<p class=\"has-text-align-center\"><strong>A folder<\/strong><br>with course material<\/p>\n<\/div>\n\n\n\n<div class=\"wp-block-column is-layout-flow wp-block-column-is-layout-flow\"><div class=\"wp-block-image is-resized is-style-rounded\">\n<figure class=\"aligncenter size-full\"><img loading=\"lazy\" decoding=\"async\" width=\"300\" height=\"300\" src=\"https:\/\/lean.org.hu\/wp-content\/uploads\/2020\/11\/A3-mappa.jpg\" alt=\"A3 mappa\" class=\"wp-image-3637\" style=\"width:150px\" srcset=\"https:\/\/lean.org.hu\/wp-content\/uploads\/2020\/11\/A3-mappa.jpg 300w, https:\/\/lean.org.hu\/wp-content\/uploads\/2020\/11\/A3-mappa-200x200.jpg 200w, https:\/\/lean.org.hu\/wp-content\/uploads\/2020\/11\/A3-mappa-100x100.jpg 100w, https:\/\/lean.org.hu\/wp-content\/uploads\/2020\/11\/A3-mappa-150x150.jpg 150w\" sizes=\"(max-width: 300px) 100vw, 300px\" \/><\/figure><\/div>\n\n\n<p class=\"has-text-align-center\"><strong>A folder<\/strong><br>with A3 formats<\/p>\n<\/div>\n<\/div>\n\n\n\n<p><\/p>\n<\/div>\n\n\n\n<div class=\"wp-block-column is-layout-flow wp-block-column-is-layout-flow\">\n<div class=\"wp-block-columns is-layout-flex wp-container-core-columns-is-layout-9d6595d7 wp-block-columns-is-layout-flex\">\n<div class=\"wp-block-column is-layout-flow wp-block-column-is-layout-flow\"><div class=\"wp-block-image is-resized is-style-rounded\">\n<figure class=\"aligncenter size-full\"><img loading=\"lazy\" decoding=\"async\" width=\"300\" height=\"300\" src=\"https:\/\/lean.org.hu\/wp-content\/uploads\/2020\/11\/LPP-tanu\u0301si\u0301tva\u0301ny.jpg\" alt=\"LPP tan\u00fas\u00edtv\u00e1ny\" class=\"wp-image-3772\" style=\"width:150px\" srcset=\"https:\/\/lean.org.hu\/wp-content\/uploads\/2020\/11\/LPP-tanu\u0301si\u0301tva\u0301ny.jpg 300w, https:\/\/lean.org.hu\/wp-content\/uploads\/2020\/11\/LPP-tanu\u0301si\u0301tva\u0301ny-200x200.jpg 200w, https:\/\/lean.org.hu\/wp-content\/uploads\/2020\/11\/LPP-tanu\u0301si\u0301tva\u0301ny-100x100.jpg 100w, https:\/\/lean.org.hu\/wp-content\/uploads\/2020\/11\/LPP-tanu\u0301si\u0301tva\u0301ny-150x150.jpg 150w\" sizes=\"(max-width: 300px) 100vw, 300px\" \/><\/figure><\/div>\n\n\n<p class=\"has-text-align-center\"><strong>Certificate<\/strong><br>of the passed exam<\/p>\n<\/div>\n\n\n\n<div class=\"wp-block-column is-layout-flow wp-block-column-is-layout-flow\"><div class=\"wp-block-image is-resized is-style-rounded\">\n<figure class=\"aligncenter size-full\"><img loading=\"lazy\" decoding=\"async\" width=\"300\" height=\"300\" src=\"https:\/\/lean.org.hu\/wp-content\/uploads\/2020\/10\/04_lean_beke\u0301szi\u0301te\u0301s.jpg\" alt=\"Bek\u00e9sz\u00edt\u00e9s\" class=\"wp-image-3394\" style=\"width:150px\" srcset=\"https:\/\/lean.org.hu\/wp-content\/uploads\/2020\/10\/04_lean_beke\u0301szi\u0301te\u0301s.jpg 300w, https:\/\/lean.org.hu\/wp-content\/uploads\/2020\/10\/04_lean_beke\u0301szi\u0301te\u0301s-200x200.jpg 200w, https:\/\/lean.org.hu\/wp-content\/uploads\/2020\/10\/04_lean_beke\u0301szi\u0301te\u0301s-100x100.jpg 100w, https:\/\/lean.org.hu\/wp-content\/uploads\/2020\/10\/04_lean_beke\u0301szi\u0301te\u0301s-150x150.jpg 150w\" sizes=\"(max-width: 300px) 100vw, 300px\" \/><\/figure><\/div>\n\n\n<p class=\"has-text-align-center\"><strong>Meals<\/strong><br>lunch and refreshments<\/p>\n<\/div>\n<\/div>\n<\/div>\n<\/div>\n\n\n\n<div class=\"wp-block-buttons is-horizontal is-content-justification-center is-layout-flex wp-container-core-buttons-is-layout-499968f5 wp-block-buttons-is-layout-flex\">\n<div class=\"wp-block-button\"><a class=\"wp-block-button__link wp-element-button\" href=\"https:\/\/lean.org.hu\/en\/lpp-jelentkezesi-lap\/\" style=\"border-radius:5px\" target=\"_blank\" rel=\"noreferrer noopener\">JELENTKEZEM!<\/a><\/div>\n<\/div>\n\n\n\n<h2 class=\"wp-block-heading has-text-align-center\" id=\"korabbi-resztvevoink-szerint\"><strong>What former participants say<\/strong><\/h2>\n\n\n\n<div style=\"height:20px\" aria-hidden=\"true\" class=\"wp-block-spacer\"><\/div>\n\n\n\n<div class=\"wp-block-columns is-layout-flex wp-container-core-columns-is-layout-9d6595d7 wp-block-columns-is-layout-flex\">\n<div class=\"wp-block-column is-layout-flow wp-block-column-is-layout-flow\">\n<figure class=\"wp-block-embed is-type-video is-provider-youtube wp-block-embed-youtube wp-embed-aspect-16-9 wp-has-aspect-ratio\"><div class=\"wp-block-embed__wrapper\">\n<iframe title=\"LPP r\u00e9sztvev\u0151i visszajelz\u00e9s - Vuk Annam\u00e1ria (MOL-LUB Kft.)\" width=\"1200\" height=\"675\" src=\"https:\/\/www.youtube.com\/embed\/JadWmfUpiMM?feature=oembed\" frameborder=\"0\" allow=\"accelerometer; autoplay; clipboard-write; encrypted-media; gyroscope; picture-in-picture; web-share\" referrerpolicy=\"strict-origin-when-cross-origin\" allowfullscreen><\/iframe>\n<\/div><\/figure>\n\n\n\n<p class=\"has-text-align-center\"><strong>Annam\u00e1ria Vuk<br><\/strong>MOL-LUB Kft.<br>lean specialist<\/p>\n<\/div>\n\n\n\n<div class=\"wp-block-column is-layout-flow wp-block-column-is-layout-flow\">\n<figure class=\"wp-block-embed is-type-video is-provider-youtube wp-block-embed-youtube wp-embed-aspect-16-9 wp-has-aspect-ratio\"><div class=\"wp-block-embed__wrapper\">\n<iframe title=\"LPP r\u00e9sztvev\u0151i visszajelz\u00e9s - Herbert Szabolcs (Hungarian Alliance Logistics Kft.)\" width=\"1200\" height=\"675\" src=\"https:\/\/www.youtube.com\/embed\/E7dH-YI3skA?feature=oembed\" frameborder=\"0\" allow=\"accelerometer; autoplay; clipboard-write; encrypted-media; gyroscope; picture-in-picture; web-share\" referrerpolicy=\"strict-origin-when-cross-origin\" allowfullscreen><\/iframe>\n<\/div><\/figure>\n\n\n\n<p class=\"has-text-align-center\"><strong>Herbert Szabolcs<br><\/strong>Hungarian Alliance Logistics Kft.<br>projektmenedzser<\/p>\n<\/div>\n<\/div>\n\n\n\n<div style=\"height:20px\" aria-hidden=\"true\" class=\"wp-block-spacer\"><\/div>\n\n\n\n<div class=\"wp-block-columns is-layout-flex wp-container-core-columns-is-layout-9d6595d7 wp-block-columns-is-layout-flex\">\n<div class=\"wp-block-column is-layout-flow wp-block-column-is-layout-flow\" style=\"flex-basis:33.33%\"><div class=\"wp-block-image is-style-rounded\">\n<figure class=\"aligncenter size-large is-resized\"><img loading=\"lazy\" decoding=\"async\" width=\"301\" height=\"301\" src=\"https:\/\/lean.org.hu\/wp-content\/uploads\/2021\/06\/Dutkon-Krisztian-portre.jpg\" alt=\"\" class=\"wp-image-40188\" style=\"width:240px;height:240px\" srcset=\"https:\/\/lean.org.hu\/wp-content\/uploads\/2021\/06\/Dutkon-Krisztian-portre.jpg 301w, https:\/\/lean.org.hu\/wp-content\/uploads\/2021\/06\/Dutkon-Krisztian-portre-200x200.jpg 200w, https:\/\/lean.org.hu\/wp-content\/uploads\/2021\/06\/Dutkon-Krisztian-portre-100x100.jpg 100w, https:\/\/lean.org.hu\/wp-content\/uploads\/2021\/06\/Dutkon-Krisztian-portre-150x150.jpg 150w, https:\/\/lean.org.hu\/wp-content\/uploads\/2021\/06\/Dutkon-Krisztian-portre-12x12.jpg 12w\" sizes=\"(max-width: 301px) 100vw, 301px\" \/><\/figure><\/div><\/div>\n\n\n\n<div class=\"wp-block-column is-layout-flow wp-block-column-is-layout-flow\" style=\"flex-basis:66.66%\">\n<p class=\"has-text-align-left\"><em>&#8222;N\u00e9h\u00e1ny \u00e9v termel\u00e9si tapasztalattal \u00e9s p\u00e1r k\u00fcls\u0151s lean workshoppal a h\u00e1tam m\u00f6g\u00f6tt \u00e9rkeztem az LPP programra, ami mind szakmailag, mind emberileg nagyon sokat adott. Egyr\u00e9szr\u0151l siker\u00fclt rendszerbe illeszteni a kor\u00e1bban m\u00e1r ismert \u00e9s a program sor\u00e1n megtanult lean eszk\u00f6z\u00f6ket, ezzel elindulni a leanes gondolkod\u00e1s hossz\u00fa \u00fatj\u00e1n. M\u00e1sr\u00e9szr\u0151l \u00e9rdekes volt l\u00e1tni, hogy k\u00fcl\u00f6nb\u00f6z\u0151 c\u00e9gekt\u0151l, ipar\u00e1gakb\u00f3l \u00e9rkez\u0151 r\u00e9sztvev\u0151k hogyan form\u00e1l\u00f3dnak egy csapatt\u00e1 a program alatt. Nagyon tetszett az elm\u00e9let \u00e9s a gemba ar\u00e1nya, mert \u00edgy lehet\u0151s\u00e9g\u00fcnk volt val\u00f3s k\u00f6rnyezetben megfigyelni a tanultakat. A saj\u00e1t A3 kidolgoz\u00e1sa sor\u00e1n pedig tov\u00e1bbi tapasztalatokat siker\u00fclt szerezni, ak\u00e1r a t\u00f6bbsz\u00f6ri \u00fajrakezd\u00e9s miatt\u2026 \ud83d\ude42<br>Thank you for letting me experience LPP.\u2019<\/em><br><br><strong>Kriszti\u00e1n Dutkon<\/strong> \u2013 Equipment &amp; Technology Engineering manager, FESTO<\/p>\n<\/div>\n<\/div>\n\n\n\n<div class=\"wp-block-columns is-layout-flex wp-container-core-columns-is-layout-9d6595d7 wp-block-columns-is-layout-flex\">\n<div class=\"wp-block-column is-layout-flow wp-block-column-is-layout-flow\" style=\"flex-basis:33.33%\"><div class=\"wp-block-image is-style-rounded\">\n<figure class=\"aligncenter size-large is-resized\"><img loading=\"lazy\" decoding=\"async\" width=\"800\" height=\"800\" src=\"https:\/\/lean.org.hu\/wp-content\/uploads\/2021\/06\/Vuk-Annamaria-portre.jpg\" alt=\"Vuk Annam\u00e1ria\" class=\"wp-image-40190\" style=\"width:240px;height:240px\" srcset=\"https:\/\/lean.org.hu\/wp-content\/uploads\/2021\/06\/Vuk-Annamaria-portre.jpg 800w, https:\/\/lean.org.hu\/wp-content\/uploads\/2021\/06\/Vuk-Annamaria-portre-200x200.jpg 200w, https:\/\/lean.org.hu\/wp-content\/uploads\/2021\/06\/Vuk-Annamaria-portre-100x100.jpg 100w, https:\/\/lean.org.hu\/wp-content\/uploads\/2021\/06\/Vuk-Annamaria-portre-300x300.jpg 300w, https:\/\/lean.org.hu\/wp-content\/uploads\/2021\/06\/Vuk-Annamaria-portre-150x150.jpg 150w, https:\/\/lean.org.hu\/wp-content\/uploads\/2021\/06\/Vuk-Annamaria-portre-768x768.jpg 768w, https:\/\/lean.org.hu\/wp-content\/uploads\/2021\/06\/Vuk-Annamaria-portre-12x12.jpg 12w\" sizes=\"(max-width: 800px) 100vw, 800px\" \/><\/figure><\/div><\/div>\n\n\n\n<div class=\"wp-block-column is-layout-flow wp-block-column-is-layout-flow\" style=\"flex-basis:66.66%\">\n<p><em><em>&#8222;A program nemcsak a lean alapjait adja \u00e1t, hanem rengeteg tud\u00e1st ny\u00fajt a folyamatok meg\u00e9rt\u00e9s\u00e9hez \u00e9s fejleszt\u00e9s\u00e9hez is, tov\u00e1bb\u00e1 arr\u00f3l is sz\u00f3l, hogy mik\u00e9nt \u00e9rdemes \u00e9s hogyan lehet a megszerzett ismereteket a mindennapokban haszn\u00e1lni. \u00c9n azonnal tudtam alkalmazni a tanultakat<\/em> <em>I could immediately utilize what I had learned, both in my work and personal life. Our metrics improved and I can facilitate others\u2019 jobs. If you would like to deal with real problems so that they are actually solved, this program is the one you need, to acquire the methods of successful problem solving.\u2019<\/em><\/em><\/p>\n\n\n\n<p><strong>Annam\u00e1ria Vuk <\/strong>\u2013 lean expert, MOL-LUB<\/p>\n<\/div>\n<\/div>\n\n\n\n<div class=\"wp-block-columns is-layout-flex wp-container-core-columns-is-layout-9d6595d7 wp-block-columns-is-layout-flex\">\n<div class=\"wp-block-column is-layout-flow wp-block-column-is-layout-flow\" style=\"flex-basis:75%\">\n<p><\/p>\n<\/div>\n\n\n\n<div class=\"wp-block-column is-layout-flow wp-block-column-is-layout-flow\" style=\"flex-basis:25%\"><\/div>\n<\/div>\n\n\n\n<div class=\"wp-block-buttons is-horizontal is-content-justification-center is-layout-flex wp-container-core-buttons-is-layout-499968f5 wp-block-buttons-is-layout-flex\">\n<div class=\"wp-block-button\"><a class=\"wp-block-button__link wp-element-button\" href=\"https:\/\/lean.org.hu\/en\/lpp-jelentkezesi-lap\/\" style=\"border-radius:5px\" target=\"_blank\" rel=\"noreferrer noopener\">JELENTKEZEM!<\/a><\/div>\n<\/div>\n\n\n\n<div style=\"height:40px\" aria-hidden=\"true\" class=\"wp-block-spacer\"><\/div>\n\n\n\n<h2 class=\"wp-block-heading has-text-align-center\" id=\"projektalapu-gyakorlati-lean-program-nemzetkozi-tanusitassal\"><strong>Legy\u00e9l te is az LPP szakmai k\u00f6z\u00f6ss\u00e9g tagja!<\/strong><\/h2>\n\n\n\n<div style=\"height:20px\" aria-hidden=\"true\" class=\"wp-block-spacer\"><\/div>\n\n\n\n<div class=\"wp-block-columns is-layout-flex wp-container-core-columns-is-layout-9d6595d7 wp-block-columns-is-layout-flex\">\n<div class=\"wp-block-column is-layout-flow wp-block-column-is-layout-flow\">\n<figure class=\"wp-block-embed is-type-video is-provider-youtube wp-block-embed-youtube wp-embed-aspect-16-9 wp-has-aspect-ratio\"><div class=\"wp-block-embed__wrapper\">\n<iframe title=\"LPP nap r\u00e9sztvev\u0151i visszajelz\u00e9sek\" width=\"1200\" height=\"675\" src=\"https:\/\/www.youtube.com\/embed\/JezK2Ovc2lQ?feature=oembed\" frameborder=\"0\" allow=\"accelerometer; autoplay; clipboard-write; encrypted-media; gyroscope; picture-in-picture; web-share\" referrerpolicy=\"strict-origin-when-cross-origin\" allowfullscreen><\/iframe>\n<\/div><\/figure>\n<\/div>\n\n\n\n<div class=\"wp-block-column is-layout-flow wp-block-column-is-layout-flow\">\n<p>Azoknak, akik sikeresen <strong>elv\u00e9gezt\u00e9k az LPP-t<\/strong> \u00e9vente k\u00e9tszer <strong>ingyenes szakmai napot szervez\u00fcnk<\/strong> valamelyik tagv\u00e1llalatunkn\u00e1l. <\/p>\n\n\n\n<p>Ezeken a napokon tov\u00e1bb <strong>gyakorolhatod<\/strong> a tanultakat, <strong>megismerkedhetsz<\/strong> m\u00e1s v\u00e1llalatok gemb\u00e1j\u00e1val \u00e9s probl\u00e9m\u00e1ival, tov\u00e1bb\u00e1 <strong>egy\u00fctt gondolkodhatsz, dolgozhatsz<\/strong> egy inspir\u00e1l\u00f3 szakmai k\u00f6z\u00f6ss\u00e9g tagjaival. <\/p>\n\n\n\n<p>Mindezt r\u00e1ad\u00e1sul <strong>j\u00f3 hangulatban<\/strong>: sokszor pl. el\u0151z\u0151 este, vacsor\u00e1val kezd\u0151dik a program inform\u00e1lis r\u00e9sze.<\/p>\n<\/div>\n<\/div>\n\n\n\n<div style=\"height:30px\" aria-hidden=\"true\" class=\"wp-block-spacer\"><\/div>\n\n\n\n<h2 class=\"wp-block-heading has-text-align-center\" id=\"projektalapu-gyakorlati-lean-program-nemzetkozi-tanusitassal\"><strong>Project-based practical lean program with international certificate<\/strong><\/h2>\n\n\n\n<div style=\"height:20px\" aria-hidden=\"true\" class=\"wp-block-spacer\"><\/div>\n\n\n\n<figure class=\"wp-block-image size-full\"><img loading=\"lazy\" decoding=\"async\" width=\"1000\" height=\"387\" src=\"https:\/\/lean.org.hu\/wp-content\/uploads\/2020\/11\/Map.jpg\" alt=\"Lean Practitioner Program\" class=\"wp-image-3611\" srcset=\"https:\/\/lean.org.hu\/wp-content\/uploads\/2020\/11\/Map.jpg 1000w, https:\/\/lean.org.hu\/wp-content\/uploads\/2020\/11\/Map-200x77.jpg 200w, https:\/\/lean.org.hu\/wp-content\/uploads\/2020\/11\/Map-300x116.jpg 300w, https:\/\/lean.org.hu\/wp-content\/uploads\/2020\/11\/Map-768x297.jpg 768w, https:\/\/lean.org.hu\/wp-content\/uploads\/2020\/11\/Map-16x6.jpg 16w\" sizes=\"(max-width: 1000px) 100vw, 1000px\" \/><\/figure>\n\n\n\n<div style=\"height:20px\" aria-hidden=\"true\" class=\"wp-block-spacer\"><\/div>\n\n\n\n<div class=\"wp-block-buttons is-content-justification-center is-layout-flex wp-block-buttons-is-layout-flex\">\n<div class=\"wp-block-button\"><a class=\"wp-block-button__link\" href=\"https:\/\/lean.org.hu\/en\/visszahivast-kerek\/\" style=\"border-radius:5px\" target=\"_blank\" rel=\"noreferrer noopener\">Call me back<\/a><\/div>\n<\/div>\n\n\n\n<div style=\"height:40px\" aria-hidden=\"true\" class=\"wp-block-spacer\"><\/div>\n\n\n\n<h2 class=\"wp-block-heading has-text-align-center\" id=\"ajanlott-szakirodalom\"><strong>Recommended literature<\/strong><\/h2>\n\n\n\n<div style=\"height:20px\" aria-hidden=\"true\" class=\"wp-block-spacer\"><\/div>\n\n\n\n<div class=\"wp-block-columns is-layout-flex wp-container-core-columns-is-layout-9d6595d7 wp-block-columns-is-layout-flex\">\n<div class=\"wp-block-column is-layout-flow wp-block-column-is-layout-flow\">\n<div class=\"wp-block-columns is-layout-flex wp-container-core-columns-is-layout-9d6595d7 wp-block-columns-is-layout-flex\">\n<div class=\"wp-block-column is-layout-flow wp-block-column-is-layout-flow\">\n<figure class=\"wp-block-image size-full is-style-rounded\"><img loading=\"lazy\" decoding=\"async\" width=\"300\" height=\"300\" src=\"https:\/\/lean.org.hu\/wp-content\/uploads\/2020\/11\/Lean-szemle\u0301let.jpg\" alt=\"Lean szeml\u00e9let\" class=\"wp-image-3774\" srcset=\"https:\/\/lean.org.hu\/wp-content\/uploads\/2020\/11\/Lean-szemle\u0301let.jpg 300w, https:\/\/lean.org.hu\/wp-content\/uploads\/2020\/11\/Lean-szemle\u0301let-200x200.jpg 200w, https:\/\/lean.org.hu\/wp-content\/uploads\/2020\/11\/Lean-szemle\u0301let-100x100.jpg 100w, https:\/\/lean.org.hu\/wp-content\/uploads\/2020\/11\/Lean-szemle\u0301let-150x150.jpg 150w\" sizes=\"(max-width: 300px) 100vw, 300px\" \/><\/figure>\n\n\n\n<p class=\"has-text-align-center translation-block\">Lean Thinking<\/p>\n<\/div>\n\n\n\n<div class=\"wp-block-column is-layout-flow wp-block-column-is-layout-flow\">\n<figure class=\"wp-block-image size-full is-style-rounded\"><img loading=\"lazy\" decoding=\"async\" width=\"300\" height=\"300\" src=\"https:\/\/lean.org.hu\/wp-content\/uploads\/2020\/11\/A-menedzsment-munka\u0301ja.jpg\" alt=\"A menedzsment munk\u00e1ja\" class=\"wp-image-3776\" srcset=\"https:\/\/lean.org.hu\/wp-content\/uploads\/2020\/11\/A-menedzsment-munka\u0301ja.jpg 300w, https:\/\/lean.org.hu\/wp-content\/uploads\/2020\/11\/A-menedzsment-munka\u0301ja-200x200.jpg 200w, https:\/\/lean.org.hu\/wp-content\/uploads\/2020\/11\/A-menedzsment-munka\u0301ja-100x100.jpg 100w, https:\/\/lean.org.hu\/wp-content\/uploads\/2020\/11\/A-menedzsment-munka\u0301ja-150x150.jpg 150w\" sizes=\"(max-width: 300px) 100vw, 300px\" \/><\/figure>\n\n\n\n<p class=\"has-text-align-center translation-block\">The Work of Management<\/p>\n<\/div>\n\n\n\n<div class=\"wp-block-column is-layout-flow wp-block-column-is-layout-flow\">\n<figure class=\"wp-block-image size-full is-style-rounded\"><img loading=\"lazy\" decoding=\"async\" width=\"300\" height=\"300\" src=\"https:\/\/lean.org.hu\/wp-content\/uploads\/2020\/11\/A-tisztelet-ereje.jpg\" alt=\"A tisztelet ereje\" class=\"wp-image-3777\" srcset=\"https:\/\/lean.org.hu\/wp-content\/uploads\/2020\/11\/A-tisztelet-ereje.jpg 300w, https:\/\/lean.org.hu\/wp-content\/uploads\/2020\/11\/A-tisztelet-ereje-200x200.jpg 200w, https:\/\/lean.org.hu\/wp-content\/uploads\/2020\/11\/A-tisztelet-ereje-100x100.jpg 100w, https:\/\/lean.org.hu\/wp-content\/uploads\/2020\/11\/A-tisztelet-ereje-150x150.jpg 150w\" sizes=\"(max-width: 300px) 100vw, 300px\" \/><\/figure>\n\n\n\n<p class=\"has-text-align-center translation-block\">Lead with Respect<\/p>\n<\/div>\n<\/div>\n<\/div>\n\n\n\n<div class=\"wp-block-column is-layout-flow wp-block-column-is-layout-flow\">\n<div class=\"wp-block-columns is-layout-flex wp-container-core-columns-is-layout-9d6595d7 wp-block-columns-is-layout-flex\">\n<div class=\"wp-block-column is-layout-flow wp-block-column-is-layout-flow\">\n<figure class=\"wp-block-image size-full is-style-rounded\"><img loading=\"lazy\" decoding=\"async\" width=\"300\" height=\"300\" src=\"https:\/\/lean.org.hu\/wp-content\/uploads\/2020\/11\/Gemba-se\u0301ta\u0301k.jpg\" alt=\"Gemba-s\u00e9t\u00e1k\" class=\"wp-image-3778\" srcset=\"https:\/\/lean.org.hu\/wp-content\/uploads\/2020\/11\/Gemba-se\u0301ta\u0301k.jpg 300w, https:\/\/lean.org.hu\/wp-content\/uploads\/2020\/11\/Gemba-se\u0301ta\u0301k-200x200.jpg 200w, https:\/\/lean.org.hu\/wp-content\/uploads\/2020\/11\/Gemba-se\u0301ta\u0301k-100x100.jpg 100w, https:\/\/lean.org.hu\/wp-content\/uploads\/2020\/11\/Gemba-se\u0301ta\u0301k-150x150.jpg 150w\" sizes=\"(max-width: 300px) 100vw, 300px\" \/><\/figure>\n\n\n\n<p class=\"has-text-align-center translation-block\">Gemba Walks<\/p>\n<\/div>\n\n\n\n<div class=\"wp-block-column is-layout-flow wp-block-column-is-layout-flow\">\n<figure class=\"wp-block-image size-full is-style-rounded\"><img loading=\"lazy\" decoding=\"async\" width=\"300\" height=\"300\" src=\"https:\/\/lean.org.hu\/wp-content\/uploads\/2020\/11\/Lean-proble\u0301mamegoldo\u0301k-ke\u0301ziko\u0308nyve.jpg\" alt=\"Lean probl\u00e9mamegold\u00f3k k\u00e9zik\u00f6nyve\" class=\"wp-image-3779\" srcset=\"https:\/\/lean.org.hu\/wp-content\/uploads\/2020\/11\/Lean-proble\u0301mamegoldo\u0301k-ke\u0301ziko\u0308nyve.jpg 300w, https:\/\/lean.org.hu\/wp-content\/uploads\/2020\/11\/Lean-proble\u0301mamegoldo\u0301k-ke\u0301ziko\u0308nyve-200x200.jpg 200w, https:\/\/lean.org.hu\/wp-content\/uploads\/2020\/11\/Lean-proble\u0301mamegoldo\u0301k-ke\u0301ziko\u0308nyve-100x100.jpg 100w, https:\/\/lean.org.hu\/wp-content\/uploads\/2020\/11\/Lean-proble\u0301mamegoldo\u0301k-ke\u0301ziko\u0308nyve-150x150.jpg 150w\" sizes=\"(max-width: 300px) 100vw, 300px\" \/><\/figure>\n\n\n\n<p class=\"has-text-align-center has-normal-font-size\">Lean probl\u00e9ma-megold\u00f3k k\u00e9zik\u00f6nyve<\/p>\n<\/div>\n\n\n\n<div class=\"wp-block-column is-layout-flow wp-block-column-is-layout-flow\">\n<figure class=\"wp-block-image size-full is-style-rounded\"><img loading=\"lazy\" decoding=\"async\" width=\"300\" height=\"300\" src=\"https:\/\/lean.org.hu\/wp-content\/uploads\/2020\/11\/Vezesd-a-tanula\u0301st.jpg\" alt=\"Vezesd a tanul\u00e1st\" class=\"wp-image-3780\" srcset=\"https:\/\/lean.org.hu\/wp-content\/uploads\/2020\/11\/Vezesd-a-tanula\u0301st.jpg 300w, https:\/\/lean.org.hu\/wp-content\/uploads\/2020\/11\/Vezesd-a-tanula\u0301st-200x200.jpg 200w, https:\/\/lean.org.hu\/wp-content\/uploads\/2020\/11\/Vezesd-a-tanula\u0301st-100x100.jpg 100w, https:\/\/lean.org.hu\/wp-content\/uploads\/2020\/11\/Vezesd-a-tanula\u0301st-150x150.jpg 150w\" sizes=\"(max-width: 300px) 100vw, 300px\" \/><\/figure>\n\n\n\n<p class=\"has-text-align-center translation-block\">Managing to Learn<\/p>\n<\/div>\n<\/div>\n<\/div>\n<\/div>","protected":false},"excerpt":{"rendered":"","protected":false},"author":2,"featured_media":0,"parent":0,"menu_order":0,"comment_status":"closed","ping_status":"closed","template":"","meta":{"_eb_attr":"","footnotes":""},"class_list":{"0":"post-3525","1":"page","2":"type-page","3":"status-publish","5":"infinite-scroll-item","6":"no-featured-image-padding"},"featured_image_src":null,"yoast_head":"<!-- This site is optimized with the Yoast SEO plugin v27.5 - https:\/\/yoast.com\/product\/yoast-seo-wordpress\/ -->\n<title>Lean Practitioner Program (LPP) - LEI<\/title>\n<meta name=\"description\" content=\"A 10 napos projektalap\u00fa Lean Practitioner Program a Lean Global Network (LGN) LEI tagszervezetei \u00e1ltal k\u00f6z\u00f6sen kidolgozott m\u00f3dszertanra \u00e9p\u00fcl.\" \/>\n<meta name=\"robots\" content=\"index, follow, max-snippet:-1, max-image-preview:large, max-video-preview:-1\" \/>\n<link rel=\"canonical\" href=\"https:\/\/lean.org.hu\/en\/lpp\/\" \/>\n<meta property=\"og:locale\" content=\"en_GB\" \/>\n<meta property=\"og:type\" content=\"article\" \/>\n<meta property=\"og:title\" content=\"Lean Practitioner Program (LPP)\" \/>\n<meta property=\"og:description\" content=\"A 10 napos projektalap\u00fa Lean Practitioner Program a Lean Global Network (LGN) LEI tagszervezetei \u00e1ltal k\u00f6z\u00f6sen kidolgozott m\u00f3dszertanra \u00e9p\u00fcl.\" \/>\n<meta property=\"og:url\" content=\"https:\/\/lean.org.hu\/en\/lpp\/\" \/>\n<meta property=\"og:site_name\" content=\"LEI\" \/>\n<meta property=\"article:publisher\" content=\"https:\/\/www.facebook.com\/LEI.Hungary\" \/>\n<meta property=\"article:modified_time\" content=\"2026-03-13T13:03:31+00:00\" \/>\n<meta property=\"og:image\" content=\"https:\/\/lean.org.hu\/wp-content\/uploads\/2024\/08\/20.-LPP_SEO__mailchimp.png\" \/>\n\t<meta property=\"og:image:width\" content=\"1200\" \/>\n\t<meta property=\"og:image:height\" content=\"628\" \/>\n\t<meta property=\"og:image:type\" content=\"image\/png\" \/>\n<meta name=\"twitter:card\" content=\"summary_large_image\" \/>\n<meta name=\"twitter:label1\" content=\"Estimated reading time\" \/>\n\t<meta name=\"twitter:data1\" content=\"15 minutes\" \/>\n<script type=\"application\/ld+json\" class=\"yoast-schema-graph\">{\"@context\":\"https:\\\/\\\/schema.org\",\"@graph\":[{\"@type\":\"WebPage\",\"@id\":\"https:\\\/\\\/lean.org.hu\\\/lpp\\\/\",\"url\":\"https:\\\/\\\/lean.org.hu\\\/lpp\\\/\",\"name\":\"Lean Practitioner Program (LPP) - LEI\",\"isPartOf\":{\"@id\":\"https:\\\/\\\/lean.org.hu\\\/#website\"},\"primaryImageOfPage\":{\"@id\":\"https:\\\/\\\/lean.org.hu\\\/lpp\\\/#primaryimage\"},\"image\":{\"@id\":\"https:\\\/\\\/lean.org.hu\\\/lpp\\\/#primaryimage\"},\"thumbnailUrl\":\"https:\\\/\\\/lean.org.hu\\\/wp-content\\\/uploads\\\/2020\\\/11\\\/01_projektalapu-lean-kepzes.jpg\",\"datePublished\":\"2020-11-03T14:56:39+00:00\",\"dateModified\":\"2026-03-13T13:03:31+00:00\",\"description\":\"A 10 napos projektalap\u00fa Lean Practitioner Program a Lean Global Network (LGN) LEI tagszervezetei \u00e1ltal k\u00f6z\u00f6sen kidolgozott m\u00f3dszertanra \u00e9p\u00fcl.\",\"breadcrumb\":{\"@id\":\"https:\\\/\\\/lean.org.hu\\\/lpp\\\/#breadcrumb\"},\"inLanguage\":\"en-GB\",\"potentialAction\":[{\"@type\":\"ReadAction\",\"target\":[\"https:\\\/\\\/lean.org.hu\\\/lpp\\\/\"]}]},{\"@type\":\"ImageObject\",\"inLanguage\":\"en-GB\",\"@id\":\"https:\\\/\\\/lean.org.hu\\\/lpp\\\/#primaryimage\",\"url\":\"https:\\\/\\\/lean.org.hu\\\/wp-content\\\/uploads\\\/2020\\\/11\\\/01_projektalapu-lean-kepzes.jpg\",\"contentUrl\":\"https:\\\/\\\/lean.org.hu\\\/wp-content\\\/uploads\\\/2020\\\/11\\\/01_projektalapu-lean-kepzes.jpg\"},{\"@type\":\"BreadcrumbList\",\"@id\":\"https:\\\/\\\/lean.org.hu\\\/lpp\\\/#breadcrumb\",\"itemListElement\":[{\"@type\":\"ListItem\",\"position\":1,\"name\":\"Kezd\u0151lap\",\"item\":\"https:\\\/\\\/lean.org.hu\\\/\"},{\"@type\":\"ListItem\",\"position\":2,\"name\":\"Lean Practitioner Program (LPP)\"}]},{\"@type\":\"WebSite\",\"@id\":\"https:\\\/\\\/lean.org.hu\\\/#website\",\"url\":\"https:\\\/\\\/lean.org.hu\\\/\",\"name\":\"LEI\",\"description\":\"\",\"publisher\":{\"@id\":\"https:\\\/\\\/lean.org.hu\\\/#organization\"},\"potentialAction\":[{\"@type\":\"SearchAction\",\"target\":{\"@type\":\"EntryPoint\",\"urlTemplate\":\"https:\\\/\\\/lean.org.hu\\\/?s={search_term_string}\"},\"query-input\":{\"@type\":\"PropertyValueSpecification\",\"valueRequired\":true,\"valueName\":\"search_term_string\"}}],\"inLanguage\":\"en-GB\"},{\"@type\":\"Organization\",\"@id\":\"https:\\\/\\\/lean.org.hu\\\/#organization\",\"name\":\"LEI\",\"url\":\"https:\\\/\\\/lean.org.hu\\\/\",\"logo\":{\"@type\":\"ImageObject\",\"inLanguage\":\"en-GB\",\"@id\":\"https:\\\/\\\/lean.org.hu\\\/#\\\/schema\\\/logo\\\/image\\\/\",\"url\":\"https:\\\/\\\/lean.org.hu\\\/wp-content\\\/uploads\\\/2020\\\/07\\\/cropped-lean_logo_final_color_horizontal.png\",\"contentUrl\":\"https:\\\/\\\/lean.org.hu\\\/wp-content\\\/uploads\\\/2020\\\/07\\\/cropped-lean_logo_final_color_horizontal.png\",\"width\":779,\"height\":288,\"caption\":\"LEI\"},\"image\":{\"@id\":\"https:\\\/\\\/lean.org.hu\\\/#\\\/schema\\\/logo\\\/image\\\/\"},\"sameAs\":[\"https:\\\/\\\/www.facebook.com\\\/LEI.Hungary\",\"https:\\\/\\\/www.linkedin.com\\\/company\\\/lean-enterprise-institute-hungary\"]}]}<\/script>\n<!-- \/ Yoast SEO plugin. -->","yoast_head_json":{"title":"Lean Practitioner Program (LPP) - LEI","description":"A 10 napos projektalap\u00fa Lean Practitioner Program a Lean Global Network (LGN) LEI tagszervezetei \u00e1ltal k\u00f6z\u00f6sen kidolgozott m\u00f3dszertanra \u00e9p\u00fcl.","robots":{"index":"index","follow":"follow","max-snippet":"max-snippet:-1","max-image-preview":"max-image-preview:large","max-video-preview":"max-video-preview:-1"},"canonical":"https:\/\/lean.org.hu\/en\/lpp\/","og_locale":"en_GB","og_type":"article","og_title":"Lean Practitioner Program (LPP)","og_description":"A 10 napos projektalap\u00fa Lean Practitioner Program a Lean Global Network (LGN) LEI tagszervezetei \u00e1ltal k\u00f6z\u00f6sen kidolgozott m\u00f3dszertanra \u00e9p\u00fcl.","og_url":"https:\/\/lean.org.hu\/en\/lpp\/","og_site_name":"LEI","article_publisher":"https:\/\/www.facebook.com\/LEI.Hungary","article_modified_time":"2026-03-13T13:03:31+00:00","og_image":[{"width":1200,"height":628,"url":"https:\/\/lean.org.hu\/wp-content\/uploads\/2024\/08\/20.-LPP_SEO__mailchimp.png","type":"image\/png"}],"twitter_card":"summary_large_image","twitter_misc":{"Estimated reading time":"15 minutes"},"schema":{"@context":"https:\/\/schema.org","@graph":[{"@type":"WebPage","@id":"https:\/\/lean.org.hu\/lpp\/","url":"https:\/\/lean.org.hu\/lpp\/","name":"Lean Practitioner Program (LPP) - LEI","isPartOf":{"@id":"https:\/\/lean.org.hu\/#website"},"primaryImageOfPage":{"@id":"https:\/\/lean.org.hu\/lpp\/#primaryimage"},"image":{"@id":"https:\/\/lean.org.hu\/lpp\/#primaryimage"},"thumbnailUrl":"https:\/\/lean.org.hu\/wp-content\/uploads\/2020\/11\/01_projektalapu-lean-kepzes.jpg","datePublished":"2020-11-03T14:56:39+00:00","dateModified":"2026-03-13T13:03:31+00:00","description":"A 10 napos projektalap\u00fa Lean Practitioner Program a Lean Global Network (LGN) LEI tagszervezetei \u00e1ltal k\u00f6z\u00f6sen kidolgozott m\u00f3dszertanra \u00e9p\u00fcl.","breadcrumb":{"@id":"https:\/\/lean.org.hu\/lpp\/#breadcrumb"},"inLanguage":"en-GB","potentialAction":[{"@type":"ReadAction","target":["https:\/\/lean.org.hu\/lpp\/"]}]},{"@type":"ImageObject","inLanguage":"en-GB","@id":"https:\/\/lean.org.hu\/lpp\/#primaryimage","url":"https:\/\/lean.org.hu\/wp-content\/uploads\/2020\/11\/01_projektalapu-lean-kepzes.jpg","contentUrl":"https:\/\/lean.org.hu\/wp-content\/uploads\/2020\/11\/01_projektalapu-lean-kepzes.jpg"},{"@type":"BreadcrumbList","@id":"https:\/\/lean.org.hu\/lpp\/#breadcrumb","itemListElement":[{"@type":"ListItem","position":1,"name":"Kezd\u0151lap","item":"https:\/\/lean.org.hu\/"},{"@type":"ListItem","position":2,"name":"Lean Practitioner Program (LPP)"}]},{"@type":"WebSite","@id":"https:\/\/lean.org.hu\/#website","url":"https:\/\/lean.org.hu\/","name":"LEI","description":"","publisher":{"@id":"https:\/\/lean.org.hu\/#organization"},"potentialAction":[{"@type":"SearchAction","target":{"@type":"EntryPoint","urlTemplate":"https:\/\/lean.org.hu\/?s={search_term_string}"},"query-input":{"@type":"PropertyValueSpecification","valueRequired":true,"valueName":"search_term_string"}}],"inLanguage":"en-GB"},{"@type":"Organization","@id":"https:\/\/lean.org.hu\/#organization","name":"LEI","url":"https:\/\/lean.org.hu\/","logo":{"@type":"ImageObject","inLanguage":"en-GB","@id":"https:\/\/lean.org.hu\/#\/schema\/logo\/image\/","url":"https:\/\/lean.org.hu\/wp-content\/uploads\/2020\/07\/cropped-lean_logo_final_color_horizontal.png","contentUrl":"https:\/\/lean.org.hu\/wp-content\/uploads\/2020\/07\/cropped-lean_logo_final_color_horizontal.png","width":779,"height":288,"caption":"LEI"},"image":{"@id":"https:\/\/lean.org.hu\/#\/schema\/logo\/image\/"},"sameAs":["https:\/\/www.facebook.com\/LEI.Hungary","https:\/\/www.linkedin.com\/company\/lean-enterprise-institute-hungary"]}]}},"_links":{"self":[{"href":"https:\/\/lean.org.hu\/en\/wp-json\/wp\/v2\/pages\/3525","targetHints":{"allow":["GET"]}}],"collection":[{"href":"https:\/\/lean.org.hu\/en\/wp-json\/wp\/v2\/pages"}],"about":[{"href":"https:\/\/lean.org.hu\/en\/wp-json\/wp\/v2\/types\/page"}],"author":[{"embeddable":true,"href":"https:\/\/lean.org.hu\/en\/wp-json\/wp\/v2\/users\/2"}],"replies":[{"embeddable":true,"href":"https:\/\/lean.org.hu\/en\/wp-json\/wp\/v2\/comments?post=3525"}],"version-history":[{"count":7,"href":"https:\/\/lean.org.hu\/en\/wp-json\/wp\/v2\/pages\/3525\/revisions"}],"predecessor-version":[{"id":151397,"href":"https:\/\/lean.org.hu\/en\/wp-json\/wp\/v2\/pages\/3525\/revisions\/151397"}],"wp:attachment":[{"href":"https:\/\/lean.org.hu\/en\/wp-json\/wp\/v2\/media?parent=3525"}],"curies":[{"name":"wp","href":"https:\/\/api.w.org\/{rel}","templated":true}]}}