{"id":2573,"date":"2020-10-07T06:48:54","date_gmt":"2020-10-07T06:48:54","guid":{"rendered":"http:\/\/generaciokpartnere.hu\/leiwp\/?page_id=2573"},"modified":"2026-04-28T09:22:57","modified_gmt":"2026-04-28T07:22:57","slug":"lean-allashirdetesek","status":"publish","type":"page","link":"https:\/\/lean.org.hu\/en\/allashirdetesek\/","title":{"rendered":"Lean \u00e1ll\u00e1shirdet\u00e9sek"},"content":{"rendered":"<div style=\"height:30px\" aria-hidden=\"true\" class=\"wp-block-spacer\"><\/div>\n\n\n\n<h2 class=\"wp-block-heading has-text-align-center\" id=\"lean-allashirdetesek\"><strong>Lean \u00e1ll\u00e1shirdet\u00e9sek<\/strong><\/h2>\n\n\n\n<div style=\"height:30px\" aria-hidden=\"true\" class=\"wp-block-spacer\"><\/div>\n\n\n\n<p class=\"has-text-align-center\">Tagv\u00e1llalataink&nbsp;<strong>leanes munkat\u00e1rsat<\/strong>&nbsp;keres\u0151 \u00e1ll\u00e1shirdet\u00e9s\u00e9t feltessz\u00fck weboldalunkra, megosztjuk Facebook \u00e9s LinkedIn fel\u00fcleteinken, valamint kik\u00fcldj\u00fck aktu\u00e1lis h\u00edrlevel\u00fcnkben.<\/p>\n\n\n<div class=\"wp-block-image\">\n<figure class=\"aligncenter size-full\"><img fetchpriority=\"high\" decoding=\"async\" width=\"800\" height=\"170\" src=\"https:\/\/lean.org.hu\/wp-content\/uploads\/2020\/10\/aktualit\u00e1sok_f\u0151oldalra-e1602053161335.jpg\" alt=\"Lean \u00c1ll\u00e1shirdet\u00e9s\" class=\"wp-image-2576\" srcset=\"https:\/\/lean.org.hu\/wp-content\/uploads\/2020\/10\/aktualit\u00e1sok_f\u0151oldalra-e1602053161335.jpg 800w, https:\/\/lean.org.hu\/wp-content\/uploads\/2020\/10\/aktualit\u00e1sok_f\u0151oldalra-e1602053161335-200x43.jpg 200w, https:\/\/lean.org.hu\/wp-content\/uploads\/2020\/10\/aktualit\u00e1sok_f\u0151oldalra-e1602053161335-300x64.jpg 300w, https:\/\/lean.org.hu\/wp-content\/uploads\/2020\/10\/aktualit\u00e1sok_f\u0151oldalra-e1602053161335-768x163.jpg 768w\" sizes=\"(max-width: 800px) 100vw, 800px\" \/><\/figure><\/div>\n\n\n<h2 class=\"wp-block-heading has-text-align-center\" id=\"hirdetoknek\"><strong>Hirdet\u0151knek<\/strong><\/h2>\n\n\n\n<p class=\"has-text-align-center\">K\u00e9rj\u00fck, amennyiben v\u00e1llalatotok lean szak\u00e9rt\u0151 munkat\u00e1rsat keres, akkor t\u00f6ltsd ki az al\u00e1bbi \u0171rlapot \u00e9s k\u00fcldd el nek\u00fcnk az&nbsp;<a href=\"mailto:info@lean.org.hu\">info@lean.org.hu<\/a>&nbsp;e-mail c\u00edmre!<\/p>\n\n\n\n<div class=\"wp-block-buttons is-content-justification-center is-layout-flex wp-container-core-buttons-is-layout-16018d1d wp-block-buttons-is-layout-flex\">\n<div class=\"wp-block-button\"><a class=\"wp-block-button__link wp-element-button\" href=\"https:\/\/drive.google.com\/file\/d\/1JBh5-Neh-Bf8fz1PCfsih07VkBnqSk3_\/view\" target=\"_blank\" rel=\"noreferrer noopener\">\u00c1ll\u00e1shirdet\u00e9si \u0171rlap<\/a><\/div>\n<\/div>\n\n\n\n<div style=\"height:30px\" aria-hidden=\"true\" class=\"wp-block-spacer\"><\/div>\n\n\n\n<h2 class=\"wp-block-heading has-text-align-center\" id=\"keskeny\"><strong>P\u00e1ly\u00e1z\u00f3knak<\/strong><\/h2>\n\n\n\n<div style=\"height:30px\" aria-hidden=\"true\" class=\"wp-block-spacer\"><\/div>\n\n\n\n<div class=\"wp-block-group\"><div class=\"wp-block-group__inner-container is-layout-flow wp-block-group-is-layout-flow\">\n<div class=\"wp-block-columns is-layout-flex wp-container-core-columns-is-layout-9d6595d7 wp-block-columns-is-layout-flex\">\n<div class=\"wp-block-column is-layout-flow wp-block-column-is-layout-flow\" style=\"flex-basis:66.66%\">\n<h2 class=\"wp-block-heading\" id=\"lego\"><strong>C\u00e9g neve:<\/strong> <strong><strong>Keskeny \u00e9s T\u00e1rsai 2001 Kft.<\/strong><\/strong><\/h2>\n\n\n\n<h2 class=\"wp-block-heading\" id=\"tecnica-cip-manager\"><strong>Munkak\u00f6r:<\/strong> CI Manager<\/h2>\n<\/div>\n\n\n\n<div class=\"wp-block-column is-layout-flow wp-block-column-is-layout-flow\" style=\"flex-basis:33.33%\"><div class=\"wp-block-image\">\n<figure class=\"aligncenter size-full\"><img decoding=\"async\" width=\"250\" height=\"125\" src=\"https:\/\/lean.org.hu\/wp-content\/uploads\/2021\/08\/keskeny.png\" alt=\"\" class=\"wp-image-149883\" srcset=\"https:\/\/lean.org.hu\/wp-content\/uploads\/2021\/08\/keskeny.png 250w, https:\/\/lean.org.hu\/wp-content\/uploads\/2021\/08\/keskeny-18x9.png 18w, https:\/\/lean.org.hu\/wp-content\/uploads\/2021\/08\/keskeny-200x100.png 200w\" sizes=\"(max-width: 250px) 100vw, 250px\" \/><\/figure><\/div><\/div>\n<\/div>\n\n\n\n<p><strong>Kik vagyunk?<\/strong><\/p>\n\n\n\n<p>Egy <strong>550 f\u0151s, komplex gy\u00e1rt\u00e1si k\u00f6rnyezetben m\u0171k\u00f6d\u0151 nyomdaipari v\u00e1llalat<\/strong>, ahol<br>ofszet \u00e9s digit\u00e1lis nyomtat\u00e1s, stancol\u00e1s, k\u00f6t\u00e9szet, falt \u00e9s rigid doboz gy\u00e1rt\u00e1s m\u0171k\u00f6dik egy rendszerben. A Lean utunk <strong>elej\u00e9n j\u00e1runk<\/strong>, nem \u201ebevezetni\u201d akarjuk, hanem a teljes szervezet m\u0171k\u00f6d\u00e9si rendszer\u00e9v\u00e9 tenni.<\/p>\n\n\n\n<p><\/p>\n\n\n\n<h3 class=\"wp-block-heading\"><strong><em><strong><strong>A szerep val\u00f3di c\u00e9lja<\/strong> <\/strong><\/em><\/strong><\/h3>\n\n\n\n<ul class=\"wp-block-list\">\n<li>Olyan <strong>stabil, \u00e1tl\u00e1that\u00f3, flow-alap\u00fa m\u0171k\u00f6d\u00e9si rendszer<\/strong> kialak\u00edt\u00e1sa, ahol: az \u00e1tfut\u00e1si id\u0151k cs\u00f6kkennek, a WIP kontroll\u00e1lt, a probl\u00e9m\u00e1k l\u00e1that\u00f3k, a fejleszt\u00e9sek nem m\u00falnak el a projekt v\u00e9g\u00e9n. <\/li>\n\n\n\n<li>Ez <strong>nem szak\u00e9rt\u0151i<\/strong> szerep.<\/li>\n\n\n\n<li>Ez <strong>vezet\u0151i hat\u00e1sgyakorl\u00e1sr\u00f3l, rendszer\u00e9p\u00edt\u00e9sr\u0151l \u00e9s hossz\u00fa t\u00e1v\u00fa be\u00e1gyaz\u00e1sr\u00f3l<\/strong> sz\u00f3l.<\/li>\n<\/ul>\n<\/div><\/div>\n\n\n\n<div class=\"wp-block-group\"><div class=\"wp-block-group__inner-container is-layout-flow wp-block-group-is-layout-flow\">\n<h3 class=\"wp-block-heading\"><strong><em><strong><strong>F\u0151 felel\u0151ss\u00e9gek:<\/strong><\/strong><\/em><\/strong><\/h3>\n\n\n\n<ul class=\"wp-block-list\">\n<li><strong>&nbsp;M\u0171k\u00f6d\u00e9si rendszer \u00e9p\u00edt\u00e9se<\/strong>\n<ul class=\"wp-block-list\">\n<li>\u00c9rt\u00e9kfolyamatok (VSM) felt\u00e9rk\u00e9pez\u00e9se \u00e9s \u00fajragondol\u00e1sa<\/li>\n\n\n\n<li>Flow, \u00e1tfut\u00e1si id\u0151, WIP \u00e9s kapacit\u00e1s f\u00f3kusz\u00fa fejleszt\u00e9sek<\/li>\n\n\n\n<li>Sz\u0171k keresztmetszetek azonos\u00edt\u00e1sa \u00e9s kezel\u00e9se<\/li>\n<\/ul>\n<\/li>\n\n\n\n<li><strong>&nbsp;Vezet\u0151i m\u0171k\u00f6d\u00e9s fejleszt\u00e9se<\/strong>\n<ul class=\"wp-block-list\">\n<li>Napi Gemba alap\u00fa vezet\u0151i rutinok fejleszt\u00e9se, hi\u00e1nyz\u00f3 ter\u00fcleteken bevezet\u00e9se<\/li>\n\n\n\n<li>Vizu\u00e1lis menedzsment \u00e9s feh\u00e9rt\u00e1bl\u00e1s m\u0171k\u00f6d\u00e9s fejlszt\u00e9se, hi\u00e1nyz\u00f3 terl\u00fcleteken bevezet\u00e9se<\/li>\n\n\n\n<li>KPI-ok \u00e9s <strong>konkr\u00e9t vezet\u0151i akci\u00f3k<\/strong> \u00f6sszekapcsol\u00e1sa<\/li>\n\n\n\n<li>Vezet\u0151k t\u00e1mogat\u00e1sa abban, hogy <strong>ne megoldjanak<\/strong>, hanem ir\u00e1ny\u00edtsanak<\/li>\n<\/ul>\n<\/li>\n\n\n\n<li><strong>&nbsp;Probl\u00e9mamegold\u00e1s<\/strong>\n<ul class=\"wp-block-list\">\n<li>A3 \u00e9s PDCA m\u00f3dszertan tan\u00edt\u00e1sa, nem \u201eadminisztr\u00e1l\u00e1sa\u201d<\/li>\n\n\n\n<li>Gy\u00f6k\u00e9rok elemz\u00e9sek facilit\u00e1l\u00e1sa<\/li>\n\n\n\n<li>Vezet\u0151k Lean szeml\u00e9let\u0171 fejleszt\u00e9se<\/li>\n\n\n\n<li>\u201eT\u00fcnetkezel\u00e9s\u201d helyett <strong>rendszerszint\u0171 tanul\u00e1s<\/strong><\/li>\n<\/ul>\n<\/li>\n<\/ul>\n\n\n\n<p><\/p>\n\n\n\n<h3 class=\"wp-block-heading\"><strong><em><strong><strong>T\u00e9ged keres\u00fcnk, ha\u2026<\/strong><\/strong><\/em><\/strong><\/h3>\n\n\n\n<ul class=\"wp-block-list\">\n<li><strong>Elv\u00e1r\u00e1sok<\/strong>\n<ul class=\"wp-block-list\">\n<li>Legal\u00e1bb <strong>5 \u00e9v gy\u00e1rt\u00e1si \/ oper\u00e1ci\u00f3s tapasztalatod<\/strong> van<\/li>\n\n\n\n<li>A Lean val\u00f3di alkalmaz\u00e1sa<\/li>\n\n\n\n<li>Rendszerben gondolkodsz, nem eszk\u00f6zlist\u00e1kban<\/li>\n\n\n\n<li>Tudsz \u00e9s mersz <strong>vezet\u0151kkel dolgozni<\/strong><\/li>\n\n\n\n<li>Konfliktust v\u00e1llalsz, ha a m\u0171k\u00f6d\u00e9s ezt k\u00edv\u00e1nja<\/li>\n<\/ul>\n<\/li>\n\n\n\n<li><strong>El\u0151ny<\/strong>\n<ul class=\"wp-block-list\">\n<li>Nyomdaipari vagy projekt-alap\u00fa gy\u00e1rt\u00e1si k\u00f6rnyezet<\/li>\n\n\n\n<li>\u00c9rt\u00e9kfolyamat-alap\u00fa m\u0171k\u00f6d\u00e9s kialak\u00edt\u00e1sa<\/li>\n\n\n\n<li>Flow \/ SMED tapasztalat<\/li>\n\n\n\n<li>A3, PDCA <strong>m\u00e9ly haszn\u00e1lata, mentor\u00e1l\u00e1sa<\/strong><\/li>\n<\/ul>\n<\/li>\n<\/ul>\n\n\n\n<h3 class=\"wp-block-heading\"><strong><em><strong><strong><strong>Amit k\u00edn\u00e1lunk<\/strong><\/strong><\/strong><\/em><\/strong><\/h3>\n\n\n\n<ul class=\"wp-block-list\">\n<li><strong>Val\u00f3s befoly\u00e1st<\/strong> a napi m\u0171k\u00f6d\u00e9sre<\/li>\n\n\n\n<li>K\u00f6zvetlen egy\u00fcttm\u0171k\u00f6d\u00e9st fels\u0151vezet\u0151kkel<\/li>\n\n\n\n<li>Nem \u201eLean programot\u201d, hanem <strong>t\u00e9nyleges transzform\u00e1ci\u00f3t<\/strong><\/li>\n\n\n\n<li>K\u00fcls\u0151, coach jelleg\u0171 szak\u00e9rt\u0151i t\u00e1mogat\u00e1st a fejl\u0151d\u00e9shez<\/li>\n<\/ul>\n\n\n\n<p><strong>Jelentkez\u00e9si hat\u00e1rid\u0151: 2026.05.10.<\/strong><\/p>\n\n\n\n<p><strong>Foglalkoztat\u00e1s jellege: <\/strong>alkalmazotti jogviszony<\/p>\n\n\n\n<p><strong>Munkav\u00e9gz\u00e9s helye:<\/strong> 1158 Budapest, R\u00e1kospalotai hat\u00e1r\u00fat 6.<\/p>\n\n\n\n<div class=\"wp-block-buttons is-layout-flex wp-block-buttons-is-layout-flex\">\n<div class=\"wp-block-button aligncenter\"><a class=\"wp-block-button__link wp-element-button\" href=\"https:\/\/karrier.keskeny.hu\/jobs\/ci-manager\" style=\"border-radius:5px\" target=\"_blank\" rel=\"noreferrer noopener\"><strong>JELENTKEZEM!<\/strong><\/a><\/div>\n<\/div>\n\n\n\n<div style=\"height:50px\" aria-hidden=\"true\" class=\"wp-block-spacer\"><\/div>\n<\/div><\/div>\n\n\n\n<h2 class=\"wp-block-heading has-text-align-center\" id=\"eon\"><strong>P\u00e1ly\u00e1z\u00f3knak<\/strong><\/h2>\n\n\n\n<div style=\"height:30px\" aria-hidden=\"true\" class=\"wp-block-spacer\"><\/div>\n\n\n\n<div class=\"wp-block-group\"><div class=\"wp-block-group__inner-container is-layout-flow wp-block-group-is-layout-flow\">\n<div class=\"wp-block-columns is-layout-flex wp-container-core-columns-is-layout-9d6595d7 wp-block-columns-is-layout-flex\">\n<div class=\"wp-block-column is-layout-flow wp-block-column-is-layout-flow\" style=\"flex-basis:66.66%\">\n<h2 class=\"wp-block-heading\" id=\"lego\"><strong>C\u00e9g neve:<\/strong> <strong><strong>E.ON Hung\u00e1ria Zrt.<\/strong><\/strong><\/h2>\n\n\n\n<h2 class=\"wp-block-heading\" id=\"tecnica-cip-manager\"><strong>Munkak\u00f6r:<\/strong> Senior&nbsp;Lean&nbsp;Szak\u00e9rt\u0151<\/h2>\n<\/div>\n\n\n\n<div class=\"wp-block-column is-layout-flow wp-block-column-is-layout-flow\" style=\"flex-basis:33.33%\"><div class=\"wp-block-image\">\n<figure class=\"aligncenter size-full\"><img decoding=\"async\" width=\"406\" height=\"203\" src=\"https:\/\/lean.org.hu\/wp-content\/uploads\/2024\/10\/eloadoceg_eon1.png\" alt=\"\" class=\"wp-image-146090\" srcset=\"https:\/\/lean.org.hu\/wp-content\/uploads\/2024\/10\/eloadoceg_eon1.png 406w, https:\/\/lean.org.hu\/wp-content\/uploads\/2024\/10\/eloadoceg_eon1-300x150.png 300w, https:\/\/lean.org.hu\/wp-content\/uploads\/2024\/10\/eloadoceg_eon1-18x9.png 18w, https:\/\/lean.org.hu\/wp-content\/uploads\/2024\/10\/eloadoceg_eon1-200x100.png 200w\" sizes=\"(max-width: 406px) 100vw, 406px\" \/><\/figure><\/div><\/div>\n<\/div>\n\n\n\n<p>A Strat\u00e9giai \u00e9s M\u0171k\u00f6d\u00e9sfejleszt\u00e9si Igazgat\u00f3s\u00e1g M\u0171k\u00f6d\u00e9sfejleszt\u00e9si oszt\u00e1lya a Strat\u00e9giai ir\u00e1nyt\u0171 M\u0171k\u00f6d\u00e9si dimenzi\u00f3j\u00e1nak m\u00f3dszertani koordin\u00e1ci\u00f3j\u00e1t \u00e9s az \u00fczleti ter\u00fcletek szak\u00e9rt\u0151i, m\u00f3dszertani t\u00e1mogat\u00e1s\u00e1t v\u00e9gzi.<\/p>\n\n\n\n<p><\/p>\n\n\n\n<h3 class=\"wp-block-heading\"><strong><em><strong><strong>Feladatok<\/strong><\/strong><\/em><\/strong><\/h3>\n\n\n\n<ul class=\"wp-block-list\">\n<li>A v\u00e1llalatcsoport strat\u00e9giai t\u00f6rekv\u00e9seit megval\u00f3s\u00edt\u00f3 m\u0171k\u00f6d\u00e9sfejleszt\u00e9si kezdem\u00e9nyez\u00e9seinek m\u00f3dszertani t\u00e1mogat\u00e1sa, az \u00fctemes, hossz\u00fa t\u00e1von is fenntarthat\u00f3 eredm\u00e9ny sz\u00e1ll\u00edt\u00e1s el\u0151seg\u00edt\u00e9se \u00e9rdek\u00e9ben<\/li>\n\n\n\n<li>M\u0171k\u00f6d\u00e9si hat\u00e9konys\u00e1g k\u00e9pviselete, \u00f6szt\u00f6nz\u00e9se a v\u00e1llalatcsoportban &#8211; strat\u00e9giai koordin\u00e1ci\u00f3 folyamati, menedzsment \u00e9s k\u00e9pess\u00e9g szinten<\/li>\n\n\n\n<li>Folyamatok \u00e9s szervezetek m\u0171k\u00f6d\u00e9sfejleszt\u00e9si potenci\u00e1ljainak felt\u00e1r\u00e1sa, struktur\u00e1lt probl\u00e9mamegold\u00e1s eszk\u00f6zeinek alkalmaz\u00e1sa az \u00fczleti ter\u00fcletekkel szoros egy\u00fcttm\u0171k\u00f6d\u00e9sben<\/li>\n\n\n\n<li>Az alkalmazott Lean eszk\u00f6zt\u00e1r b\u0151v\u00edt\u00e9se, m\u00f3dszertan \u00e9s metodol\u00f3gia fejleszt\u00e9se, gyakorlatba \u00fcltet\u00e9s\u00e9nek t\u00e1mogat\u00e1sa<\/li>\n\n\n\n<li>Az adatalap\u00fa d\u00f6nt\u00e9shozatal t\u00e1mogat\u00e1sa a v\u00e1llalatcsoportban, c\u00e9lzott, t\u00e9nyfelt\u00e1r\u00f3 diagnosztikai elj\u00e1r\u00e1sok alkalmaz\u00e1s\u00e1val<\/li>\n\n\n\n<li>Az \u00e9rintett szervezetekn\u00e9l kulcs teljes\u00edtm\u00e9nymutat\u00f3k kidolgoz\u00e1sa, fejleszt\u00e9se, a nyomonk\u00f6vet\u00e9si rendszer kialak\u00edt\u00e1sa<\/li>\n\n\n\n<li>Lean m\u00f3dszertani eszk\u00f6z\u00f6k \u00fczleti ter\u00fcletek c\u00e9ljaihoz \u00e9s probl\u00e9m\u00e1ihoz t\u00f6rt\u00e9n\u0151 adapt\u00e1l\u00e1sa \u00e9s testreszab\u00e1sa<\/li>\n\n\n\n<li>\u00dczleti folyamatok felt\u00e9rk\u00e9pez\u00e9se (MS Visio \u00e9s BIC eszk\u00f6zt\u00e1mogat\u00e1ssal)<\/li>\n\n\n\n<li>Nyitott \u00e9s proakt\u00edv szeml\u00e9letm\u00f3d a v\u00e1llalatcsoporton bel\u00fcli \u00e9s k\u00edv\u00fcli Lean szeml\u00e9let\u0171 m\u0171k\u00f6d\u00e9si gyakorlatok felt\u00e1r\u00e1s\u00e1ban \u00e9s ezek m\u0171k\u00f6d\u00e9sbe illeszt\u00e9s\u00e9ben<\/li>\n\n\n\n<li>R\u00e9szv\u00e9tel nemzetk\u00f6zi folyamatfejleszt\u00e9seket c\u00e9lz\u00f3 kezdem\u00e9nyez\u00e9sekben, projektekben, tud\u00e1smegoszt\u00f3 esem\u00e9nyeken<\/li>\n<\/ul>\n<\/div><\/div>\n\n\n\n<div class=\"wp-block-group\"><div class=\"wp-block-group__inner-container is-layout-flow wp-block-group-is-layout-flow\">\n<h3 class=\"wp-block-heading\"><strong>Elv\u00e1r\u00e1sok<\/strong><\/h3>\n\n\n\n<ul class=\"wp-block-list\">\n<li>Egyetemi \/ f\u0151iskolai v\u00e9gzetts\u00e9g<\/li>\n\n\n\n<li>Legal\u00e1bb 5 \u00e9v munkatapasztalat, ebb\u0151l 3 \u00e9v szakma specifikus m\u0171k\u00f6d\u00e9sfejleszt\u00e9si m\u00f3dszertanok alkalmaz\u00e1s\u00e1ban szerzett tapasztalat<\/li>\n\n\n\n<li>Vezet\u0151k, szak\u00e9rt\u0151k \u00e9s munkat\u00e1rsak fejleszt\u00e9s\u00e9ben szerzett tapasztalat<\/li>\n\n\n\n<li>Vizu\u00e1lis megjelen\u00edt\u00e9st \u00e9s kollabor\u00e1ci\u00f3t t\u00e1mogat\u00f3 digit\u00e1lis eszk\u00f6z\u00f6k haszn\u00e1lat\u00e1ban j\u00e1rtass\u00e1g<\/li>\n\n\n\n<li>L\u00e9nyegre t\u00f6r\u0151, t\u00e9nyszer\u0171 kommunik\u00e1ci\u00f3<\/li>\n\n\n\n<li>T\u00e1rgyal\u00e1si szint\u0171 akt\u00edv angol nyelvismeret<\/li>\n\n\n\n<li>Kiv\u00e1l\u00f3 kapcsolatteremt\u0151 k\u00e9szs\u00e9g<\/li>\n\n\n\n<li>B kateg\u00f3ri\u00e1s jogos\u00edtv\u00e1ny \u00e9s vezet\u00e9si tapasztalat<\/li>\n\n\n\n<li>T\u00f6bb \u00fczleti szektorban szerzett lean szakmai tapasztalat el\u0151ny<\/li>\n<\/ul>\n\n\n\n<p><\/p>\n\n\n\n<h3 class=\"wp-block-heading\"><strong>Amit k\u00edn\u00e1lunk<\/strong><\/h3>\n\n\n\n<ul class=\"wp-block-list\">\n<li>\u00c9ves brutt\u00f3 645.000 Ft Cafeteria keret<\/li>\n\n\n\n<li>36 nap \u00e9ves szabads\u00e1gkeret<\/li>\n\n\n\n<li>B\u00f3nusz &#8211; el\u00e9rhet\u0151 az \u00e9ves alapb\u00e9r 15%-a<\/li>\n\n\n\n<li>\u00c1ramd\u00edj kedvezm\u00e9ny<\/li>\n\n\n\n<li>Rugalmas munkav\u00e9gz\u00e9s &#8211; home office lehet\u0151s\u00e9g<\/li>\n\n\n\n<li>Csoportos \u00e9let- \u00e9s balesetbiztos\u00edt\u00e1s<\/li>\n\n\n\n<li>Biztos\u00edt\u00e1s mag\u00e1neg\u00e9szs\u00e9g\u00fcgyi vizsg\u00e1latokra<\/li>\n\n\n\n<li>Kedvezm\u00e9nyes \u00fcd\u00fcl\u00e9si \u00e9s sportol\u00e1si lehet\u0151s\u00e9g<\/li>\n\n\n\n<li>C\u00e9ges mobiltelefon korl\u00e1tlan belf\u00f6ldi mag\u00e1nhaszn\u00e1latra<\/li>\n\n\n\n<li>Szakmai fejl\u0151d\u00e9sedhez tr\u00e9ningeket, oktat\u00e1sokat, mentor programot biztos\u00edtunk<\/li>\n<\/ul>\n<\/div><\/div>\n\n\n\n<p><\/p>\n\n\n\n<p><\/p>\n\n\n\n<div class=\"wp-block-group\"><div class=\"wp-block-group__inner-container is-layout-flow wp-block-group-is-layout-flow\">\n<p><strong>Foglalkoztat\u00e1s jellege: <\/strong>hat\u00e1rozatlan idej\u0171, teljes munkaid\u0151s<\/p>\n\n\n\n<p><strong><strong>A poz\u00edci\u00f3 az al\u00e1bbi telephely(ek)r\u0151l t\u00f6lthet\u0151 be:&nbsp;<\/strong><\/strong>1117 Budapest, Hengermalom u. 18.&nbsp;vagy&nbsp;Gy\u0151r, Kand\u00f3 K\u00e1lm\u00e1n \u00fat 11-13.&nbsp;vagy&nbsp;P\u00e9cs, Malomv\u00f6lgyi \u00fat. 2.<\/p>\n\n\n\n<p><strong>Poz\u00edci\u00f3 azonos\u00edt\u00f3:&nbsp;<\/strong>243785<\/p>\n\n\n\n<p><strong><strong>Soksz\u00edn\u0171s\u00e9g<\/strong>:<\/strong> A kiv\u00e1laszt\u00e1si elj\u00e1r\u00e1s sor\u00e1n az E.ON egyenl\u0151 es\u00e9lyeket biztos\u00edt minden jelentkez\u0151 sz\u00e1m\u00e1ra nemzetis\u00e9gre, korra, nemre, fogyat\u00e9koss\u00e1gra, illetve megv\u00e1ltozott munkak\u00e9pess\u00e9gre val\u00f3 tekintet n\u00e9lk\u00fcl. A mi feladatunk az egyenl\u0151es\u00e9ly\u0171 r\u00e9szv\u00e9tel technikai felt\u00e9teleinek biztos\u00edt\u00e1sa. K\u00e9rj\u00fck, erre vonatkoz\u00f3 ig\u00e9nyedet jelezd a p\u00e1ly\u00e1zatodban.<\/p>\n\n\n\n<div class=\"wp-block-buttons is-layout-flex wp-block-buttons-is-layout-flex\">\n<div class=\"wp-block-button aligncenter\"><a class=\"wp-block-button__link wp-element-button\" href=\"https:\/\/allas.eon.hu\/hu\/job\/Senior-Lean-Szak%C3%A9rt%C5%91-Budapest?id=243785&amp;fsx_ref=eonkarrier\" style=\"border-radius:5px\" target=\"_blank\" rel=\"noreferrer noopener\"><strong>JELENTKEZEM!<\/strong><\/a><\/div>\n<\/div>\n\n\n\n<div style=\"height:80px\" aria-hidden=\"true\" class=\"wp-block-spacer\"><\/div>\n<\/div><\/div>\n\n\n\n<h2 class=\"wp-block-heading has-text-align-center\" id=\"otp\"><strong>P\u00e1ly\u00e1z\u00f3knak<\/strong><\/h2>\n\n\n\n<div style=\"height:30px\" aria-hidden=\"true\" class=\"wp-block-spacer\"><\/div>\n\n\n\n<div class=\"wp-block-group\"><div class=\"wp-block-group__inner-container is-layout-flow wp-block-group-is-layout-flow\">\n<div class=\"wp-block-columns is-layout-flex wp-container-core-columns-is-layout-9d6595d7 wp-block-columns-is-layout-flex\">\n<div class=\"wp-block-column is-layout-flow wp-block-column-is-layout-flow\" style=\"flex-basis:66.66%\">\n<h2 class=\"wp-block-heading\" id=\"lego\"><strong>C\u00e9g neve:<\/strong> <strong><strong>OTP Bank Nyrt.<\/strong><\/strong><\/h2>\n\n\n\n<h2 class=\"wp-block-heading\" id=\"tecnica-cip-manager\"><strong>Munkak\u00f6r:<\/strong> Folyamatmenedzsment tan\u00e1csad\u00f3<\/h2>\n<\/div>\n\n\n\n<div class=\"wp-block-column is-layout-flow wp-block-column-is-layout-flow\" style=\"flex-basis:33.33%\"><div class=\"wp-block-image\">\n<figure class=\"aligncenter size-full\"><img loading=\"lazy\" decoding=\"async\" width=\"250\" height=\"125\" src=\"https:\/\/lean.org.hu\/wp-content\/uploads\/2024\/02\/OTP.png\" alt=\"\" class=\"wp-image-144031\" srcset=\"https:\/\/lean.org.hu\/wp-content\/uploads\/2024\/02\/OTP.png 250w, https:\/\/lean.org.hu\/wp-content\/uploads\/2024\/02\/OTP-18x9.png 18w, https:\/\/lean.org.hu\/wp-content\/uploads\/2024\/02\/OTP-200x100.png 200w\" sizes=\"(max-width: 250px) 100vw, 250px\" \/><\/figure><\/div><\/div>\n<\/div>\n\n\n\n<p>Egy\u00fctt vagyunk hat\u00e1ssal!<\/p>\n\n\n\n<p>Az OTP Bank Kelet-K\u00f6z\u00e9p-Eur\u00f3pa meghat\u00e1roz\u00f3 bankcsoportja. Magyarorsz\u00e1g egyik legnagyobb munk\u00e1ltat\u00f3jak\u00e9nt stabil munkahelyet biztos\u00edtunk. K\u00fcldet\u00e9s\u00fcnk, hogy hagyom\u00e1nyainkra \u00e9p\u00edtve form\u00e1ljuk a j\u00f6v\u0151t \u00e9s innovat\u00edv megold\u00e1sokon dolgozunk.&nbsp;Az OTP Bank Nyrt. Hum\u00e1n \u00e9s Szervezetfejleszt\u00e9si Igazgat\u00f3s\u00e1ga keresi \u00faj munkat\u00e1rs\u00e1t; <strong>Folyamatmenedzsment tan\u00e1csad\u00f3<\/strong> poz\u00edci\u00f3ba.<\/p>\n\n\n\n<p><\/p>\n\n\n\n<h3 class=\"wp-block-heading\"><strong><em><strong>Ezek a feladatok v\u00e1rnak n\u00e1lunk:<\/strong><\/em><\/strong><\/h3>\n\n\n\n<p>\u2022 &nbsp; &nbsp;Folyamatmenedzsment szerepek\u00f6r\u00f6k bankszint\u0171 m\u0171k\u00f6dtet\u00e9se, mentor\u00e1l\u00e1sa<br>\u2022 &nbsp; &nbsp;Folyamatmenedzsment m\u00f3dszertanok bankcsoporton bel\u00fcli fejleszt\u00e9se<br>\u2022 &nbsp; &nbsp;Folyamatszeml\u00e9let \u00e9s folyamatmenedzsment k\u00e9pess\u00e9g fejleszt\u00e9se&nbsp;<br>\u2022 &nbsp; &nbsp;Banki folyamatok m\u0171k\u00f6d\u00e9si hat\u00e9konys\u00e1g\u00e1nak vizsg\u00e1lata, folyamatok optimaliz\u00e1l\u00e1sa&nbsp;<br>\u2022 &nbsp; &nbsp;Folyamatmenedzsmenthez kapcsol\u00f3d\u00f3 t\u00e9m\u00e1k szakmai projektmenedzsmentje<br>\u2022 &nbsp; &nbsp;R\u00e9szv\u00e9tel m\u0171k\u00f6d\u00e9si hat\u00e9konys\u00e1gjav\u00edt\u00f3 projektekben<br>\u2022 &nbsp; &nbsp;Tan\u00e1csad\u00e1s komplex banki m\u0171k\u00f6d\u00e9si folyamatok kidolgoz\u00e1s\u00e1ban<br>\u2022 &nbsp; &nbsp;OTP Bankon bel\u00fcli, bankcsoportszint\u0171 folyamatmenedzsment szinergi\u00e1k \u00e9s szakmai kollabor\u00e1ci\u00f3 er\u0151s\u00edt\u00e9se<br>\u2022 &nbsp; &nbsp;Koncepcion\u00e1lis d\u00f6nt\u00e9sel\u0151k\u00e9sz\u00edt\u0151 anyagok kidolgoz\u00e1sa \u00e9s k\u00e9pviselete<\/p>\n\n\n\n<h3 class=\"wp-block-heading\"><strong><em><strong>T\u00e9ged v\u00e1runk, ha van:<\/strong><\/em><\/strong><\/h3>\n\n\n\n<p>\u2022 &nbsp; &nbsp;Fels\u0151fok\u00fa szakir\u00e1ny\u00fa v\u00e9gzetts\u00e9ged<br>\u2022 &nbsp; &nbsp;Min. 5 \u00e9ves p\u00e9nzint\u00e9zeti, folyamatmenedzsment tapasztalatod<br>\u2022 &nbsp; &nbsp;Min. k\u00f6z\u00e9pfok\u00fa \u00fczleti angol nyelv ismereteid (akt\u00edv sz\u00f3beli \u00e9s \u00edr\u00e1sbeli kommunik\u00e1ci\u00f3)<br>\u2022 &nbsp; &nbsp;Folyamatmenedzsment, folyamatmodellez\u0151 eszk\u00f6z\u00f6k ismereteid<br>\u2022 &nbsp; &nbsp;Folyamatmenedzsment m\u00f3dszertani k\u00e9pes\u00edt\u00e9sed<br>\u2022 &nbsp; &nbsp;Folyamat- \u00e9s \u00fcgyf\u00e9lszem\u00e9leted<br>\u2022 &nbsp; &nbsp;Struktur\u00e1lt \u00e9s strat\u00e9giai gondolkod\u00e1sod<br>\u2022 &nbsp; &nbsp;Szervez\u00e9si \u00e9s facilit\u00e1l\u00e1si k\u00e9pess\u00e9ged<br>\u2022 &nbsp; &nbsp;Kiv\u00e1l\u00f3 kommunik\u00e1ci\u00f3s \u00e9s egy\u00fcttm\u0171k\u00f6d\u00e9si k\u00e9szs\u00e9ged<\/p>\n\n\n\n<p><\/p>\n\n\n\n<h3 class=\"wp-block-heading\"><strong><em><strong>Ez\u00e9rt \u00e9rdemes hozz\u00e1nk csatlakozni:<\/strong><\/em><\/strong><\/h3>\n\n\n\n<p>\u2022 &nbsp; &nbsp;biztons\u00e1got, stabilit\u00e1st \u00e9s fejl\u0151d\u00e9si lehet\u0151s\u00e9get ny\u00fajt neked Magyarorsz\u00e1g legnagyobb p\u00e9nz\u00fcgyi szerepl\u0151je<br>\u2022 &nbsp; &nbsp;innovat\u00edv munk\u00e1ltat\u00f3k\u00e9nt \u00e1tfog\u00f3 k\u00e9pz\u00e9si rendszert, karriert k\u00edn\u00e1lunk, t\u00e1mogatunk szakmai fejl\u0151d\u00e9sedben<br>\u2022 &nbsp; &nbsp;nyitott, j\u00f3 hangulat\u00fa csapat v\u00e1r, ahol nap, mint nap \u00fcgyfeleink ig\u00e9nyeire ny\u00fajtunk megold\u00e1st, \u00e9s emellett odafigyel\u00fcnk egym\u00e1sra&nbsp;<br>\u2022 &nbsp; &nbsp;versenyk\u00e9pes juttat\u00e1si \u00e9s cafeteria csomagot biztos\u00edtunk&nbsp;<br>\u2022 &nbsp; &nbsp;mag\u00e1n eg\u00e9szs\u00e9gbiztos\u00edt\u00e1si szolg\u00e1ltat\u00e1si csomagot biztos\u00edtunk, \u00e9s az eg\u00e9szs\u00e9gp\u00e9nzt\u00e1ri \u00e9s \u00f6nk\u00e9ntes nyugd\u00edjc\u00e9l\u00fa megtakar\u00edt\u00e1saidat is t\u00e1mogatjuk<br>\u2022 &nbsp; &nbsp;sz\u00e1mos munkat\u00e1rsi kedvezm\u00e9nyt ny\u00fajtunk sz\u00e1modra (pl. mobiltelefonra-, lak\u00e1shitelre, banksz\u00e1ml\u00e1ra, \u00fcd\u00fcl\u00e9sre)&nbsp;<\/p>\n\n\n\n<p><\/p>\n\n\n\n<p><strong>Jelentkez\u00e9si hat\u00e1rid\u0151: 2026.04.10.<\/strong><\/p>\n\n\n\n<p><strong>Munkav\u00e9gz\u00e9s helye:<\/strong> 1131 Budapest, Madar\u00e1sz Viktor u. 12.<\/p>\n\n\n\n<div class=\"wp-block-buttons is-layout-flex wp-block-buttons-is-layout-flex\">\n<div class=\"wp-block-button aligncenter\"><a class=\"wp-block-button__link wp-element-button\" href=\"https:\/\/karrier.otpbank.hu\/job\/Budapest-Folyamatmenedzsment-tan%C3%A1csad%C3%B3-1131\/1373986533\/\" style=\"border-radius:5px\" target=\"_blank\" rel=\"noreferrer noopener\"><strong>JELENTKEZEM!<\/strong><\/a><\/div>\n<\/div>\n\n\n\n<div style=\"height:10px\" aria-hidden=\"true\" class=\"wp-block-spacer\"><\/div>\n<\/div><\/div>\n\n\n\n<div style=\"height:30px\" aria-hidden=\"true\" class=\"wp-block-spacer\"><\/div>\n\n\n\n<div style=\"height:60px\" aria-hidden=\"true\" class=\"wp-block-spacer\"><\/div>\n\n\n\n<figure class=\"wp-block-image alignwide size-large\"><img fetchpriority=\"high\" decoding=\"async\" width=\"800\" height=\"170\" src=\"https:\/\/lean.org.hu\/wp-content\/uploads\/2020\/10\/aktualit\u00e1sok_f\u0151oldalra-e1602053161335.jpg\" alt=\"Lean \u00c1ll\u00e1shirdet\u00e9s\" class=\"wp-image-2576\" srcset=\"https:\/\/lean.org.hu\/wp-content\/uploads\/2020\/10\/aktualit\u00e1sok_f\u0151oldalra-e1602053161335.jpg 800w, https:\/\/lean.org.hu\/wp-content\/uploads\/2020\/10\/aktualit\u00e1sok_f\u0151oldalra-e1602053161335-200x43.jpg 200w, https:\/\/lean.org.hu\/wp-content\/uploads\/2020\/10\/aktualit\u00e1sok_f\u0151oldalra-e1602053161335-300x64.jpg 300w, https:\/\/lean.org.hu\/wp-content\/uploads\/2020\/10\/aktualit\u00e1sok_f\u0151oldalra-e1602053161335-768x163.jpg 768w\" sizes=\"(max-width: 800px) 100vw, 800px\" \/><\/figure>\n\n\n\n<div style=\"height:30px\" aria-hidden=\"true\" class=\"wp-block-spacer\"><\/div>\n\n\n\n<h2 class=\"wp-block-heading has-text-align-center\" id=\"hirdetoknek\">Hirdet\u0151knek<\/h2>\n\n\n\n<p class=\"has-text-align-center\">K\u00e9rj\u00fck, amennyiben v\u00e1llalatotok lean szak\u00e9rt\u0151 munkat\u00e1rsat keres, akkor t\u00f6ltsd ki az al\u00e1bbi \u0171rlapot \u00e9s k\u00fcldd el nek\u00fcnk az&nbsp;<a href=\"mailto:info@lean.org.hu\">info@lean.org.hu<\/a>&nbsp;e-mail c\u00edmre!<\/p>\n\n\n\n<div class=\"wp-block-buttons is-horizontal is-content-justification-center is-layout-flex wp-container-core-buttons-is-layout-499968f5 wp-block-buttons-is-layout-flex\">\n<div class=\"wp-block-button\"><a class=\"wp-block-button__link wp-element-button\" href=\"https:\/\/drive.google.com\/file\/d\/1JBh5-Neh-Bf8fz1PCfsih07VkBnqSk3_\/view?usp=sharing\" style=\"border-radius:5px\" target=\"_blank\" rel=\"noreferrer noopener\">\u00c1ll\u00e1shirdet\u00e9si \u0171rlap<\/a><\/div>\n<\/div>\n\n\n\n<hr class=\"wp-block-separator has-css-opacity\"\/>\n\n\n\n<div style=\"height:30px\" aria-hidden=\"true\" class=\"wp-block-spacer\"><\/div>\n\n\n\n<p><\/p>","protected":false},"excerpt":{"rendered":"","protected":false},"author":9,"featured_media":0,"parent":0,"menu_order":0,"comment_status":"closed","ping_status":"closed","template":"","meta":{"_eb_attr":"","footnotes":""},"class_list":{"0":"post-2573","1":"page","2":"type-page","3":"status-publish","5":"infinite-scroll-item","6":"no-featured-image-padding"},"featured_image_src":null,"yoast_head":"<!-- This site is optimized with the Yoast SEO plugin v27.5 - https:\/\/yoast.com\/product\/yoast-seo-wordpress\/ -->\n<title>Lean \u00e1ll\u00e1shirdet\u00e9sek - LEI<\/title>\n<meta name=\"robots\" content=\"index, follow, max-snippet:-1, max-image-preview:large, max-video-preview:-1\" \/>\n<link rel=\"canonical\" href=\"https:\/\/lean.org.hu\/en\/allashirdetesek\/\" \/>\n<meta property=\"og:locale\" content=\"en_GB\" \/>\n<meta property=\"og:type\" content=\"article\" \/>\n<meta property=\"og:title\" content=\"Lean \u00e1ll\u00e1shirdet\u00e9sek - LEI\" \/>\n<meta property=\"og:url\" content=\"https:\/\/lean.org.hu\/en\/allashirdetesek\/\" \/>\n<meta property=\"og:site_name\" content=\"LEI\" \/>\n<meta property=\"article:publisher\" content=\"https:\/\/www.facebook.com\/LEI.Hungary\" \/>\n<meta property=\"article:modified_time\" content=\"2026-04-28T07:22:57+00:00\" \/>\n<meta property=\"og:image\" content=\"https:\/\/lean.org.hu\/wp-content\/uploads\/2025\/02\/hell_allashirdetes.png\" \/>\n\t<meta property=\"og:image:width\" content=\"1200\" \/>\n\t<meta property=\"og:image:height\" content=\"600\" \/>\n\t<meta property=\"og:image:type\" content=\"image\/png\" \/>\n<meta name=\"twitter:card\" content=\"summary_large_image\" \/>\n<meta name=\"twitter:label1\" content=\"Estimated reading time\" \/>\n\t<meta name=\"twitter:data1\" content=\"7 minutes\" \/>\n<script type=\"application\/ld+json\" class=\"yoast-schema-graph\">{\"@context\":\"https:\\\/\\\/schema.org\",\"@graph\":[{\"@type\":\"WebPage\",\"@id\":\"https:\\\/\\\/lean.org.hu\\\/allashirdetesek\\\/\",\"url\":\"https:\\\/\\\/lean.org.hu\\\/allashirdetesek\\\/\",\"name\":\"Lean \u00e1ll\u00e1shirdet\u00e9sek - LEI\",\"isPartOf\":{\"@id\":\"https:\\\/\\\/lean.org.hu\\\/#website\"},\"primaryImageOfPage\":{\"@id\":\"https:\\\/\\\/lean.org.hu\\\/allashirdetesek\\\/#primaryimage\"},\"image\":{\"@id\":\"https:\\\/\\\/lean.org.hu\\\/allashirdetesek\\\/#primaryimage\"},\"thumbnailUrl\":\"https:\\\/\\\/lean.org.hu\\\/wp-content\\\/uploads\\\/2021\\\/08\\\/keskeny.png\",\"datePublished\":\"2020-10-07T06:48:54+00:00\",\"dateModified\":\"2026-04-28T07:22:57+00:00\",\"breadcrumb\":{\"@id\":\"https:\\\/\\\/lean.org.hu\\\/allashirdetesek\\\/#breadcrumb\"},\"inLanguage\":\"en-GB\",\"potentialAction\":[{\"@type\":\"ReadAction\",\"target\":[\"https:\\\/\\\/lean.org.hu\\\/allashirdetesek\\\/\"]}]},{\"@type\":\"ImageObject\",\"inLanguage\":\"en-GB\",\"@id\":\"https:\\\/\\\/lean.org.hu\\\/allashirdetesek\\\/#primaryimage\",\"url\":\"https:\\\/\\\/lean.org.hu\\\/wp-content\\\/uploads\\\/2021\\\/08\\\/keskeny.png\",\"contentUrl\":\"https:\\\/\\\/lean.org.hu\\\/wp-content\\\/uploads\\\/2021\\\/08\\\/keskeny.png\"},{\"@type\":\"BreadcrumbList\",\"@id\":\"https:\\\/\\\/lean.org.hu\\\/allashirdetesek\\\/#breadcrumb\",\"itemListElement\":[{\"@type\":\"ListItem\",\"position\":1,\"name\":\"Kezd\u0151lap\",\"item\":\"https:\\\/\\\/lean.org.hu\\\/\"},{\"@type\":\"ListItem\",\"position\":2,\"name\":\"Lean \u00e1ll\u00e1shirdet\u00e9sek\"}]},{\"@type\":\"WebSite\",\"@id\":\"https:\\\/\\\/lean.org.hu\\\/#website\",\"url\":\"https:\\\/\\\/lean.org.hu\\\/\",\"name\":\"LEI\",\"description\":\"\",\"publisher\":{\"@id\":\"https:\\\/\\\/lean.org.hu\\\/#organization\"},\"potentialAction\":[{\"@type\":\"SearchAction\",\"target\":{\"@type\":\"EntryPoint\",\"urlTemplate\":\"https:\\\/\\\/lean.org.hu\\\/?s={search_term_string}\"},\"query-input\":{\"@type\":\"PropertyValueSpecification\",\"valueRequired\":true,\"valueName\":\"search_term_string\"}}],\"inLanguage\":\"en-GB\"},{\"@type\":\"Organization\",\"@id\":\"https:\\\/\\\/lean.org.hu\\\/#organization\",\"name\":\"LEI\",\"url\":\"https:\\\/\\\/lean.org.hu\\\/\",\"logo\":{\"@type\":\"ImageObject\",\"inLanguage\":\"en-GB\",\"@id\":\"https:\\\/\\\/lean.org.hu\\\/#\\\/schema\\\/logo\\\/image\\\/\",\"url\":\"https:\\\/\\\/lean.org.hu\\\/wp-content\\\/uploads\\\/2020\\\/07\\\/cropped-lean_logo_final_color_horizontal.png\",\"contentUrl\":\"https:\\\/\\\/lean.org.hu\\\/wp-content\\\/uploads\\\/2020\\\/07\\\/cropped-lean_logo_final_color_horizontal.png\",\"width\":779,\"height\":288,\"caption\":\"LEI\"},\"image\":{\"@id\":\"https:\\\/\\\/lean.org.hu\\\/#\\\/schema\\\/logo\\\/image\\\/\"},\"sameAs\":[\"https:\\\/\\\/www.facebook.com\\\/LEI.Hungary\",\"https:\\\/\\\/www.linkedin.com\\\/company\\\/lean-enterprise-institute-hungary\"]}]}<\/script>\n<!-- \/ Yoast SEO plugin. -->","yoast_head_json":{"title":"Lean \u00e1ll\u00e1shirdet\u00e9sek - LEI","robots":{"index":"index","follow":"follow","max-snippet":"max-snippet:-1","max-image-preview":"max-image-preview:large","max-video-preview":"max-video-preview:-1"},"canonical":"https:\/\/lean.org.hu\/en\/allashirdetesek\/","og_locale":"en_GB","og_type":"article","og_title":"Lean \u00e1ll\u00e1shirdet\u00e9sek - LEI","og_url":"https:\/\/lean.org.hu\/en\/allashirdetesek\/","og_site_name":"LEI","article_publisher":"https:\/\/www.facebook.com\/LEI.Hungary","article_modified_time":"2026-04-28T07:22:57+00:00","og_image":[{"width":1200,"height":600,"url":"https:\/\/lean.org.hu\/wp-content\/uploads\/2025\/02\/hell_allashirdetes.png","type":"image\/png"}],"twitter_card":"summary_large_image","twitter_misc":{"Estimated reading time":"7 minutes"},"schema":{"@context":"https:\/\/schema.org","@graph":[{"@type":"WebPage","@id":"https:\/\/lean.org.hu\/allashirdetesek\/","url":"https:\/\/lean.org.hu\/allashirdetesek\/","name":"Lean \u00e1ll\u00e1shirdet\u00e9sek - LEI","isPartOf":{"@id":"https:\/\/lean.org.hu\/#website"},"primaryImageOfPage":{"@id":"https:\/\/lean.org.hu\/allashirdetesek\/#primaryimage"},"image":{"@id":"https:\/\/lean.org.hu\/allashirdetesek\/#primaryimage"},"thumbnailUrl":"https:\/\/lean.org.hu\/wp-content\/uploads\/2021\/08\/keskeny.png","datePublished":"2020-10-07T06:48:54+00:00","dateModified":"2026-04-28T07:22:57+00:00","breadcrumb":{"@id":"https:\/\/lean.org.hu\/allashirdetesek\/#breadcrumb"},"inLanguage":"en-GB","potentialAction":[{"@type":"ReadAction","target":["https:\/\/lean.org.hu\/allashirdetesek\/"]}]},{"@type":"ImageObject","inLanguage":"en-GB","@id":"https:\/\/lean.org.hu\/allashirdetesek\/#primaryimage","url":"https:\/\/lean.org.hu\/wp-content\/uploads\/2021\/08\/keskeny.png","contentUrl":"https:\/\/lean.org.hu\/wp-content\/uploads\/2021\/08\/keskeny.png"},{"@type":"BreadcrumbList","@id":"https:\/\/lean.org.hu\/allashirdetesek\/#breadcrumb","itemListElement":[{"@type":"ListItem","position":1,"name":"Kezd\u0151lap","item":"https:\/\/lean.org.hu\/"},{"@type":"ListItem","position":2,"name":"Lean \u00e1ll\u00e1shirdet\u00e9sek"}]},{"@type":"WebSite","@id":"https:\/\/lean.org.hu\/#website","url":"https:\/\/lean.org.hu\/","name":"LEI","description":"","publisher":{"@id":"https:\/\/lean.org.hu\/#organization"},"potentialAction":[{"@type":"SearchAction","target":{"@type":"EntryPoint","urlTemplate":"https:\/\/lean.org.hu\/?s={search_term_string}"},"query-input":{"@type":"PropertyValueSpecification","valueRequired":true,"valueName":"search_term_string"}}],"inLanguage":"en-GB"},{"@type":"Organization","@id":"https:\/\/lean.org.hu\/#organization","name":"LEI","url":"https:\/\/lean.org.hu\/","logo":{"@type":"ImageObject","inLanguage":"en-GB","@id":"https:\/\/lean.org.hu\/#\/schema\/logo\/image\/","url":"https:\/\/lean.org.hu\/wp-content\/uploads\/2020\/07\/cropped-lean_logo_final_color_horizontal.png","contentUrl":"https:\/\/lean.org.hu\/wp-content\/uploads\/2020\/07\/cropped-lean_logo_final_color_horizontal.png","width":779,"height":288,"caption":"LEI"},"image":{"@id":"https:\/\/lean.org.hu\/#\/schema\/logo\/image\/"},"sameAs":["https:\/\/www.facebook.com\/LEI.Hungary","https:\/\/www.linkedin.com\/company\/lean-enterprise-institute-hungary"]}]}},"_links":{"self":[{"href":"https:\/\/lean.org.hu\/en\/wp-json\/wp\/v2\/pages\/2573","targetHints":{"allow":["GET"]}}],"collection":[{"href":"https:\/\/lean.org.hu\/en\/wp-json\/wp\/v2\/pages"}],"about":[{"href":"https:\/\/lean.org.hu\/en\/wp-json\/wp\/v2\/types\/page"}],"author":[{"embeddable":true,"href":"https:\/\/lean.org.hu\/en\/wp-json\/wp\/v2\/users\/9"}],"replies":[{"embeddable":true,"href":"https:\/\/lean.org.hu\/en\/wp-json\/wp\/v2\/comments?post=2573"}],"version-history":[{"count":20,"href":"https:\/\/lean.org.hu\/en\/wp-json\/wp\/v2\/pages\/2573\/revisions"}],"predecessor-version":[{"id":152344,"href":"https:\/\/lean.org.hu\/en\/wp-json\/wp\/v2\/pages\/2573\/revisions\/152344"}],"wp:attachment":[{"href":"https:\/\/lean.org.hu\/en\/wp-json\/wp\/v2\/media?parent=2573"}],"curies":[{"name":"wp","href":"https:\/\/api.w.org\/{rel}","templated":true}]}}