{"id":145948,"date":"2024-10-14T10:01:53","date_gmt":"2024-10-14T08:01:53","guid":{"rendered":"https:\/\/lean.org.hu\/?page_id=145948"},"modified":"2024-10-14T11:00:36","modified_gmt":"2024-10-14T09:00:36","slug":"green","status":"publish","type":"page","link":"https:\/\/lean.org.hu\/en\/green\/","title":{"rendered":"Green"},"content":{"rendered":"<div class=\"gb-container gb-container-8f4aa018\">\n\n<div class=\"wp-block-columns is-not-stacked-on-mobile is-layout-flex wp-container-core-columns-is-layout-9d6595d7 wp-block-columns-is-layout-flex\">\n<div class=\"wp-block-column is-layout-flow wp-block-column-is-layout-flow\" style=\"flex-basis:50%\">\n<figure class=\"wp-block-image size-full\"><img decoding=\"async\" src=\"https:\/\/leanandgreen.hu\/wp-content\/uploads\/2024\/04\/blank.png\" alt=\"\" class=\"wp-image-146\"\/><\/figure>\n<\/div>\n\n\n\n<div class=\"wp-block-column animated fadeIn delay-100ms slower is-layout-flow wp-block-column-is-layout-flow\" style=\"flex-basis:50%\"><div class=\"wp-block-image\">\n<figure class=\"alignright size-full\"><img decoding=\"async\" src=\"https:\/\/leanandgreen.hu\/wp-content\/uploads\/2024\/04\/szlogenjobbrazartvegleges.png\" alt=\"\" class=\"wp-image-166\" style=\"object-fit:cover\"\/><\/figure><\/div>\n\n\n<div style=\"height:20px\" aria-hidden=\"true\" class=\"wp-block-spacer\"><\/div>\n<\/div>\n<\/div>\n\n<\/div>\n\n<div class=\"gb-container gb-container-1828c63f\">\n\n<div style=\"height:20px\" aria-hidden=\"true\" id=\"Rolunk\" class=\"wp-block-spacer\"><\/div>\n\n<\/div>\n\n\n<div style=\"height:120px\" aria-hidden=\"true\" class=\"wp-block-spacer\"><\/div>\n\n\n<div class=\"gb-container gb-container-b53a4822\">\n\n<h2 class=\"wp-block-heading has-text-align-center animated fadeInDown slower o-anim-offset-0px has-text-color has-link-color wp-elements-97997dbc76ad09e8882c5d4873ac65c4\" style=\"color:#6fb323\">&#8211; R\u00f3lunk &#8211;<\/h2>\n\n\n\n<div class=\"wp-block-columns is-layout-flex wp-container-core-columns-is-layout-9d6595d7 wp-block-columns-is-layout-flex\">\n<div class=\"wp-block-column animated fadeInUp o-anim-offset-0px is-layout-flow wp-block-column-is-layout-flow\">\n<p class=\"has-text-align-center has-medium-font-size\">A <strong><a href=\"https:\/\/lean.org.hu\/en\/\" target=\"_blank\" rel=\"noreferrer noopener\">Lean Enterprise Institute Hungary<\/a><\/strong> k\u00fcldet\u00e9se, hogy <br><strong>&#8222;Tegy\u00fck jobb\u00e1 egy\u00fctt a vil\u00e1gunkat a lean szeml\u00e9let gyakorl\u00e1s\u00e1val&#8221;<\/strong><\/p>\n\n\n\n<p class=\"has-text-align-center has-medium-font-size\">\u00c9vtizedes hazai \u00e9s nemzetk\u00f6zi tapasztalatunkkal <strong>t\u00e1mogatjuk a v\u00e1llalatokat lean transzform\u00e1ci\u00f3jukban, mentor\u00e1ljuk dolgoz\u00f3ikat, vezet\u0151iket.<\/strong><\/p>\n<\/div>\n<\/div>\n\n\n<div class=\"wp-block-image animated fadeIn o-anim-offset-o-anim-offset-0px\">\n<figure class=\"aligncenter size-full\"><img decoding=\"async\" src=\"https:\/\/leanandgreen.hu\/wp-content\/uploads\/2024\/05\/bannerteljescsapat.png\" alt=\"\" class=\"wp-image-391\"\/><\/figure><\/div>\n\n\n<div style=\"height:10px\" aria-hidden=\"true\" class=\"wp-block-spacer\"><\/div>\n\n\n\n<p class=\"has-text-align-center animated fadeInDown o-anim-offset-o-anim-offset-0px has-medium-font-size\" id=\"Celunk\"><strong>Our nonprofit association <a href=\"https:\/\/lean.org.hu\/en\/lean-tagsag\/#vallalatitagjaink\" target=\"_blank\" rel=\"noreferrer noopener\">65+ v\u00e1llalati tagja<\/a><\/strong> m\u00e9ret, szektor \u00e9s lean \u00e9retts\u00e9g ter\u00e9n is sz\u00e9les spektrumot k\u00e9pvisel, amely a tud\u00e1smegoszt\u00e1s, tapasztalatcsere kiv\u00e1l\u00f3 alapja.<\/p>\n\n\n\n<div style=\"height:50px\" aria-hidden=\"true\" class=\"wp-block-spacer\"><\/div>\n\n\n\n<h2 class=\"wp-block-heading has-text-align-center animated fadeInDown o-anim-offset-0px has-text-color has-link-color wp-elements-865cb0c34109546271c201e665d13450\" style=\"color:#6fb323\"><\/h2>\n\n<\/div>\n\n<div class=\"gb-container gb-container-bde5f89b\">\n\n<div style=\"height:30px\" aria-hidden=\"true\" class=\"wp-block-spacer\"><\/div>\n\n\n\n<h2 class=\"wp-block-heading has-text-align-center animated fadeInDown o-anim-offset-0px has-text-color has-link-color wp-elements-e18978977de4a666c1fe94713ff3bbb2\" style=\"color:#6fb323\">&#8211; C\u00e9lunk &#8211;<\/h2>\n\n\n\n<div class=\"wp-block-columns animated fadeInUp o-anim-offset-0px is-layout-flex wp-container-core-columns-is-layout-9d6595d7 wp-block-columns-is-layout-flex\">\n<div class=\"wp-block-column is-layout-flow wp-block-column-is-layout-flow\">\n<p class=\"has-text-align-center has-medium-font-size\">M\u00e1r a b\u0151r\u00fcnk\u00f6n is \u00e9rezhetj\u00fck a <strong>kl\u00edmav\u00e1ltoz\u00e1s hat\u00e1s\u00e1t<\/strong>, a k\u00f6rnyezeti kih\u00edv\u00e1sok <strong>egyre nyilv\u00e1nval\u00f3bbak.<\/strong> <strong>A mi felel\u0151ss\u00e9g\u00fcnk,<\/strong> <strong>feladatunk<\/strong>, hogy \u00e9lhet\u0151 bolyg\u00f3t hagyjunk a j\u00f6v\u0151 nemzed\u00e9keinek.<\/p>\n\n\n\n<p class=\"has-text-align-center has-text-color has-link-color wp-elements-e37c5bb10dd1d5f302c0160fde7773f9\" style=\"color:#6fb323;font-size:26px\">A<strong> Lean&amp;Green <\/strong>olyan kezdem\u00e9nyez\u00e9s, amely<strong> \u00f6sszekapcsolja a lean szeml\u00e9letet<\/strong> a <strong>k\u00f6rnyezettudatoss\u00e1ggal<\/strong>.<\/p>\n\n\n\n<p class=\"has-text-align-center has-medium-font-size\" id=\"Lean&amp;Green\">C\u00e9lunk nemcsak saj\u00e1t <strong>\u00f6kol\u00f3giai l\u00e1bnyomunk cs\u00f6kkent\u00e9se<\/strong>, hanem hogy lean k\u00f6z\u00f6ss\u00e9g\u00fcnk &#8211; jelenlegi \u00e9s j\u00f6v\u0151beli &#8211; tagjait is <strong>bevonjuk <\/strong>ebbe a kezdem\u00e9nyez\u00e9sbe, mind <strong>egy\u00e9ni<\/strong>, mind <strong>v\u00e1llalati<\/strong> szinten.<\/p>\n<\/div>\n<\/div>\n\n\n\n<div style=\"height:25px\" aria-hidden=\"true\" class=\"wp-block-spacer\"><\/div>\n\n<\/div>\n\n<div class=\"gb-container gb-container-ca175dbc\">\n\n<div style=\"height:60px\" aria-hidden=\"true\" class=\"wp-block-spacer\"><\/div>\n\n\n\n<h2 class=\"wp-block-heading has-text-align-center animated fadeInDown o-anim-offset-0px has-text-color has-link-color wp-elements-b13b02841546fcd39731ab24244bd5c0\" style=\"color:#6fb323\">&#8211; Mit\u0151l GREEN a LEAN? &#8211;<\/h2>\n\n\n\n<div class=\"wp-block-columns is-layout-flex wp-container-core-columns-is-layout-9d6595d7 wp-block-columns-is-layout-flex\">\n<div class=\"wp-block-column animated fadeInLeft o-anim-offset-o-anim-offset-0px is-layout-flow wp-block-column-is-layout-flow\">\n<div style=\"height:30px\" aria-hidden=\"true\" class=\"wp-block-spacer\"><\/div>\n\n\n\n<p class=\"has-text-align-right has-medium-font-size\">A k\u00f6rnyezettudatoss\u00e1g szorosan illeszkedik<br>a lean szeml\u00e9lethez. <strong>Taiichi Ohno \u00e1ltal<br>meghat\u00e1rozott 7 vesztes\u00e9g alapj\u00e1n<\/strong> sz\u00fcletett<br>7 green vesztes\u00e9g <strong>keretet, ir\u00e1nymutat\u00e1st<\/strong> biztos\u00edt<br>azok sz\u00e1m\u00e1ra, akik a folyamatos fejleszt\u00e9s szeml\u00e9let\u00e9t<br>\u00e9s gyakorlat\u00e1t k\u00edv\u00e1nj\u00e1k alkalmazni<br><strong>k\u00f6rnyezeti fenntarthat\u00f3s\u00e1gi c\u00e9ljaik el\u00e9r\u00e9s\u00e9hez.<\/strong><\/p>\n<\/div>\n\n\n\n<div class=\"wp-block-column animated fadeInRight o-anim-offset-o-anim-offset-0px is-layout-flow wp-block-column-is-layout-flow\">\n<p><\/p>\n\n\n<div class=\"wp-block-image\">\n<figure class=\"alignleft size-full is-resized\"><a href=\"https:\/\/www.youtube.com\/watch?v=4Tyw7tyjciM&amp;t=27s\" target=\"_blank\" rel=\"noreferrer noopener\"><img decoding=\"async\" src=\"https:\/\/leanandgreen.hu\/wp-content\/uploads\/2024\/05\/7veszteseg_yt.png\" alt=\"\" class=\"wp-image-496\" style=\"width:400px\"\/><\/a><\/figure><\/div><\/div>\n<\/div>\n\n\n\n<div style=\"height:20px\" aria-hidden=\"true\" class=\"wp-block-spacer\"><\/div>\n\n\n\n<p class=\"has-text-align-center\" style=\"font-size:27px\"><strong>Mi a 7 GREEN vesztes\u00e9g?<\/strong><\/p>\n\n\n\n<h2 class=\"wp-block-heading has-text-align-center\" style=\"font-size:26px\"><\/h2>\n\n\n\n<div class=\"wp-block-columns animated fadeIn o-anim-offset-0px is-layout-flex wp-container-core-columns-is-layout-9d6595d7 wp-block-columns-is-layout-flex\">\n<div class=\"wp-block-column is-layout-flow wp-block-column-is-layout-flow\" style=\"flex-basis:6.5%\"><\/div>\n\n\n\n<div class=\"wp-block-column is-layout-flow wp-block-column-is-layout-flow\" style=\"flex-basis:25%\">\n<div style=\"height:20px\" aria-hidden=\"true\" class=\"wp-block-spacer\"><\/div>\n\n\n<div class=\"wp-block-image\">\n<figure class=\"aligncenter size-full is-resized\"><img decoding=\"async\" src=\"https:\/\/leanandgreen.hu\/wp-content\/uploads\/2024\/05\/energia_kek.png\" alt=\"\" class=\"wp-image-328\" style=\"width:auto;height:120px\"\/><\/figure><\/div>\n\n\n<div style=\"height:10px\" aria-hidden=\"true\" class=\"wp-block-spacer\"><\/div>\n\n\n\n<h2 class=\"wp-block-heading has-text-align-center has-contrast-color has-text-color has-link-color wp-elements-481ff447928c1f8a134a30d3eabdad64\" style=\"font-size:22px\"><strong>ENERGIA<\/strong><\/h2>\n\n\n\n<p class=\"has-text-align-center\">Vizsg\u00e1lj\u00e1tok meg az energiafelhaszn\u00e1l\u00e1sotokat. Hol \u00e9s milyen eszk\u00f6z\u00f6kkel lehet azt <strong>cs\u00f6kkenteni?<\/strong> Lehets\u00e9ges, hogy <strong>tiszt\u00e1bb<\/strong> \u00fczemanyagot, vagy <strong>meg\u00fajul\u00f3<\/strong> <strong>forr\u00e1sb\u00f3l<\/strong> sz\u00e1rmaz\u00f3 villamosenergi\u00e1t haszn\u00e1ljatok?<\/p>\n\n\n\n<div style=\"height:20px\" aria-hidden=\"true\" class=\"wp-block-spacer\"><\/div>\n<\/div>\n\n\n\n<div class=\"wp-block-column is-layout-flow wp-block-column-is-layout-flow\" style=\"flex-basis:6%\"><\/div>\n\n\n\n<div class=\"wp-block-column is-layout-flow wp-block-column-is-layout-flow\" style=\"flex-basis:25%\">\n<div style=\"height:20px\" aria-hidden=\"true\" class=\"wp-block-spacer\"><\/div>\n\n\n<div class=\"wp-block-image\">\n<figure class=\"aligncenter size-full is-resized\"><img decoding=\"async\" src=\"https:\/\/leanandgreen.hu\/wp-content\/uploads\/2024\/05\/viz_kek.png\" alt=\"\" class=\"wp-image-329\" style=\"width:auto;height:120px\"\/><\/figure><\/div>\n\n\n<div style=\"height:10px\" aria-hidden=\"true\" class=\"wp-block-spacer\"><\/div>\n\n\n\n<h2 class=\"wp-block-heading has-text-align-center has-contrast-color has-text-color has-link-color wp-elements-212402272cc20961e602441d0948f333\" style=\"font-size:22px\"><strong>V\u00cdZHASZN\u00c1LAT<\/strong><\/h2>\n\n\n\n<p class=\"has-text-align-center\">Fontolj\u00e1tok meg, hogy val\u00f3ban <strong>sz\u00fcks\u00e9ges-e friss iv\u00f3v\u00edz<\/strong> a folyamataitokhoz, az alkalmazott technol\u00f3gi\u00e1tokhoz. Hogyan lehetne a felhaszn\u00e1lt vizet <strong>gy\u0171jteni, kezelni, \u00fajrahasznos\u00edtani<\/strong> a k\u00f6vetkez\u0151 haszn\u00e1lat sor\u00e1n?<\/p>\n\n\n\n<div style=\"height:20px\" aria-hidden=\"true\" class=\"wp-block-spacer\"><\/div>\n<\/div>\n\n\n\n<div class=\"wp-block-column is-layout-flow wp-block-column-is-layout-flow\" style=\"flex-basis:6%\"><\/div>\n\n\n\n<div class=\"wp-block-column is-layout-flow wp-block-column-is-layout-flow\" style=\"flex-basis:25%\">\n<div style=\"height:20px\" aria-hidden=\"true\" class=\"wp-block-spacer\"><\/div>\n\n\n<div class=\"wp-block-image\">\n<figure class=\"aligncenter size-full is-resized\"><img decoding=\"async\" src=\"https:\/\/leanandgreen.hu\/wp-content\/uploads\/2024\/05\/hulladek_kek.png\" alt=\"\" class=\"wp-image-330\" style=\"width:auto;height:120px\"\/><\/figure><\/div>\n\n\n<div style=\"height:10px\" aria-hidden=\"true\" class=\"wp-block-spacer\"><\/div>\n\n\n\n<h2 class=\"wp-block-heading has-text-align-center has-contrast-color has-text-color has-link-color wp-elements-1f1815b82f605d1e618280e568f6e605\" style=\"font-size:22px\"><strong>HULLAD\u00c9KKEZEL\u00c9S<\/strong><\/h2>\n\n\n\n<p class=\"has-text-align-center\">Elemezz\u00e9tek, hogyan cs\u00f6kkenthet\u0151 <strong>a selejt \u00e9s a hullad\u00e9k<\/strong> mennyis\u00e9ge (<strong>reduce<\/strong>). Hogyan lehet azokat \u00fajra felhaszn\u00e1lni (<strong>reuse<\/strong>), a marad\u00e9kot pedig \u00fajrahasznos\u00edtani (<strong>recycle<\/strong>)? Mely hullad\u00e9kfajta a legrosszabb? <\/p>\n\n\n\n<div style=\"height:20px\" aria-hidden=\"true\" class=\"wp-block-spacer\"><\/div>\n<\/div>\n\n\n\n<div class=\"wp-block-column is-layout-flow wp-block-column-is-layout-flow\" style=\"flex-basis:6.5%\"><\/div>\n<\/div>\n\n\n\n<div style=\"height:10px\" aria-hidden=\"true\" class=\"wp-block-spacer\"><\/div>\n\n\n\n<div class=\"wp-block-columns animated fadeIn o-anim-offset-0px is-layout-flex wp-container-core-columns-is-layout-9d6595d7 wp-block-columns-is-layout-flex\">\n<div class=\"wp-block-column is-layout-flow wp-block-column-is-layout-flow\" style=\"flex-basis:25%\">\n<div style=\"height:20px\" aria-hidden=\"true\" class=\"wp-block-spacer\"><\/div>\n\n\n<div class=\"wp-block-image\">\n<figure class=\"aligncenter size-full is-resized\"><img decoding=\"async\" src=\"https:\/\/leanandgreen.hu\/wp-content\/uploads\/2024\/05\/anyagok_kek.png\" alt=\"\" class=\"wp-image-331\" style=\"width:auto;height:120px\"\/><\/figure><\/div>\n\n\n<div style=\"height:10px\" aria-hidden=\"true\" class=\"wp-block-spacer\"><\/div>\n\n\n\n<h2 class=\"wp-block-heading has-text-align-center has-contrast-color has-text-color has-link-color wp-elements-03a9c352ff7e6314b4dc7394e19db5aa\" style=\"font-size:22px\"><strong>ANYAGOK<\/strong><\/h2>\n\n\n\n<p class=\"has-text-align-center\">Mit tudtok az ell\u00e1t\u00e1si l\u00e1ncaitokr\u00f3l, amelyek biztos\u00edtj\u00e1k sz\u00e1motokra az alapanyagokat, szolg\u00e1ltat\u00e1sokat? A term\u00e9keitek, szolg\u00e1ltat\u00e1saitok tervez\u00e9s\u00e9n\u00e9l figyelembe vett\u00e9tek azok <strong>k\u00f6rnyezeti terhel\u00e9s\u00e9t?<\/strong> Vizsg\u00e1lj\u00e1tok meg a felhaszn\u00e1lt alapanyagok, alkatr\u00e9szek, csomagol\u00f3anyagok <strong>sz\u00fcks\u00e9gess\u00e9g\u00e9t, forr\u00e1s\u00e1t, feldolgoz\u00e1s\u00e1t, el\u0151\u00e1ll\u00edt\u00e1s\u00e1t.<\/strong> Pl. A felhaszn\u00e1lt faanyag felel\u0151s forr\u00e1sb\u00f3l sz\u00e1rmazik? Milyen l\u00e9p\u00e9sek kellenek a pap\u00edrmentes iroda kialak\u00edt\u00e1s\u00e1hoz?<\/p>\n\n\n\n<div style=\"height:20px\" aria-hidden=\"true\" class=\"wp-block-spacer\"><\/div>\n<\/div>\n\n\n\n<div class=\"wp-block-column is-layout-flow wp-block-column-is-layout-flow\" style=\"flex-basis:25%\">\n<div style=\"height:20px\" aria-hidden=\"true\" class=\"wp-block-spacer\"><\/div>\n\n\n<div class=\"wp-block-image\">\n<figure class=\"aligncenter size-full is-resized\"><img decoding=\"async\" src=\"https:\/\/leanandgreen.hu\/wp-content\/uploads\/2024\/05\/szallitas_kek.png\" alt=\"\" class=\"wp-image-332\" style=\"width:auto;height:120px\"\/><\/figure><\/div>\n\n\n<div style=\"height:10px\" aria-hidden=\"true\" class=\"wp-block-spacer\"><\/div>\n\n\n\n<h2 class=\"wp-block-heading has-text-align-center has-contrast-color has-text-color has-link-color wp-elements-3e57def3c9342a9b8e840005c4a138e3\" style=\"font-size:22px\"><strong>SZ\u00c1LL\u00cdT\u00c1S<\/strong><\/h2>\n\n\n\n<p class=\"has-text-align-center\">Az eredeti h\u00e9t vesztes\u00e9g k\u00f6z\u00f6tt is szerepel, r\u00e1ad\u00e1sul a sz\u00e1ll\u00edt\u00e1s jelent\u0151s k\u00f6rnyezetszennyez\u0151 forr\u00e1s is. Vizsg\u00e1lj\u00e1tok meg, hogyan jutnak el hozz\u00e1tok az <strong>alapanyagok<\/strong> \u00e9s hogyan sz\u00e1ll\u00edtj\u00e1tok a <strong>k\u00e9szterm\u00e9keket?<\/strong> Milyen a visszfuvarok kihaszn\u00e1lts\u00e1ga, a kamionjaitok tel\u00edtetts\u00e9ge, a gy\u0171jt\u0151csomagol\u00e1s \u00e9s a palett\u00e1z\u00e1s helykihaszn\u00e1l\u00e1sa, a felesleges fuvarok ar\u00e1nya? Hogyan j\u00e1rnak a dolgoz\u00f3itok munk\u00e1ba? Mennyi kik\u00fcldet\u00e9s van? Milyen a home office ar\u00e1nya?<\/p>\n\n\n\n<div style=\"height:20px\" aria-hidden=\"true\" class=\"wp-block-spacer\"><\/div>\n<\/div>\n\n\n\n<div class=\"wp-block-column is-layout-flow wp-block-column-is-layout-flow\" style=\"flex-basis:25%\">\n<div style=\"height:20px\" aria-hidden=\"true\" class=\"wp-block-spacer\"><\/div>\n\n\n<div class=\"wp-block-image\">\n<figure class=\"aligncenter size-full is-resized\"><img decoding=\"async\" src=\"https:\/\/leanandgreen.hu\/wp-content\/uploads\/2024\/05\/karosanyag_kek.png\" alt=\"\" class=\"wp-image-333\" style=\"width:auto;height:120px\"\/><\/figure><\/div>\n\n\n<div style=\"height:10px\" aria-hidden=\"true\" class=\"wp-block-spacer\"><\/div>\n\n\n\n<h2 class=\"wp-block-heading has-text-align-center has-contrast-color has-text-color has-link-color wp-elements-77b6928792daf1b22ab59b24e0a9cd37\" style=\"font-size:22px\"><strong>EMISSZI\u00d3<\/strong><\/h2>\n\n\n\n<p class=\"has-text-align-center\">Vizsg\u00e1lj\u00e1tok meg, hogy m\u0171k\u00f6d\u00e9setek k\u00f6zben milyen <strong>k\u00e1ros anyagok <\/strong>keletkeznek \u00e9s milyen mennyis\u00e9gben. Keressetek m\u00f3dszereket azok <strong>cs\u00f6kkent\u00e9s\u00e9re, megsz\u00fcntet\u00e9s\u00e9re.<\/strong> A hossz\u00fa t\u00e1v\u00fa int\u00e9zked\u00e9sek k\u00f6z\u00f6tt szerepelhet ak\u00e1r m\u00e1s, modernebb technol\u00f3gi\u00e1ra v\u00e1lt\u00e1s is. Hogyan tudn\u00e1tok <strong>kezelni<\/strong> azokat a k\u00e1ros anyagokat, amelyeket nem lehet megsz\u00fcntetni, hogy minimaliz\u00e1lj\u00e1tok hat\u00e1sukat?<\/p>\n\n\n\n<div style=\"height:20px\" aria-hidden=\"true\" class=\"wp-block-spacer\"><\/div>\n<\/div>\n\n\n\n<div class=\"wp-block-column animated fadeIn o-anim-offset-0px is-layout-flow wp-block-column-is-layout-flow\" style=\"flex-basis:25%\">\n<div style=\"height:20px\" aria-hidden=\"true\" class=\"wp-block-spacer\"><\/div>\n\n\n<div class=\"wp-block-image\">\n<figure class=\"aligncenter size-full is-resized\"><img decoding=\"async\" src=\"https:\/\/leanandgreen.hu\/wp-content\/uploads\/2024\/05\/biodiverzitas_kek.png\" alt=\"\" class=\"wp-image-334\" style=\"width:auto;height:120px\"\/><\/figure><\/div>\n\n\n<div style=\"height:10px\" aria-hidden=\"true\" class=\"wp-block-spacer\"><\/div>\n\n\n\n<h2 class=\"wp-block-heading has-text-align-center has-contrast-color has-text-color has-link-color wp-elements-cdff2147376138cd9a06993aedf7819c\" style=\"font-size:22px\"><strong>BIODIVERZIT\u00c1S<\/strong><\/h2>\n\n\n\n<p class=\"has-text-align-center\">Furcs\u00e1nak t\u0171nhet a biodiverzit\u00e1s k\u00e9rd\u00e9se, amikor egy irodai folyamatot vagy egy \u00fczemi tev\u00e9kenys\u00e9get t\u00e9rk\u00e9peztek fel. M\u00e1r \u00f6nmag\u00e1ban a l\u00e9tes\u00edtm\u00e9ny \u00e9p\u00edt\u00e9se, b\u0151v\u00edt\u00e9se &#8211; k\u00fcl\u00f6n\u00f6sen z\u00f6ldmez\u0151s esetben -, <strong>negat\u00edv hat\u00e1ssal volt a k\u00f6rny\u00e9k biodiverzit\u00e1s\u00e1ra.<\/strong> Fontos figyelembe venni a m\u0171k\u00f6d\u00e9setek negat\u00edv hat\u00e1s\u00e1t is <strong>a n\u00f6v\u00e9nyekre, rovarokra, \u00e1llatvil\u00e1gra.<\/strong> Ne feledj\u00e9tek, d\u00f6nt\u00e9seitek nagym\u00e9rt\u00e9kben befoly\u00e1solj\u00e1k a k\u00f6r\u00fcl\u00f6ttetek l\u00e9v\u0151 \u00f6kosziszt\u00e9m\u00e1t.<\/p>\n\n\n\n<div style=\"height:20px\" aria-hidden=\"true\" class=\"wp-block-spacer\"><\/div>\n<\/div>\n<\/div>\n\n\n\n<div class=\"wp-block-columns is-layout-flex wp-container-core-columns-is-layout-9d6595d7 wp-block-columns-is-layout-flex\">\n<div class=\"wp-block-column animated fadeIn o-anim-offset-0px has-background is-layout-flow wp-block-column-is-layout-flow\" style=\"background:linear-gradient(135deg,rgb(202,248,128) 0%,rgb(111,179,35) 100%)\">\n<div style=\"height:60px\" aria-hidden=\"true\" class=\"wp-block-spacer\"><\/div>\n\n\n\n<p class=\"has-text-align-center\" id=\"Torekveseink\" style=\"font-size:26px\"><em>A <strong>Lean&amp;Green<\/strong> projektek olyan <strong>lean probl\u00e9mamegold\u00f3 <\/strong>folyamatok, <\/em><br><em>amelyek a fenti <strong>7 green vesztes\u00e9g cs\u00f6kkent\u00e9s\u00e9t, megsz\u00fcntet\u00e9s\u00e9t<\/strong> t\u0171zik ki c\u00e9lul<\/em>.<\/p>\n\n\n\n<div style=\"height:50px\" aria-hidden=\"true\" class=\"wp-block-spacer\"><\/div>\n<\/div>\n<\/div>\n\n\n\n<div style=\"height:60px\" aria-hidden=\"true\" class=\"wp-block-spacer\"><\/div>\n\n\n\n<h2 class=\"wp-block-heading has-text-align-center animated fadeIn o-anim-offset-0px has-text-color has-link-color wp-elements-68a1c64a437281801b656740b62ce311\" style=\"color:#6fb323\">&#8211; T\u00f6rekv\u00e9seink a Lean&amp;Green szeml\u00e9let jegy\u00e9ben &#8211;<\/h2>\n\n\n\n<p class=\"has-text-align-center animated fadeInUp o-anim-offset-0px has-medium-font-size\">Nem b\u00fajunk a <strong><em>\u201esuszter cip\u0151j\u00e9be\u201d<\/em><\/strong>! Igyeksz\u00fcnk els\u0151k\u00e9nt a <strong>saj\u00e1t folyamatainkba,<br>programjainkba<\/strong> be\u00e9p\u00edteni a <em>lean<\/em> szeml\u00e9let mellett a <em>green<\/em> szeml\u00e9letet is, ezzel is p\u00e9ld\u00e1t mutatva lean k\u00f6z\u00f6ss\u00e9g\u00fcnk sz\u00e1m\u00e1ra.<\/p>\n\n\n\n<div style=\"height:15px\" aria-hidden=\"true\" class=\"wp-block-spacer\"><\/div>\n\n\n\n<div class=\"wp-block-columns is-layout-flex wp-container-core-columns-is-layout-9d6595d7 wp-block-columns-is-layout-flex\">\n<div class=\"wp-block-column animated fadeInLeft o-anim-offset-0px is-layout-flow wp-block-column-is-layout-flow\"><div class=\"wp-block-image o-anim-offset-0px\">\n<figure class=\"aligncenter size-full\"><img decoding=\"async\" src=\"https:\/\/leanandgreen.hu\/wp-content\/uploads\/2024\/05\/telekocsi_csempe.png\" alt=\"\" class=\"wp-image-698\" style=\"object-fit:cover\"\/><\/figure><\/div>\n\n\n<div style=\"height:10px\" aria-hidden=\"true\" class=\"wp-block-spacer\"><\/div>\n\n\n\n<p class=\"has-text-align-center\">Ingyenes k\u00f6z\u00f6ss\u00e9gi programjaink r\u00e9sztvev\u0151it Teams csoportban kezelj\u00fck. Itt megtal\u00e1lhatj\u00e1k egym\u00e1st \u00e9s jelezhetik, ha van hely az aut\u00f3jukban \u00e9s <strong>sz\u00edvesen fuvarozn\u00e1nak m\u00e1sokat is <\/strong>az esem\u00e9ny helysz\u00edn\u00e9re. Nem csak a lehet\u0151s\u00e9get adjuk meg a <strong>telekocsiz\u00e1sra<\/strong>, hanem folyamatosan <strong>\u00f6szt\u00f6n\u00f6zz\u00fck<\/strong> is arra a r\u00e9sztvev\u0151ket.<\/p>\n<\/div>\n\n\n\n<div class=\"wp-block-column animated fadeInRight o-anim-offset-0px is-layout-flow wp-block-column-is-layout-flow\"><div class=\"wp-block-image o-anim-offset-0px\">\n<figure class=\"aligncenter size-full\"><img decoding=\"async\" src=\"https:\/\/leanandgreen.hu\/wp-content\/uploads\/2024\/05\/taskak_csempe1.png\" alt=\"\" class=\"wp-image-359\" style=\"object-fit:cover\"\/><\/figure><\/div>\n\n\n<div style=\"height:10px\" aria-hidden=\"true\" class=\"wp-block-spacer\"><\/div>\n\n\n\n<p class=\"has-text-align-center\">Kor\u00e1bbi sz\u00ednes, zsin\u00f3rf\u00fcles, nyomatott t\u00e1sk\u00e1inkat <strong>\u00fajrahasznos\u00edtott pap\u00edrt\u00e1sk\u00e1ra cser\u00e9lt\u00fck,<\/strong> amelyekre <strong>mi pecs\u00e9telj\u00fck<\/strong> a log\u00f3nkat. Csomagol\u00f3anyagot nem v\u00e1s\u00e1rolunk. Saj\u00e1t v\u00e1s\u00e1rl\u00e1saink dobozait <strong>gy\u0171jtj\u00fck,<\/strong> majd weboldalunkon leadott k\u00f6nyvrendel\u00e9seiteket <strong>ezekbe csomagoljuk.<\/strong><\/p>\n<\/div>\n<\/div>\n\n\n\n<div class=\"wp-block-columns animated fadeIn slower o-anim-offset-0px is-layout-flex wp-container-core-columns-is-layout-9d6595d7 wp-block-columns-is-layout-flex\">\n<div class=\"wp-block-column animated fadeInLeft o-anim-offset-0px is-layout-flow wp-block-column-is-layout-flow\"><div class=\"wp-block-image o-anim-offset-0px\">\n<figure class=\"aligncenter size-full\"><img decoding=\"async\" src=\"https:\/\/leanandgreen.hu\/wp-content\/uploads\/2024\/05\/digitalis_admin_csempe.png\" alt=\"\" class=\"wp-image-355\" style=\"object-fit:cover\"\/><\/figure><\/div>\n\n\n<div style=\"height:10px\" aria-hidden=\"true\" class=\"wp-block-spacer\"><\/div>\n\n\n\n<p class=\"has-text-align-center\">Esem\u00e9nyeinken \u00e9s irod\u00e1nkban is \u00e9vr\u0151l \u00e9vre kevesebb pap\u00edrt haszn\u00e1lunk. Adminisztr\u00e1ci\u00f3nkat <strong>98%-ban digit\u00e1lisan int\u00e9zz\u00fck <\/strong>\u00e9s partnereinket is arra k\u00e9rj\u00fck, hogy <strong>elektronikus \u00faton <\/strong>juttass\u00e1k el hozz\u00e1nk sz\u00e1ml\u00e1ikat, megrendel\u00e9s\u00fcket, szerz\u0151d\u00e9s\u00fcket.<\/p>\n<\/div>\n\n\n\n<div class=\"wp-block-column animated fadeInRight o-anim-offset-0px is-layout-flow wp-block-column-is-layout-flow\"><div class=\"wp-block-image o-anim-offset-0px\">\n<figure class=\"aligncenter size-full\"><img decoding=\"async\" src=\"https:\/\/leanandgreen.hu\/wp-content\/uploads\/2024\/05\/konferencia_csempe.png\" alt=\"\" class=\"wp-image-353\" style=\"object-fit:cover\"\/><\/figure><\/div>\n\n\n<div style=\"height:10px\" aria-hidden=\"true\" class=\"wp-block-spacer\"><\/div>\n\n\n\n<p class=\"has-text-align-center\">Legnagyobb \u00e9ves rendezv\u00e9ny\u00fcnk\u00f6n, a Nemzetk\u00f6zi Lean Konferenci\u00e1n bevezett\u00fck a <em>&#8222;Z\u00f6ld\u00edtsd a jegyed!&#8221; <\/em>programot, amellyel a r\u00e9sztvev\u0151k egy &#8211; vagy ak\u00e1r t\u00f6bb &#8211; fa v\u00e1s\u00e1rl\u00e1s\u00e1val r\u00e9szesei lehetnek a <strong>10 milli\u00f3 Fa mozgalommal szervezett fa\u00fcltet\u00e9si programunknak.<\/strong><\/p>\n<\/div>\n<\/div>\n\n\n\n<div class=\"wp-block-columns is-layout-flex wp-container-core-columns-is-layout-9d6595d7 wp-block-columns-is-layout-flex\">\n<div class=\"wp-block-column animated fadeInLeft o-anim-offset-0px is-layout-flow wp-block-column-is-layout-flow\"><div class=\"wp-block-image o-anim-offset-0px\">\n<figure class=\"aligncenter size-full\"><img decoding=\"async\" src=\"https:\/\/leanandgreen.hu\/wp-content\/uploads\/2024\/05\/faultetes_csempe.png\" alt=\"\" class=\"wp-image-357\" style=\"object-fit:cover\"\/><\/figure><\/div>\n\n\n<div style=\"height:10px\" aria-hidden=\"true\" class=\"wp-block-spacer\"><\/div>\n\n\n\n<p class=\"has-text-align-center\" id=\"Konferencia\">Nemzetk\u00f6zi Lean Konferenci\u00e1nkon szak\u00edtottunk a konferenciacsomagok (toll, jegyzett\u00f6mb, sz\u00f3r\u00f3anyagok, repi aj\u00e1nd\u00e9k) hagyom\u00e1ny\u00e1val \u00e9s az erre sz\u00e1nt \u00f6sszeggel hozz\u00e1j\u00e1rulunk a <strong>10 milli\u00f3 Fa k\u00f6z\u00f6ss\u00e9g <\/strong>munk\u00e1j\u00e1hoz. C\u00e9lunk, hogy <strong>okt\u00f3ber 19-\u00e9n vel\u00fck \u00e9s lean k\u00f6z\u00f6ss\u00e9g\u00fcnk tagjaival egy\u00fctt <\/strong>egy <em>Miyawaki minierd\u0151t<\/em>* \u00fcltess\u00fcnk.<\/p>\n<\/div>\n\n\n\n<div class=\"wp-block-column animated fadeInRight o-anim-offset-0px is-layout-flow wp-block-column-is-layout-flow\"><div class=\"wp-block-image o-anim-offset-0px\">\n<figure class=\"aligncenter size-full\"><img decoding=\"async\" src=\"https:\/\/leanandgreen.hu\/wp-content\/uploads\/2024\/05\/leangreen_konf_csempe.png\" alt=\"\" class=\"wp-image-379\" style=\"object-fit:cover\"\/><\/figure><\/div>\n\n\n<div style=\"height:10px\" aria-hidden=\"true\" class=\"wp-block-spacer\"><\/div>\n\n\n\n<p class=\"has-text-align-center\">\u0150szi Lean&amp;Green konferenci\u00e1nkon a r\u00e9sztvev\u0151k a fenti <strong>7 z\u00f6ld vesztes\u00e9g ment\u00e9n <\/strong>ismerhetnek meg esettanulm\u00e1nyokat. Ezekkel inspir\u00e1ljuk \u00f6nmagunkat \u00e9s lean k\u00f6z\u00f6ss\u00e9g\u00fcnket arra, hogy a mindennapokban &#8211; egy\u00e9ni \u00e9s szervezeti szinten is &#8211; <strong>min\u00e9l tudatosabban figyelj\u00fcnk<\/strong> a k\u00f6rnyezeti terhel\u00e9ssel j\u00e1r\u00f3 tev\u00e9kenys\u00e9geinkre.<\/p>\n<\/div>\n<\/div>\n\n\n\n<div style=\"height:50px\" aria-hidden=\"true\" id=\"vasarolj-fat\" class=\"wp-block-spacer\"><\/div>\n\n\n\n<h2 class=\"wp-block-heading has-text-align-center animated fadeInDown has-text-color has-link-color wp-elements-7d72f13e158daf8e00a68faa5d84f450\" style=\"color:#6fb323\">&#8211; V\u00e1s\u00e1rolj f\u00e1t! &#8211;<\/h2>\n\n\n\n<div class=\"wp-block-columns is-layout-flex wp-container-core-columns-is-layout-9d6595d7 wp-block-columns-is-layout-flex\">\n<div class=\"wp-block-column is-layout-flow wp-block-column-is-layout-flow\">\n<div class=\"wp-block-columns is-layout-flex wp-container-core-columns-is-layout-9d6595d7 wp-block-columns-is-layout-flex\">\n<div class=\"wp-block-column animated fadeInUp o-anim-offset-o-anim-offset-0px is-layout-flow wp-block-column-is-layout-flow\">\n<p class=\"has-text-align-center has-medium-font-size\">Napjaink egyik legnagyobb kih\u00edv\u00e1sa az <strong>\u00e9ghajlatv\u00e1ltoz\u00e1s.<\/strong> A kl\u00edmav\u00e1ltoz\u00e1sok mindig jelen voltak a F\u00f6ld \u00e9let\u00e9ben, ami a <strong>mostanit megk\u00fcl\u00f6nb\u00f6zteti a kor\u00e1bbiakt\u00f3l az a gyorsas\u00e1ga.<\/strong><\/p>\n\n\n\n<p class=\"has-text-align-center has-text-color has-link-color wp-elements-94eedabd5397b1b9afaf6840e4cf3d12\" style=\"color:#6fb323;font-size:25px\"><strong>Az erd\u0151irt\u00e1s az \u00e9ghajlatv\u00e1ltoz\u00e1s egyik els\u0151dleges oka.<\/strong><\/p>\n<\/div>\n<\/div>\n<\/div>\n<\/div>\n\n<\/div>\n\n<div class=\"gb-container gb-container-a3afd6ed\">\n\n<div style=\"height:30px\" aria-hidden=\"true\" class=\"wp-block-spacer\"><\/div>\n\n\n\n<div class=\"wp-block-columns is-layout-flex wp-container-core-columns-is-layout-9d6595d7 wp-block-columns-is-layout-flex\">\n<div class=\"wp-block-column animated fadeIn o-anim-offset-o-anim-offset-0px is-layout-flow wp-block-column-is-layout-flow\"><p>[hurrytimer id=&#8221;145955&#8243;]<\/p>\n<\/div>\n<\/div>\n\n\n\n<div style=\"height:30px\" aria-hidden=\"true\" class=\"wp-block-spacer\"><\/div>\n\n<\/div>\n\n\n<div style=\"height:50px\" aria-hidden=\"true\" class=\"wp-block-spacer\"><\/div>\n\n\n<div class=\"gb-container gb-container-2088d3e4\">\n\n<div class=\"wp-block-columns is-layout-flex wp-container-core-columns-is-layout-9d6595d7 wp-block-columns-is-layout-flex\">\n<div class=\"wp-block-column animated fadeInUp o-anim-offset-o-anim-offset-0px is-layout-flow wp-block-column-is-layout-flow\">\n<p class=\"has-text-align-center\" style=\"font-size:23px\">Felmer\u00fcl a k\u00e9rd\u00e9s: <strong>&#8222;De mit tehetek \u00c9N?&#8221;<\/strong><br>A k\u00e9rd\u00e9st mi is feltett\u00fck magunknak: &#8222;<strong>De mit tehet\u00fcnk MI?&#8221;<\/strong> <br>Nem csak mint egy\u00e9nek \u00e9s szervezet, hanem mint <strong>a LEI lean k\u00f6z\u00f6ss\u00e9ge.<\/strong><br><\/p>\n\n\n\n<p class=\"has-text-align-center has-medium-font-size\">A XI. Nemzetk\u00f6zi Lean Konferenci\u00e1n mutattuk be a <strong>Fa\u00fcltet\u00e9si programunkat,<\/strong> ahol a r\u00e9sztvev\u0151knek lehet\u0151s\u00e9ge volt <strong>jegy\u00fcket z\u00f6ld\u00edteni,<\/strong> ezzel csatlakozva c\u00e9lkit\u0171z\u00e9s\u00fcnkh\u00f6z, egy <a href=\"https:\/\/leanandgreen.hu\/#Miyawaki\">*<strong>Miyawaki minierd\u0151<\/strong><\/a><strong> telep\u00edt\u00e9s\u00e9hez.<\/strong><br><br>A konferenci\u00e1n a<strong> LEI Hungary 1 milli\u00f3 Forintos adom\u00e1ny\u00e1val, tov\u00e1bb\u00e1 78 r\u00e9sztvev\u0151 hozz\u00e1j\u00e1rul\u00e1s\u00e1val 1.567.290 Forintot gy\u0171jt\u00f6tt\u00fcnk \u00f6ssze.<\/strong><br><br>Ez egy nagyszer\u0171 eredm\u00e9ny! Egy Miyawaki minierd\u0151 telep\u00edt\u00e9s\u00e9nek \u00e9s ut\u00f3gondoz\u00e1s\u00e1nak <strong>\u00f6sszk\u00f6lts\u00e9ge azonban 3 milli\u00f3 forint.<\/strong><\/p>\n\n\n\n<p class=\"has-text-align-center has-medium-font-size\">Ha te is fontosnak tartod, hogy <strong>tegy\u00fcnk a kl\u00edmav\u00e1ltoz\u00e1s ellen,<\/strong> akkor <strong>csatlakozz hozz\u00e1nk<\/strong> \u00e9s<strong> l\u00e9gy r\u00e9szese<\/strong> a Miyawaki minierd\u0151 telep\u00edt\u00e9s\u00e9nek ak\u00e1r egy\u00e9ni, ak\u00e1r v\u00e1llalati szinten.<\/p>\n\n\n\n<div style=\"height:20px\" aria-hidden=\"true\" class=\"wp-block-spacer\"><\/div>\n\n\n\n<p class=\"has-text-align-center has-text-color has-link-color has-large-font-size wp-elements-6b576e20db4492d1f0aa6acbcdd74d3f\" style=\"color:#6fb323\"><strong>A d\u00f6nt\u00e9s a Ti\u00e9d!<\/strong><\/p>\n<\/div>\n<\/div>\n\n\n\n<div class=\"wp-block-buttons is-content-justification-center is-layout-flex wp-container-core-buttons-is-layout-16018d1d wp-block-buttons-is-layout-flex\">\n<div class=\"wp-block-button has-custom-font-size animated fadeIn o-anim-offset-o-anim-offset-0px has-medium-font-size\" id=\"konferencia-extrak\"><a class=\"wp-block-button__link has-background wp-element-button\" href=\"https:\/\/cause.lundadonate.org\/10milliofa\/leanandgreenmiyawaki\" style=\"background-color:#6fb323\" target=\"_blank\" rel=\"noreferrer noopener\">\u00dcltess\u00fcnk f\u00e1kat! \u00c9n is hozz\u00e1j\u00e1rulok a Fa\u00fcltet\u00e9si programhoz!<\/a><\/div>\n<\/div>\n\n\n\n<div style=\"height:50px\" aria-hidden=\"true\" class=\"wp-block-spacer\"><\/div>\n\n\n\n<div class=\"wp-block-columns is-layout-flex wp-container-core-columns-is-layout-9d6595d7 wp-block-columns-is-layout-flex\">\n<div class=\"wp-block-column animated fadeInUp o-anim-offset-o-anim-offset-0px is-layout-flow wp-block-column-is-layout-flow\">\n<p class=\"has-text-align-center has-medium-font-size\">Hozz\u00e1j\u00e1rul\u00e1soddal nemcsak egyetlen hossz\u00fat\u00e1v\u00fa c\u00e9l\u00e9rt teszel, hanem csatlakozol a <strong>LEI lean k\u00f6z\u00f6ss\u00e9g\u00e9nek Lean&amp;Green kezdem\u00e9nyez\u00e9s\u00e9hez<\/strong> is.<\/p>\n\n\n\n<p class=\"has-text-align-center\" style=\"font-size:23px\"><strong>Az al\u00e1bbi EGYEDI EXTR\u00c1KKAL szeretn\u00e9nk k\u00f6sz\u00f6netet mondani azoknak, akik fa v\u00e1s\u00e1rl\u00e1s\u00e1val vesznek r\u00e9szt a LEI Hungary Fa\u00fcltet\u00e9si programj\u00e1ban.<\/strong><br><strong>Legy\u00e9l Te is k\u00f6zt\u00fck, csatlakozz a LEI Lean&amp;Green k\u00f6z\u00f6ss\u00e9g\u00e9<strong>hez<\/strong>!<\/strong><\/p>\n<\/div>\n<\/div>\n\n\n\n<div class=\"wp-block-columns is-layout-flex wp-container-core-columns-is-layout-9d6595d7 wp-block-columns-is-layout-flex\">\n<div class=\"wp-block-column animated fadeInLeft o-anim-offset-0px is-layout-flow wp-block-column-is-layout-flow\"><div class=\"wp-block-image o-anim-offset-0px is-style-rounded\">\n<figure class=\"aligncenter size-full is-resized\"><img decoding=\"async\" src=\"https:\/\/leanandgreen.hu\/wp-content\/uploads\/2024\/05\/faultetes.png\" alt=\"\" class=\"wp-image-488\" style=\"width:230px\"\/><\/figure><\/div>\n\n\n<div style=\"height:10px\" aria-hidden=\"true\" class=\"wp-block-spacer\"><\/div>\n\n\n\n<p class=\"has-text-align-center\" style=\"font-size:22px\"><strong><strong>R\u00e9szv\u00e9tel a LEI k\u00f6z\u00f6ss\u00e9g fa\u00fcltet\u00e9s<\/strong>\u00e9ben<\/strong><\/p>\n\n\n\n<p class=\"has-text-align-center\"><strong>Okt\u00f3ber 19-\u00e9n r\u00e9szt vehetsz a LEI Fa\u00fcltet\u00e9si Programban, <\/strong>ahol a Lean&amp;Green k\u00f6z\u00f6ss\u00e9g tagjaival \u00e9s a <strong>10 milli\u00f3 Fa \u00f6nk\u00e9nteseivel <\/strong>egy\u00fctt <em>Miyawaki minierd\u0151t<\/em>* \u00fcltet\u00fcnk. Hozz\u00e1j\u00e1rul\u00e1sod \u00e9s k\u00e9tkezi munk\u00e1d eredm\u00e9nyek\u00e9nt, j\u00f3 hangulatban, <strong>egy\u00fctt<\/strong> <strong>maradand\u00f3t alkotunk.<\/strong><\/p>\n<\/div>\n\n\n\n<div class=\"wp-block-column animated fadeInRight o-anim-offset-0px is-layout-flow wp-block-column-is-layout-flow\"><div class=\"wp-block-image o-anim-offset-0px is-style-rounded\">\n<figure class=\"aligncenter size-full is-resized\"><img decoding=\"async\" src=\"https:\/\/leanandgreen.hu\/wp-content\/uploads\/2024\/05\/leangreen-konferencia.png\" alt=\"\" class=\"wp-image-489\" style=\"width:230px\"\/><\/figure><\/div>\n\n\n<div style=\"height:10px\" aria-hidden=\"true\" class=\"wp-block-spacer\"><\/div>\n\n\n\n<p class=\"has-text-align-center\" style=\"font-size:22px\"><strong>&#8211;<strong>10% a Lean&amp;Green konferenci\u00e1n<\/strong><\/strong><\/p>\n\n\n\n<p class=\"has-text-align-center\"><strong>November 13-\u00e1n<\/strong> megrendezz\u00fck a <strong>LEI k\u00f6z\u00f6ss\u00e9g els\u0151 Lean&amp;Green konferenci\u00e1j\u00e1t,<\/strong> ahol a r\u00e9sztvev\u0151k t\u00f6bbek k\u00f6z\u00f6tt a fenti <strong>7 z\u00f6ld vesztes\u00e9g ment\u00e9n <\/strong>ismerhetnek meg esettanulm\u00e1nyokat. T\u00e9ged is v\u00e1runk szeretettel, <strong>10% kedvezm\u00e9nnyel.<\/strong><\/p>\n<\/div>\n<\/div>\n\n\n\n<div style=\"height:20px\" aria-hidden=\"true\" class=\"wp-block-spacer\"><\/div>\n\n\n\n<div class=\"wp-block-columns is-layout-flex wp-container-core-columns-is-layout-9d6595d7 wp-block-columns-is-layout-flex\">\n<div class=\"wp-block-column is-layout-flow wp-block-column-is-layout-flow\">\n<div class=\"wp-block-buttons is-content-justification-center is-layout-flex wp-container-core-buttons-is-layout-16018d1d wp-block-buttons-is-layout-flex\">\n<div class=\"wp-block-button has-custom-font-size animated fadeIn o-anim-offset-o-anim-offset-0px has-medium-font-size\" id=\"konferencia-extrak\"><a class=\"wp-block-button__link has-background wp-element-button\" href=\"https:\/\/cause.lundadonate.org\/10milliofa\/leanandgreenmiyawaki\" style=\"background-color:#6fb323\" target=\"_blank\" rel=\"noreferrer noopener\">\u00dcltess\u00fcnk f\u00e1kat! \u00c9n is hozz\u00e1j\u00e1rulok a Fa\u00fcltet\u00e9si programhoz!<\/a><\/div>\n<\/div>\n<\/div>\n<\/div>\n\n\n\n<div style=\"height:20px\" aria-hidden=\"true\" id=\"Faultetes\" class=\"wp-block-spacer\"><\/div>\n\n\n\n<p class=\"has-text-align-center animated fadeInUp o-anim-offset-o-anim-offset-0px has-text-color has-link-color has-large-font-size wp-elements-e7842e5798780a75df2e370ea792ba73\" id=\"Faultetes\" style=\"color:#6fb323\"><strong>Csatlakozz Te is a LEI Lean&amp;Green kezdem\u00e9nyez\u00e9shez!<\/strong><\/p>\n\n<\/div>\n\n\n<div style=\"height:50px\" aria-hidden=\"true\" class=\"wp-block-spacer\"><\/div>\n\n\n<div class=\"gb-container gb-container-84f2b723\">\n\n<h2 class=\"wp-block-heading has-text-align-center animated fadeInDown has-text-color has-link-color wp-elements-cf4f3f011617eb31c1476c3ad624b67f\" style=\"color:#6fb323\">&#8211; LEI Fa\u00fcltet\u00e9si Program 2024 &#8211;<\/h2>\n\n\n\n<div class=\"wp-block-columns is-layout-flex wp-container-core-columns-is-layout-9d6595d7 wp-block-columns-is-layout-flex\">\n<div class=\"wp-block-column is-layout-flow wp-block-column-is-layout-flow\">\n<div class=\"wp-block-columns is-layout-flex wp-container-core-columns-is-layout-9d6595d7 wp-block-columns-is-layout-flex\">\n<div class=\"wp-block-column o-anim-offset-o-anim-offset-0px is-layout-flow wp-block-column-is-layout-flow\">\n<p class=\"has-text-align-center has-medium-font-size\">Itt <strong>szem\u00e9lyesen is megtapasztalhatod, <\/strong>ahogy be\u00e9rik hozz\u00e1j\u00e1rul\u00e1sod &#8222;gy\u00fcm\u00f6lcse&#8221;. A <strong>10 milli\u00f3 Fa \u00f6nk\u00e9nteseivel,<\/strong> a t\u00f6bbi, <strong>jegy\u00fcket z\u00f6ld\u00edt\u0151 konferencia r\u00e9sztvev\u0151vel <\/strong>\u00e9s a <strong>LEI Hungary<\/strong> csapat\u00e1val k\u00f6z\u00f6sen egy <em>Miyawaki minierd\u0151t<\/em>* \u00fcltet\u00fcnk.<\/p>\n\n\n\n<div class=\"wp-block-columns is-layout-flex wp-container-core-columns-is-layout-9d6595d7 wp-block-columns-is-layout-flex\">\n<div class=\"wp-block-column is-layout-flow wp-block-column-is-layout-flow\">\n<div class=\"wp-block-columns is-layout-flex wp-container-core-columns-is-layout-9d6595d7 wp-block-columns-is-layout-flex\">\n<div class=\"wp-block-column is-layout-flow wp-block-column-is-layout-flow\" style=\"flex-basis:25%\">\n<div style=\"height:20px\" aria-hidden=\"true\" class=\"wp-block-spacer\"><\/div>\n\n\n<div class=\"wp-block-image\">\n<figure class=\"aligncenter size-full is-resized\"><img decoding=\"async\" src=\"https:\/\/leanandgreen.hu\/wp-content\/uploads\/2024\/05\/celunk-1.png\" alt=\"\" class=\"wp-image-521\" style=\"width:auto;height:120px\"\/><\/figure><\/div>\n\n\n<div style=\"height:10px\" aria-hidden=\"true\" class=\"wp-block-spacer\"><\/div>\n\n\n\n<h2 class=\"wp-block-heading has-text-align-center has-contrast-color has-text-color has-link-color wp-elements-89b89cbc13e8ba2ec49434912b872f18\" style=\"font-size:22px\"><strong>C\u00c9L<\/strong><\/h2>\n\n\n\n<p class=\"has-text-align-center\">Egy <em>Miyawaki minierd\u0151<\/em>* \u00f6sszk\u00f6lts\u00e9ge<strong> \u00fcltet\u00e9ssel \u00e9s ut\u00f3gondoz\u00e1ssal<\/strong> <strong>3 milli\u00f3 Ft<\/strong>, amihez <strong>mi 1 milli\u00f3 Ft-tal <\/strong>j\u00e1rulunk hozz\u00e1. C\u00e9lunk, hogy a fennmarad\u00f3 \u00f6sszeget <strong>adom\u00e1nyokb\u00f3l gy\u0171jts\u00fck \u00f6ssze.<\/strong> <br>R\u00e1d is sz\u00fcks\u00e9g van!<\/p>\n\n\n\n<div style=\"height:20px\" aria-hidden=\"true\" class=\"wp-block-spacer\"><\/div>\n<\/div>\n\n\n\n<div class=\"wp-block-column is-layout-flow wp-block-column-is-layout-flow\" style=\"flex-basis:25%\">\n<div style=\"height:20px\" aria-hidden=\"true\" class=\"wp-block-spacer\"><\/div>\n\n\n<div class=\"wp-block-image\">\n<figure class=\"aligncenter size-full is-resized\"><img decoding=\"async\" src=\"https:\/\/leanandgreen.hu\/wp-content\/uploads\/2024\/05\/datum.png\" alt=\"\" class=\"wp-image-517\" style=\"width:auto;height:120px\"\/><\/figure><\/div>\n\n\n<div style=\"height:10px\" aria-hidden=\"true\" class=\"wp-block-spacer\"><\/div>\n\n\n\n<h2 class=\"wp-block-heading has-text-align-center has-contrast-color has-text-color has-link-color wp-elements-9c78171b5298da03255eec5dcccc3b5e\" style=\"font-size:22px\"><strong>D\u00c1TUM<\/strong><\/h2>\n\n\n\n<p class=\"has-text-align-center\">A LEI Fa\u00fcltet\u00e9si Programj\u00e1nak id\u0151pontja <strong>2024. okt\u00f3ber 19.<\/strong>, szombat. Erre v\u00e1runk minden adom\u00e1nyoz\u00f3t szeretettel.<\/p>\n\n\n\n<div style=\"height:20px\" aria-hidden=\"true\" class=\"wp-block-spacer\"><\/div>\n<\/div>\n\n\n\n<div class=\"wp-block-column is-layout-flow wp-block-column-is-layout-flow\" style=\"flex-basis:25%\">\n<div style=\"height:20px\" aria-hidden=\"true\" class=\"wp-block-spacer\"><\/div>\n\n\n<div class=\"wp-block-image\">\n<figure class=\"aligncenter size-full is-resized\"><img decoding=\"async\" src=\"https:\/\/leanandgreen.hu\/wp-content\/uploads\/2024\/05\/helyszin.png\" alt=\"\" class=\"wp-image-519\" style=\"width:auto;height:120px\"\/><\/figure><\/div>\n\n\n<div style=\"height:10px\" aria-hidden=\"true\" class=\"wp-block-spacer\"><\/div>\n\n\n\n<h2 class=\"wp-block-heading has-text-align-center has-contrast-color has-text-color has-link-color wp-elements-4e576a59b3f0e754d3eee6ca688370ac\" style=\"font-size:22px\"><strong>LOCATION<\/strong><\/h2>\n\n\n\n<p class=\"has-text-align-center\">A fa\u00fcltet\u00e9s helysz\u00edne <strong>Budapest, ELTE Nagyt\u00e9t\u00e9nyi \u00fati Koll\u00e9gium<\/strong> el\u0151tti parkos r\u00e9sz.<\/p>\n\n\n\n<div style=\"height:20px\" aria-hidden=\"true\" class=\"wp-block-spacer\"><\/div>\n<\/div>\n\n\n\n<div class=\"wp-block-column is-layout-flow wp-block-column-is-layout-flow\" style=\"flex-basis:25%\">\n<div style=\"height:20px\" aria-hidden=\"true\" class=\"wp-block-spacer\"><\/div>\n\n\n<div class=\"wp-block-image\">\n<figure class=\"aligncenter size-full is-resized\"><img decoding=\"async\" src=\"https:\/\/leanandgreen.hu\/wp-content\/uploads\/2024\/05\/faultetes-2.png\" alt=\"\" class=\"wp-image-520\" style=\"width:auto;height:120px\"\/><\/figure><\/div>\n\n\n<div style=\"height:10px\" aria-hidden=\"true\" class=\"wp-block-spacer\"><\/div>\n\n\n\n<h2 class=\"wp-block-heading has-text-align-center has-contrast-color has-text-color has-link-color wp-elements-28b27c42bc79243e9fbc1f72d238f2d7\" style=\"font-size:22px\"><strong>\u00dcLTET\u00c9S<\/strong><\/h2>\n\n\n\n<p class=\"has-text-align-center\">Az \u00fcltet\u00e9s egy <strong>30 m\u00b2-es ter\u00fcleten<\/strong> fog zajlani \u00e9s <strong>120 csemet\u00e9t, cserj\u00e9t <\/strong>\u00fcltet\u00fcnk el k\u00f6z\u00f6sen.<\/p>\n\n\n\n<div style=\"height:20px\" aria-hidden=\"true\" class=\"wp-block-spacer\"><\/div>\n<\/div>\n<\/div>\n<\/div>\n<\/div>\n\n\n\n<div class=\"wp-block-buttons is-content-justification-center is-layout-flex wp-container-core-buttons-is-layout-16018d1d wp-block-buttons-is-layout-flex\" id=\"Miyawaki\">\n<div class=\"wp-block-button has-custom-font-size animated fadeIn o-anim-offset-o-anim-offset-0px has-medium-font-size\" id=\"konferencia-extrak\"><a class=\"wp-block-button__link has-background wp-element-button\" href=\"https:\/\/cause.lundadonate.org\/10milliofa\/leanandgreenmiyawaki\" style=\"background-color:#6fb323\" target=\"_blank\" rel=\"noreferrer noopener\">\u00dcltess\u00fcnk f\u00e1kat! \u00c9n is hozz\u00e1j\u00e1rulok a Fa\u00fcltet\u00e9si programhoz!<\/a><\/div>\n<\/div>\n\n\n\n<div style=\"height:60px\" aria-hidden=\"true\" class=\"wp-block-spacer\"><\/div>\n\n\n\n<div class=\"wp-block-columns animated fadeIn o-anim-offset-o-anim-offset-0px has-background is-layout-flex wp-container-core-columns-is-layout-9d6595d7 wp-block-columns-is-layout-flex\" style=\"background:linear-gradient(135deg,rgb(56,182,255) 0%,rgb(245,245,255) 100%)\">\n<div class=\"wp-block-column animated fadeIn o-anim-offset-0px is-layout-flow wp-block-column-is-layout-flow\">\n<div style=\"height:60px\" aria-hidden=\"true\" class=\"wp-block-spacer\"><\/div>\n\n\n\n<h2 class=\"wp-block-heading has-text-align-center\"><strong>*Miyawaki minierd\u0151<\/strong><\/h2>\n\n\n\n<div class=\"wp-block-columns is-layout-flex wp-container-core-columns-is-layout-9d6595d7 wp-block-columns-is-layout-flex\">\n<div class=\"wp-block-column is-layout-flow wp-block-column-is-layout-flow\" style=\"flex-basis:1%\"><\/div>\n\n\n\n<div class=\"wp-block-column is-layout-flow wp-block-column-is-layout-flow\">\n<p>A nagyvil\u00e1g sz\u00e1mos v\u00e1ros\u00e1ban tal\u00e1lkozhatunk egy ember teremtette, furcsa n\u00f6v\u00e9nyt\u00e1rsul\u00e1ssal, a <strong>Miyawaki-erd\u0151vel.<\/strong> P\u00e1r \u00e9ve kin\u0151tt a f\u00f6ldb\u0151l az els\u0151 Budapesten, a Tab\u00e1nban is, az\u00f3ta pedig m\u00e1r 12 ilyen kiserd\u0151 \u00e9l Budapesten \u00e9s Baj\u00e1n.<\/p>\n\n\n\n<p><strong>De honnan ered ez az els\u0151re furcsa nev\u0171 m\u00f3dszer, \u00e9s mi a l\u00e9nyege?&nbsp;<\/strong><\/p>\n\n\n\n<p class=\"has-text-align-left\"><strong>Akira Miyawaki <\/strong>volt az a jap\u00e1n botanikus, aki megalkotta az erd\u0151k v\u00e1rosi v\u00e1ltozatait. Hasonlatos a bonsai-okhoz, amikor a hatalmas f\u00e1kat alkotjuk meg lak\u00e1s m\u00e9retben, csak itt az erd\u0151 m\u00e1s\u00e1t, soksz\u00edn\u0171s\u00e9g\u00e9t hozzuk l\u00e9tre v\u00e1rosi l\u00e9pt\u00e9kben. <\/p>\n\n\n\n<p class=\"has-text-align-left\">Sok fa, kis helyen, ami <strong>tiszt\u00edtja a szennyezett leveg\u0151j\u0171 v\u00e1rosokat, \u00e1rny\u00e9kot biztos\u00edt, p\u00e1r\u00e1s\u00edt \u00e9s ez\u00e1ltal h\u0171ti a k\u00f6rnyezet\u00e9t,<\/strong> valamint rovaroknak, \u00e9nekesmadaraknak \u00e9s eml\u0151s\u00f6knek <strong>ny\u00fajt otthont, mened\u00e9ket.<\/strong><\/p>\n<\/div>\n\n\n\n<div class=\"wp-block-column is-layout-flow wp-block-column-is-layout-flow\">\n<figure class=\"wp-block-image size-full\"><img decoding=\"async\" src=\"https:\/\/leanandgreen.hu\/wp-content\/uploads\/2024\/05\/LeanGreen-weboldal-foto.png\" alt=\"\" class=\"wp-image-731\"\/><\/figure>\n<\/div>\n\n\n\n<div class=\"wp-block-column is-layout-flow wp-block-column-is-layout-flow\" style=\"flex-basis:1%\"><\/div>\n<\/div>\n\n\n\n<div class=\"wp-block-columns is-layout-flex wp-container-core-columns-is-layout-9d6595d7 wp-block-columns-is-layout-flex\">\n<div class=\"wp-block-column is-layout-flow wp-block-column-is-layout-flow\" style=\"flex-basis:1%\"><\/div>\n\n\n\n<div class=\"wp-block-column is-layout-flow wp-block-column-is-layout-flow\">\n<p class=\"has-text-align-left\">Miyawaki megfigyelte, hogy ha egy n\u00e9gyzetm\u00e9terre h\u00e1rom-n\u00e9gy facsemet\u00e9t \u00e9s cserj\u00e9t telep\u00edt, akkor a f\u00e1k t\u00f6rzse ugyan v\u00e9kony marad, de az egym\u00e1ssal, a f\u00e9ny\u00e9rt verseng\u0151 n\u00f6v\u00e9nyek <strong>hihetetlen\u00fcl gyorsan n\u00f6vekednek \u00e9s sok oxig\u00e9nt termelnek.&nbsp;<\/strong><\/p>\n\n\n\n<p class=\"has-text-align-left\">Az els\u0151 sikerek ut\u00e1n n\u00e9h\u00e1ny jap\u00e1n v\u00e1llalat \u2013 <strong>p\u00e9ld\u00e1ul a Toyota<\/strong> \u2013 megk\u00e9rte \u0151t, hogy telep\u00edtsen minierd\u0151ket a gy\u00e1rak ter\u00fclet\u00e9n. <\/p>\n\n\n\n<p class=\"has-text-align-left\">Miyawaki nev\u00e9hez <strong>ma m\u00e1r t\u00f6bb milli\u00f3 v\u00e1rosi fa el\u00fcltet\u00e9s\u00e9t k\u00f6thetj\u00fck <\/strong>ezzel a m\u00f3dszerrel.<\/p>\n\n\n\n<p>A Miyawaki-m\u00f3dszer <strong>\u00c1zsi\u00e1ban<\/strong> \u00e9s az <strong>USA<\/strong>-ban is n\u00e9pszer\u0171. Eur\u00f3p\u00e1ban f\u0151k\u00e9nt <strong>Franciaorsz\u00e1gban, Belgiumban <\/strong>\u00e9s<strong> Hollandi\u00e1ban<\/strong> terjednek, ahol k\u00f6zter\u00fcletek mellett, iskola \u00e9s \u00f3voda udvarokon m\u00e1r <strong>beton t\u00f6rnek, t\u00e9rk\u00f6vet szednek fel <\/strong>a minierd\u0151 telep\u00edt\u00e9s\u00e9hez, cs\u00f6kkentve ezzel a h\u0151sziget hat\u00e1st, egyben oktat\u00e1si tev\u00e9kenys\u00e9get is folytatva a j\u00f6v\u0151 gener\u00e1ci\u00f3inak sz\u00e1m\u00e1ra.<\/p>\n<\/div>\n\n\n\n<div class=\"wp-block-column is-layout-flow wp-block-column-is-layout-flow\" style=\"flex-basis:1%\"><\/div>\n<\/div>\n\n\n\n<p class=\"has-text-align-left\"><\/p>\n\n\n\n<p class=\"has-text-align-right\">Forr\u00e1s: <a href=\"https:\/\/10milliofa.hu\/article\/miyawaki-erdok-zsolnai-balazs-irasa\" target=\"_blank\" rel=\"noreferrer noopener\">10 milli\u00f3 Fa<\/a><\/p>\n<\/div>\n<\/div>\n\n\n\n<div style=\"height:30px\" aria-hidden=\"true\" class=\"wp-block-spacer\"><\/div>\n\n\n\n<div class=\"wp-block-buttons is-content-justification-center is-layout-flex wp-container-core-buttons-is-layout-16018d1d wp-block-buttons-is-layout-flex\">\n<div class=\"wp-block-button has-custom-font-size animated fadeIn o-anim-offset-o-anim-offset-0px has-medium-font-size\" id=\"konferencia-extrak\"><a class=\"wp-block-button__link has-background wp-element-button\" href=\"https:\/\/cause.lundadonate.org\/10milliofa\/leanandgreenmiyawaki\" style=\"background-color:#6fb323\" target=\"_blank\" rel=\"noreferrer noopener\">\u00dcltess\u00fcnk f\u00e1kat! \u00c9n is hozz\u00e1j\u00e1rulok a Fa\u00fcltet\u00e9si programhoz!<\/a><\/div>\n<\/div>\n\n\n\n<div style=\"height:51px\" aria-hidden=\"true\" id=\"Parnereink\" class=\"wp-block-spacer\"><\/div>\n<\/div>\n<\/div>\n<\/div>\n<\/div>\n\n<\/div>\n\n<div class=\"gb-container gb-container-c17b7e54\">\n\n<h2 class=\"wp-block-heading has-text-align-center animated fadeInDown has-text-color has-link-color wp-elements-5aaf3dc52eff9395f3098f7382a8d2c3\" style=\"color:#6fb323\">&#8211; Strat\u00e9giai Partner\u00fcnk &#8211;<\/h2>\n\n\n<div class=\"wp-block-image animated fadeIn o-anim-offset-o-anim-offset-0px\">\n<figure class=\"aligncenter size-full\"><img decoding=\"async\" src=\"https:\/\/leanandgreen.hu\/wp-content\/uploads\/2024\/05\/10-millio-Fa-1.png\" alt=\"\" class=\"wp-image-533\"\/><\/figure><\/div>\n\n\n<div style=\"height:30px\" aria-hidden=\"true\" class=\"wp-block-spacer\"><\/div>\n\n\n\n<div class=\"wp-block-columns is-layout-flex wp-container-core-columns-is-layout-9d6595d7 wp-block-columns-is-layout-flex\">\n<div class=\"wp-block-column is-layout-flow wp-block-column-is-layout-flow\">\n<div class=\"wp-block-columns is-layout-flex wp-container-core-columns-is-layout-9d6595d7 wp-block-columns-is-layout-flex\">\n<div class=\"wp-block-column animated fadeInUp o-anim-offset-o-anim-offset-0px is-layout-flow wp-block-column-is-layout-flow\">\n<p class=\"has-text-align-center has-medium-font-size\"><\/p>\n<\/div>\n<\/div>\n\n\n\n<div class=\"wp-block-columns is-layout-flex wp-container-core-columns-is-layout-9d6595d7 wp-block-columns-is-layout-flex\">\n<div class=\"wp-block-column animated fadeInLeft o-anim-offset-o-anim-offset-0px is-layout-flow wp-block-column-is-layout-flow\"><div class=\"wp-block-image is-style-rounded\">\n<figure class=\"aligncenter size-full is-resized\"><img decoding=\"async\" src=\"https:\/\/leanandgreen.hu\/wp-content\/uploads\/2024\/05\/Bojar_Ivan_Andras.png\" alt=\"\" class=\"wp-image-718\" style=\"width:400px\"\/><figcaption class=\"wp-element-caption\"><strong>Boj\u00e1r Iv\u00e1n Andr\u00e1s<\/strong><br>alap\u00edt\u00f3, vezet\u0151<\/figcaption><\/figure><\/div><\/div>\n\n\n\n<div class=\"wp-block-column animated fadeInRight o-anim-offset-o-anim-offset-0px is-layout-flow wp-block-column-is-layout-flow\">\n<p class=\"has-text-align-center has-medium-font-size\"><em>\u201e<strong>1 f\u0151 \u2013 1 fa. <\/strong>Szakszer\u0171en el\u00fcltet\u00fcnk <strong>10 milli\u00f3 F\u00e1t <\/strong>Magyarorsz\u00e1gon \u00e9s azon is t\u00fal. C\u00e9lunk tov\u00e1bb\u00e1 el\u00e9rni \u00e9s a folyamatba bevonni legal\u00e1bb <strong>10 milli\u00f3 embert. F\u00e1kat \u00e9s gondolatokat \u00fcltet\u00fcnk teh\u00e1t: <\/strong>f\u00e1kat, hogy test\u0151reink legyenek a biodiverzit\u00e1s \u00e9s kl\u00edmav\u00e1ls\u00e1g kezel\u00e9s\u00e9ben \u00e9s gondolatokat, hogy 10 milli\u00f3 fa \u00fcltet\u00e9s\u00e9n\u00e9l <strong>sokkal messzebbre jussunk.<\/strong>\u201d<\/em><\/p>\n\n\n\n<p class=\"has-text-align-center has-medium-font-size\">A 10 milli\u00f3 Fa k\u00f6z\u00f6ss\u00e9g az <strong>els\u0151 orsz\u00e1gos civil fa\u00fcltet\u0151 szervezet. <\/strong>M\u0171k\u00f6d\u00e9s\u00fck sarokk\u00f6v\u00e9t <strong>szak\u00e9rt\u0151i csapatuk <\/strong>alkotja. Tagjai mellett a <strong>sokf\u00e9le szakter\u00fcletr\u0151l \u00e9rkez\u0151 egy\u00e9nek<\/strong> t\u00f6mege, a megl\u00e9v\u0151 k\u00f6telezetts\u00e9gei mell\u00e9-, al\u00e1- \u00e9s f\u00f6l\u00e9 illeszti a 10 milli\u00f3 Fa szervezetben k\u00e9pz\u0151d\u0151 feladatait.<br><br>A 10 milli\u00f3 Fa orsz\u00e1gos szervezetben <strong>sz\u00e1zn\u00e1l t\u00f6bb telep\u00fcl\u00e9sen, sok ezer \u00f6nk\u00e9ntes <\/strong>dolgozik minden szezonban a k\u00f6z\u00f6ss\u00e9gi fa\u00fcltet\u00e9seken&#8230;<\/p>\n<\/div>\n<\/div>\n<\/div>\n<\/div>\n\n<\/div>\n\n\n<div style=\"height:41px\" aria-hidden=\"true\" class=\"wp-block-spacer\"><\/div>\n\n\n\n<div class=\"wp-block-columns is-layout-flex wp-container-core-columns-is-layout-9d6595d7 wp-block-columns-is-layout-flex\"><\/div>\n\n\n\n<div class=\"wp-block-columns is-layout-flex wp-container-core-columns-is-layout-9d6595d7 wp-block-columns-is-layout-flex\">\n<div class=\"wp-block-column is-layout-flow wp-block-column-is-layout-flow\"><\/div>\n\n\n\n<div class=\"wp-block-column is-layout-flow wp-block-column-is-layout-flow\"><\/div>\n<\/div>\n\n\n\n<div style=\"height:30px\" aria-hidden=\"true\" class=\"wp-block-spacer\"><\/div>\n\n\n<div class=\"gb-container gb-container-9c0d657b\"><\/div>","protected":false},"excerpt":{"rendered":"","protected":false},"author":9,"featured_media":0,"parent":0,"menu_order":0,"comment_status":"closed","ping_status":"closed","template":"","meta":{"_eb_attr":"","footnotes":""},"class_list":{"0":"post-145948","1":"page","2":"type-page","3":"status-publish","5":"infinite-scroll-item","6":"no-featured-image-padding"},"featured_image_src":null,"yoast_head":"<!-- This site is optimized with the Yoast SEO plugin v27.5 - https:\/\/yoast.com\/product\/yoast-seo-wordpress\/ -->\n<title>Green - LEI<\/title>\n<meta name=\"robots\" content=\"index, follow, max-snippet:-1, max-image-preview:large, max-video-preview:-1\" \/>\n<link rel=\"canonical\" href=\"https:\/\/lean.org.hu\/en\/green\/\" \/>\n<meta property=\"og:locale\" content=\"en_GB\" \/>\n<meta property=\"og:type\" content=\"article\" \/>\n<meta property=\"og:title\" content=\"Green - LEI\" \/>\n<meta property=\"og:url\" content=\"https:\/\/lean.org.hu\/en\/green\/\" \/>\n<meta property=\"og:site_name\" content=\"LEI\" \/>\n<meta property=\"article:publisher\" content=\"https:\/\/www.facebook.com\/LEI.Hungary\" \/>\n<meta property=\"article:modified_time\" content=\"2024-10-14T09:00:36+00:00\" \/>\n<meta name=\"twitter:card\" content=\"summary_large_image\" \/>\n<meta name=\"twitter:label1\" content=\"Estimated reading time\" \/>\n\t<meta name=\"twitter:data1\" content=\"13 minutes\" \/>\n<script type=\"application\/ld+json\" class=\"yoast-schema-graph\">{\"@context\":\"https:\\\/\\\/schema.org\",\"@graph\":[{\"@type\":\"WebPage\",\"@id\":\"https:\\\/\\\/lean.org.hu\\\/green\\\/\",\"url\":\"https:\\\/\\\/lean.org.hu\\\/green\\\/\",\"name\":\"Green - LEI\",\"isPartOf\":{\"@id\":\"https:\\\/\\\/lean.org.hu\\\/#website\"},\"primaryImageOfPage\":{\"@id\":\"https:\\\/\\\/lean.org.hu\\\/green\\\/#primaryimage\"},\"image\":{\"@id\":\"https:\\\/\\\/lean.org.hu\\\/green\\\/#primaryimage\"},\"thumbnailUrl\":\"https:\\\/\\\/leanandgreen.hu\\\/wp-content\\\/uploads\\\/2024\\\/04\\\/blank.png\",\"datePublished\":\"2024-10-14T08:01:53+00:00\",\"dateModified\":\"2024-10-14T09:00:36+00:00\",\"breadcrumb\":{\"@id\":\"https:\\\/\\\/lean.org.hu\\\/green\\\/#breadcrumb\"},\"inLanguage\":\"en-GB\",\"potentialAction\":[{\"@type\":\"ReadAction\",\"target\":[\"https:\\\/\\\/lean.org.hu\\\/green\\\/\"]}]},{\"@type\":\"ImageObject\",\"inLanguage\":\"en-GB\",\"@id\":\"https:\\\/\\\/lean.org.hu\\\/green\\\/#primaryimage\",\"url\":\"https:\\\/\\\/leanandgreen.hu\\\/wp-content\\\/uploads\\\/2024\\\/04\\\/blank.png\",\"contentUrl\":\"https:\\\/\\\/leanandgreen.hu\\\/wp-content\\\/uploads\\\/2024\\\/04\\\/blank.png\"},{\"@type\":\"BreadcrumbList\",\"@id\":\"https:\\\/\\\/lean.org.hu\\\/green\\\/#breadcrumb\",\"itemListElement\":[{\"@type\":\"ListItem\",\"position\":1,\"name\":\"Kezd\u0151lap\",\"item\":\"https:\\\/\\\/lean.org.hu\\\/\"},{\"@type\":\"ListItem\",\"position\":2,\"name\":\"Green\"}]},{\"@type\":\"WebSite\",\"@id\":\"https:\\\/\\\/lean.org.hu\\\/#website\",\"url\":\"https:\\\/\\\/lean.org.hu\\\/\",\"name\":\"LEI\",\"description\":\"\",\"publisher\":{\"@id\":\"https:\\\/\\\/lean.org.hu\\\/#organization\"},\"potentialAction\":[{\"@type\":\"SearchAction\",\"target\":{\"@type\":\"EntryPoint\",\"urlTemplate\":\"https:\\\/\\\/lean.org.hu\\\/?s={search_term_string}\"},\"query-input\":{\"@type\":\"PropertyValueSpecification\",\"valueRequired\":true,\"valueName\":\"search_term_string\"}}],\"inLanguage\":\"en-GB\"},{\"@type\":\"Organization\",\"@id\":\"https:\\\/\\\/lean.org.hu\\\/#organization\",\"name\":\"LEI\",\"url\":\"https:\\\/\\\/lean.org.hu\\\/\",\"logo\":{\"@type\":\"ImageObject\",\"inLanguage\":\"en-GB\",\"@id\":\"https:\\\/\\\/lean.org.hu\\\/#\\\/schema\\\/logo\\\/image\\\/\",\"url\":\"https:\\\/\\\/lean.org.hu\\\/wp-content\\\/uploads\\\/2020\\\/07\\\/cropped-lean_logo_final_color_horizontal.png\",\"contentUrl\":\"https:\\\/\\\/lean.org.hu\\\/wp-content\\\/uploads\\\/2020\\\/07\\\/cropped-lean_logo_final_color_horizontal.png\",\"width\":779,\"height\":288,\"caption\":\"LEI\"},\"image\":{\"@id\":\"https:\\\/\\\/lean.org.hu\\\/#\\\/schema\\\/logo\\\/image\\\/\"},\"sameAs\":[\"https:\\\/\\\/www.facebook.com\\\/LEI.Hungary\",\"https:\\\/\\\/www.linkedin.com\\\/company\\\/lean-enterprise-institute-hungary\"]}]}<\/script>\n<!-- \/ Yoast SEO plugin. -->","yoast_head_json":{"title":"Green - LEI","robots":{"index":"index","follow":"follow","max-snippet":"max-snippet:-1","max-image-preview":"max-image-preview:large","max-video-preview":"max-video-preview:-1"},"canonical":"https:\/\/lean.org.hu\/en\/green\/","og_locale":"en_GB","og_type":"article","og_title":"Green - LEI","og_url":"https:\/\/lean.org.hu\/en\/green\/","og_site_name":"LEI","article_publisher":"https:\/\/www.facebook.com\/LEI.Hungary","article_modified_time":"2024-10-14T09:00:36+00:00","twitter_card":"summary_large_image","twitter_misc":{"Estimated reading time":"13 minutes"},"schema":{"@context":"https:\/\/schema.org","@graph":[{"@type":"WebPage","@id":"https:\/\/lean.org.hu\/green\/","url":"https:\/\/lean.org.hu\/green\/","name":"Green - LEI","isPartOf":{"@id":"https:\/\/lean.org.hu\/#website"},"primaryImageOfPage":{"@id":"https:\/\/lean.org.hu\/green\/#primaryimage"},"image":{"@id":"https:\/\/lean.org.hu\/green\/#primaryimage"},"thumbnailUrl":"https:\/\/leanandgreen.hu\/wp-content\/uploads\/2024\/04\/blank.png","datePublished":"2024-10-14T08:01:53+00:00","dateModified":"2024-10-14T09:00:36+00:00","breadcrumb":{"@id":"https:\/\/lean.org.hu\/green\/#breadcrumb"},"inLanguage":"en-GB","potentialAction":[{"@type":"ReadAction","target":["https:\/\/lean.org.hu\/green\/"]}]},{"@type":"ImageObject","inLanguage":"en-GB","@id":"https:\/\/lean.org.hu\/green\/#primaryimage","url":"https:\/\/leanandgreen.hu\/wp-content\/uploads\/2024\/04\/blank.png","contentUrl":"https:\/\/leanandgreen.hu\/wp-content\/uploads\/2024\/04\/blank.png"},{"@type":"BreadcrumbList","@id":"https:\/\/lean.org.hu\/green\/#breadcrumb","itemListElement":[{"@type":"ListItem","position":1,"name":"Kezd\u0151lap","item":"https:\/\/lean.org.hu\/"},{"@type":"ListItem","position":2,"name":"Green"}]},{"@type":"WebSite","@id":"https:\/\/lean.org.hu\/#website","url":"https:\/\/lean.org.hu\/","name":"LEI","description":"","publisher":{"@id":"https:\/\/lean.org.hu\/#organization"},"potentialAction":[{"@type":"SearchAction","target":{"@type":"EntryPoint","urlTemplate":"https:\/\/lean.org.hu\/?s={search_term_string}"},"query-input":{"@type":"PropertyValueSpecification","valueRequired":true,"valueName":"search_term_string"}}],"inLanguage":"en-GB"},{"@type":"Organization","@id":"https:\/\/lean.org.hu\/#organization","name":"LEI","url":"https:\/\/lean.org.hu\/","logo":{"@type":"ImageObject","inLanguage":"en-GB","@id":"https:\/\/lean.org.hu\/#\/schema\/logo\/image\/","url":"https:\/\/lean.org.hu\/wp-content\/uploads\/2020\/07\/cropped-lean_logo_final_color_horizontal.png","contentUrl":"https:\/\/lean.org.hu\/wp-content\/uploads\/2020\/07\/cropped-lean_logo_final_color_horizontal.png","width":779,"height":288,"caption":"LEI"},"image":{"@id":"https:\/\/lean.org.hu\/#\/schema\/logo\/image\/"},"sameAs":["https:\/\/www.facebook.com\/LEI.Hungary","https:\/\/www.linkedin.com\/company\/lean-enterprise-institute-hungary"]}]}},"_links":{"self":[{"href":"https:\/\/lean.org.hu\/en\/wp-json\/wp\/v2\/pages\/145948","targetHints":{"allow":["GET"]}}],"collection":[{"href":"https:\/\/lean.org.hu\/en\/wp-json\/wp\/v2\/pages"}],"about":[{"href":"https:\/\/lean.org.hu\/en\/wp-json\/wp\/v2\/types\/page"}],"author":[{"embeddable":true,"href":"https:\/\/lean.org.hu\/en\/wp-json\/wp\/v2\/users\/9"}],"replies":[{"embeddable":true,"href":"https:\/\/lean.org.hu\/en\/wp-json\/wp\/v2\/comments?post=145948"}],"version-history":[{"count":5,"href":"https:\/\/lean.org.hu\/en\/wp-json\/wp\/v2\/pages\/145948\/revisions"}],"predecessor-version":[{"id":145967,"href":"https:\/\/lean.org.hu\/en\/wp-json\/wp\/v2\/pages\/145948\/revisions\/145967"}],"wp:attachment":[{"href":"https:\/\/lean.org.hu\/en\/wp-json\/wp\/v2\/media?parent=145948"}],"curies":[{"name":"wp","href":"https:\/\/api.w.org\/{rel}","templated":true}]}}